{"id":16,"date":"2009-02-07T01:15:00","date_gmt":"2009-02-07T01:15:00","guid":{"rendered":"https:\/\/tremdavale.org\/?page_id=16"},"modified":"2025-10-10T11:57:00","modified_gmt":"2025-10-10T11:57:00","slug":"vale-promover","status":"publish","type":"page","link":"https:\/\/tremdavale.org\/pt\/educacao-patrimonial\/vale-promover\/","title":{"rendered":"Vale Promover"},"content":{"rendered":"<p style=\"text-align: justify;\">O subprograma Vale Promover abrange a divulga\u00e7\u00e3o e promo\u00e7\u00e3o do patrim\u00f4nio cultural e natural da regi\u00e3o a partir de a\u00e7\u00f5es educativas e interpretativas e da cria\u00e7\u00e3o de diversificados instrumentos informativos a respeito do patrim\u00f4nio cultural e natural.<\/p>\n<p style=\"text-align: justify;\">Envolve tamb\u00e9m a difus\u00e3o das a\u00e7\u00f5es desenvolvidas visando a mobiliza\u00e7\u00e3o da comunidade e a articula\u00e7\u00e3o com os movimentos sociais, entidades e institui\u00e7\u00f5es culturais das cidades.<\/p>\n<p style=\"text-align: justify;\">O Vale Promover desenvolve a\u00e7\u00f5es tanto para a popula\u00e7\u00e3o de Ouro Preto e de Mariana como para visitantes de todo o pa\u00eds e do exterior. Compreende as seguintes a\u00e7\u00f5es:<\/p>\n<dl class='item-wrapper'>\n<dt class='item-title' title='Mostrar as informa\u00e7\u00f5es' id='item-16'>Circuitos Diferenciados&nbsp;<span title=\"Mostrar as informa\u00e7\u00f5es\">[+]<\/span><\/dt>\n<dd>\n<p>&nbsp;<\/p>\n<p style=\"text-align: justify;\">Os Circuitos Diferenciados s\u00e3o atividades que visam \u00e0 difus\u00e3o dos patrim\u00f4nios culturais e naturais a partir da viagem gratuita de trem e dos conte\u00fados museogr\u00e1ficos das esta\u00e7\u00f5es \u00e2ncora do Programa, desenvolvendo a\u00e7\u00f5es educativas e informativas de forma l\u00fadica e din\u00e2mica.<\/p>\n<p style=\"text-align: justify;\">O programa \u00e9 composto por viagem de trem, visita\u00e7\u00e3o guiada aos equipamentos de educa\u00e7\u00e3o e cultura instalados nas esta\u00e7\u00f5es e participa\u00e7\u00e3o em oficinas. Durante o passeio de trem, os passageiros contam com a presen\u00e7a de monitores que fornecem informa\u00e7\u00f5es e curiosidades sobre o percurso.<\/p>\n<p style=\"text-align: justify;\">Os Circuitos Diferenciados s\u00e3o destinados aos moradores de Ouro Preto e Mariana, por meio do Circuito Comunidade, e aos alunos e professores, que participam do Circuito Escola.<\/p>\n<p>&nbsp;<\/p>\n<\/dd>\n<\/dl>\n<dl class='item-wrapper'>\n<dt class='item-title' title='Mostrar as informa\u00e7\u00f5es' id='item-1370'>Circuito Escola&nbsp;<span title=\"Mostrar as informa\u00e7\u00f5es\">[+]<\/span><\/dt>\n<dd>\n<p>&nbsp;<\/p>\n<p><span>O Circuito Escola, um dos pilares do Programa de Educa\u00e7\u00e3o Patrimonial Trem da Vale, iniciado em agosto de 2006, quando foi realizada a primeira viagem de trem Ouro Preto-Mariana, tem possibilitado a um n\u00famero expressivo de crian\u00e7as e jovens, principalmente, uma op\u00e7\u00e3o de aprendizado cultural, por meio da viv\u00eancia e do contato com os bens culturais e naturais da regi\u00e3o. Seu p\u00fablico alvo preferencial s\u00e3o os alunos da Rede P\u00fablica de Ensino de Ouro Preto, Mariana e regi\u00e3o, que participam de visitas guiadas \u00e0s esta\u00e7\u00f5es do Programa e do passeio de trem. Os alunos de Mariana e seus professores embarcam para Ouro Preto e vivenciam os espa\u00e7os dessa esta\u00e7\u00e3o, ao passo que os alunos e professores de Ouro Preto viajam em dire\u00e7\u00e3o \u00e0 esta\u00e7\u00e3o de Mariana.<\/span><\/p>\n<p><span>Os alunos visitantes percorrem os equipamentos culturais instalados nas esta\u00e7\u00f5es de Ouro Preto (Biblioteca Infantojuvenil da Esta\u00e7\u00e3o, Tenda Cultural, Vag\u00e3o Sonoro-Ambiental, Sala da Maquete Ferrovi\u00e1ria, Espa\u00e7o UFOP e Sala de Mem\u00f3rias) e de Mariana (Biblioteca Infantojuvenil da Esta\u00e7\u00e3o, Pra\u00e7a L\u00fadico-Musical, Vag\u00e3o dos Sentidos, Hall Multim\u00eddia e Sala Multiuso). Nesses espa\u00e7os, acontecem atividades educativas voltadas para o reconhecimento e a valoriza\u00e7\u00e3o do patrim\u00f4nio imaterial, natural, tecnocient\u00edfico e liter\u00e1rio, buscando sempre o envolvimento dos alunos com os temas tratados.<\/span><\/p>\n<p style=\"text-align: justify;\"><span>Esta atividade, em 2014, acontece em duas quintas-feiras de cada m\u00eas, exceto feriados, juntamente com o Circuito Comunidade.<\/span><\/p>\n<p style=\"text-align: justify;\"><span style=\"font-size: 13.2px;\"><\/span><\/p>\n<\/dd>\n<\/dl>\n<dl class='item-wrapper'>\n<dt class='item-title' title='Mostrar as informa\u00e7\u00f5es' id='item-3019'><span style=\"font-size: 13.2px;\">Circuito Comunidade&nbsp;<span title=\"Mostrar as informa\u00e7\u00f5es\">[+]<\/span><\/span><\/dt>\n<dd>\n<p>&nbsp;<\/p>\n<p style=\"text-align: justify;\">O Circuito Comunidade \u00e9 direcionado a grupos de associa\u00e7\u00f5es organizadas de Ouro Preto e Mariana. A atividade oferece a viagem gratuita de ida e volta no trem para os moradores das duas cidades.&nbsp;Os moradores de Ouro Preto viajam em dire\u00e7\u00e3o \u00e0 Mariana, e vice-versa, o que proporciona a integra\u00e7\u00e3o da popula\u00e7\u00e3o n\u00e3o s\u00f3 com o patrim\u00f4nio cultural da pr\u00f3pria cidade, como tamb\u00e9m da regi\u00e3o. O agendamento para o Circuito Comunidade pode ser realizado pelo telefone: 31-35517310.<\/p>\n<p style=\"text-align: justify;\"><span style=\"font-size: 13.2px;\"><\/span><\/p>\n<\/dd>\n<\/dl>\n<dl class='item-wrapper'>\n<dt class='item-title' title='Mostrar as informa\u00e7\u00f5es' id='item-5654'><span style=\"font-size: 13.2px;\">Tenda Cultural&nbsp;<span title=\"Mostrar as informa\u00e7\u00f5es\">[+]<\/span><\/span><\/dt>\n<dd>\n<p>&nbsp;<\/p>\n<p>A Tenda Cultural da Esta\u00e7\u00e3o de Ouro Preto \u00e9 um espa\u00e7o destinado a atividades culturais e educativas promovidas no \u00e2mbito do Programa de Educa\u00e7\u00e3o Patrimonial Trem da Vale. Abriga ainda eventos da comunidade, como apresenta\u00e7\u00f5es art\u00edsticas, f\u00f3runs, simp\u00f3sios, cursos e oficinas, garantindo o acesso e o uso democr\u00e1tico do equipamento cultural da Esta\u00e7\u00e3o por parte da popula\u00e7\u00e3o local.<\/p>\n<p><span style=\"font-size: 19.008px;\"><\/span><\/p>\n<\/dd>\n<\/dl>\n<dl class='item-wrapper'>\n<dt class='item-title' title='Mostrar as informa\u00e7\u00f5es' id='item-1137'><span style=\"font-size: 19.008px;\">Guia Cultural&nbsp;<span title=\"Mostrar as informa\u00e7\u00f5es\">[+]<\/span><\/span><\/dt>\n<dd>\n<p>&nbsp;<\/p>\n<p style=\"text-align: justify;\">O Guia Cultural Mariana- Passagem de Mariana \u2013 Ouro Preto re\u00fane informa\u00e7\u00f5es b\u00e1sicas e \u00fateis ao visitante, al\u00e9m de revelar novos aspectos e curiosidades sobre essas importantes cidades hist\u00f3ricas de Minas Gerais. Por meio de uma abordagem diferenciada, procura-se valorizar a vis\u00e3o das pr\u00f3prias comunidades sobre seu patrim\u00f4nio.<\/p>\n<p>O Guia apresenta dados referentes aos bens culturais da regi\u00e3o, de forma articulada e objetiva, levando em conta tamb\u00e9m a vida cotidiana e os costumes destas cidades.&nbsp;O eixo da pesquisa desenvolvida contemplou a arquitetura religiosa e civil e seu entorno.<\/p>\n<p>Os roteiros e caminhos apresentados s\u00e3o um convite para um amplo passeio cultural pelos saberes e prazeres inesgot\u00e1veis encontrados nestes n\u00facleos hist\u00f3ricos.<\/p>\n<p>Baixe a 2\u00aa edi\u00e7\u00e3o do&nbsp;<span style=\"font-size: 13px; line-height: 19px;\">Guia Cultural (lan\u00e7ado em dezembro\/2013):<\/span> <span style=\"color: #000000;\">trem-da-vale_guia_cultural<\/span> <span style=\"font-size: 13px; line-height: 19px;\">(PDF)<\/span><\/p>\n<\/dd>\n<\/dl>\n<p>&nbsp;<\/p>\n","protected":false},"excerpt":{"rendered":"<p>O subprograma Vale Promover abrange a divulga\u00e7\u00e3o e promo\u00e7\u00e3o do patrim\u00f4nio cultural e natural da regi\u00e3o a partir de a\u00e7\u00f5es educativas e interpretativas e da cria\u00e7\u00e3o de diversificados instrumentos informativos a respeito do patrim\u00f4nio cultural e natural. Envolve tamb\u00e9m a difus\u00e3o das a\u00e7\u00f5es desenvolvidas visando a mobiliza\u00e7\u00e3o da comunidade e &hellip;<\/p>\n","protected":false},"author":1,"featured_media":0,"parent":4,"menu_order":0,"comment_status":"closed","ping_status":"closed","template":"","meta":{"footnotes":""},"class_list":["post-16","page","type-page","status-publish","hentry"],"yoast_head":"<!-- This site is optimized with the Yoast SEO plugin v26.1.1 - https:\/\/yoast.com\/wordpress\/plugins\/seo\/ -->\n<title>Vale Promover &#8212; Trem da Vale<\/title>\n<meta name=\"robots\" content=\"index, follow, max-snippet:-1, max-image-preview:large, max-video-preview:-1\" \/>\n<link rel=\"canonical\" href=\"https:\/\/tremdavale.org\/pt\/educacao-patrimonial\/vale-promover\/\" \/>\n<meta property=\"og:locale\" content=\"pt_PT\" \/>\n<meta property=\"og:type\" content=\"article\" \/>\n<meta property=\"og:title\" content=\"Vale Promover &#8212; Trem da Vale\" \/>\n<meta property=\"og:description\" content=\"O subprograma Vale Promover abrange a divulga\u00e7\u00e3o e promo\u00e7\u00e3o do patrim\u00f4nio cultural e natural da regi\u00e3o a partir de a\u00e7\u00f5es educativas e interpretativas e da cria\u00e7\u00e3o de diversificados instrumentos informativos a respeito do patrim\u00f4nio cultural e natural. Envolve tamb\u00e9m a difus\u00e3o das a\u00e7\u00f5es desenvolvidas visando a mobiliza\u00e7\u00e3o da comunidade e &hellip;\" \/>\n<meta property=\"og:url\" content=\"https:\/\/tremdavale.org\/pt\/educacao-patrimonial\/vale-promover\/\" \/>\n<meta property=\"og:site_name\" content=\"Trem da Vale\" \/>\n<meta property=\"article:modified_time\" content=\"2025-10-10T11:57:00+00:00\" \/>\n<meta name=\"twitter:card\" content=\"summary_large_image\" \/>\n<meta name=\"twitter:label1\" content=\"Tempo estimado de leitura\" \/>\n\t<meta name=\"twitter:data1\" content=\"4 minutos\" \/>\n<script type=\"application\/ld+json\" class=\"yoast-schema-graph\">{\"@context\":\"https:\/\/schema.org\",\"@graph\":[{\"@type\":\"WebPage\",\"@id\":\"https:\/\/tremdavale.org\/pt\/educacao-patrimonial\/vale-promover\/\",\"url\":\"https:\/\/tremdavale.org\/pt\/educacao-patrimonial\/vale-promover\/\",\"name\":\"Vale Promover &#8212; Trem da Vale\",\"isPartOf\":{\"@id\":\"https:\/\/tremdavale.org\/pt\/#website\"},\"datePublished\":\"2009-02-07T01:15:00+00:00\",\"dateModified\":\"2025-10-10T11:57:00+00:00\",\"breadcrumb\":{\"@id\":\"https:\/\/tremdavale.org\/pt\/educacao-patrimonial\/vale-promover\/#breadcrumb\"},\"inLanguage\":\"pt-PT\",\"potentialAction\":[{\"@type\":\"ReadAction\",\"target\":[\"https:\/\/tremdavale.org\/pt\/educacao-patrimonial\/vale-promover\/\"]}]},{\"@type\":\"BreadcrumbList\",\"@id\":\"https:\/\/tremdavale.org\/pt\/educacao-patrimonial\/vale-promover\/#breadcrumb\",\"itemListElement\":[{\"@type\":\"ListItem\",\"position\":1,\"name\":\"In\u00edcio\",\"item\":\"https:\/\/tremdavale.org\/pt\/\"},{\"@type\":\"ListItem\",\"position\":2,\"name\":\"Educa\u00e7\u00e3o Patrimonial\",\"item\":\"https:\/\/tremdavale.org\/pt\/educacao-patrimonial\/\"},{\"@type\":\"ListItem\",\"position\":3,\"name\":\"Vale Promover\"}]},{\"@type\":\"WebSite\",\"@id\":\"https:\/\/tremdavale.org\/pt\/#website\",\"url\":\"https:\/\/tremdavale.org\/pt\/\",\"name\":\"Trem da Vale\",\"description\":\"Programa de Educa\u00e7\u00e3o Patrimonial\",\"potentialAction\":[{\"@type\":\"SearchAction\",\"target\":{\"@type\":\"EntryPoint\",\"urlTemplate\":\"https:\/\/tremdavale.org\/pt\/?s={search_term_string}\"},\"query-input\":{\"@type\":\"PropertyValueSpecification\",\"valueRequired\":true,\"valueName\":\"search_term_string\"}}],\"inLanguage\":\"pt-PT\"}]}<\/script>\n<!-- \/ Yoast SEO plugin. -->","yoast_head_json":{"title":"Vale Promover &#8212; Trem da Vale","robots":{"index":"index","follow":"follow","max-snippet":"max-snippet:-1","max-image-preview":"max-image-preview:large","max-video-preview":"max-video-preview:-1"},"canonical":"https:\/\/tremdavale.org\/pt\/educacao-patrimonial\/vale-promover\/","og_locale":"pt_PT","og_type":"article","og_title":"Vale Promover &#8212; Trem da Vale","og_description":"O subprograma Vale Promover abrange a divulga\u00e7\u00e3o e promo\u00e7\u00e3o do patrim\u00f4nio cultural e natural da regi\u00e3o a partir de a\u00e7\u00f5es educativas e interpretativas e da cria\u00e7\u00e3o de diversificados instrumentos informativos a respeito do patrim\u00f4nio cultural e natural. Envolve tamb\u00e9m a difus\u00e3o das a\u00e7\u00f5es desenvolvidas visando a mobiliza\u00e7\u00e3o da comunidade e &hellip;","og_url":"https:\/\/tremdavale.org\/pt\/educacao-patrimonial\/vale-promover\/","og_site_name":"Trem da Vale","article_modified_time":"2025-10-10T11:57:00+00:00","twitter_card":"summary_large_image","twitter_misc":{"Tempo estimado de leitura":"4 minutos"},"schema":{"@context":"https:\/\/schema.org","@graph":[{"@type":"WebPage","@id":"https:\/\/tremdavale.org\/pt\/educacao-patrimonial\/vale-promover\/","url":"https:\/\/tremdavale.org\/pt\/educacao-patrimonial\/vale-promover\/","name":"Vale Promover &#8212; Trem da Vale","isPartOf":{"@id":"https:\/\/tremdavale.org\/pt\/#website"},"datePublished":"2009-02-07T01:15:00+00:00","dateModified":"2025-10-10T11:57:00+00:00","breadcrumb":{"@id":"https:\/\/tremdavale.org\/pt\/educacao-patrimonial\/vale-promover\/#breadcrumb"},"inLanguage":"pt-PT","potentialAction":[{"@type":"ReadAction","target":["https:\/\/tremdavale.org\/pt\/educacao-patrimonial\/vale-promover\/"]}]},{"@type":"BreadcrumbList","@id":"https:\/\/tremdavale.org\/pt\/educacao-patrimonial\/vale-promover\/#breadcrumb","itemListElement":[{"@type":"ListItem","position":1,"name":"In\u00edcio","item":"https:\/\/tremdavale.org\/pt\/"},{"@type":"ListItem","position":2,"name":"Educa\u00e7\u00e3o Patrimonial","item":"https:\/\/tremdavale.org\/pt\/educacao-patrimonial\/"},{"@type":"ListItem","position":3,"name":"Vale Promover"}]},{"@type":"WebSite","@id":"https:\/\/tremdavale.org\/pt\/#website","url":"https:\/\/tremdavale.org\/pt\/","name":"Trem da Vale","description":"Programa de Educa\u00e7\u00e3o Patrimonial","potentialAction":[{"@type":"SearchAction","target":{"@type":"EntryPoint","urlTemplate":"https:\/\/tremdavale.org\/pt\/?s={search_term_string}"},"query-input":{"@type":"PropertyValueSpecification","valueRequired":true,"valueName":"search_term_string"}}],"inLanguage":"pt-PT"}]}},"_links":{"self":[{"href":"https:\/\/tremdavale.org\/pt\/wp-json\/wp\/v2\/pages\/16","targetHints":{"allow":["GET"]}}],"collection":[{"href":"https:\/\/tremdavale.org\/pt\/wp-json\/wp\/v2\/pages"}],"about":[{"href":"https:\/\/tremdavale.org\/pt\/wp-json\/wp\/v2\/types\/page"}],"author":[{"embeddable":true,"href":"https:\/\/tremdavale.org\/pt\/wp-json\/wp\/v2\/users\/1"}],"replies":[{"embeddable":true,"href":"https:\/\/tremdavale.org\/pt\/wp-json\/wp\/v2\/comments?post=16"}],"version-history":[{"count":0,"href":"https:\/\/tremdavale.org\/pt\/wp-json\/wp\/v2\/pages\/16\/revisions"}],"up":[{"embeddable":true,"href":"https:\/\/tremdavale.org\/pt\/wp-json\/wp\/v2\/pages\/4"}],"wp:attachment":[{"href":"https:\/\/tremdavale.org\/pt\/wp-json\/wp\/v2\/media?parent=16"}],"curies":[{"name":"wp","href":"https:\/\/api.w.org\/{rel}","templated":true}]}}