{"id":18,"date":"2009-02-07T01:13:00","date_gmt":"2009-02-07T01:13:00","guid":{"rendered":"https:\/\/tremdavale.org\/?page_id=18"},"modified":"2025-10-10T11:57:00","modified_gmt":"2025-10-10T11:57:00","slug":"estacao-mariana","status":"publish","type":"page","link":"https:\/\/tremdavale.org\/pt\/estacoes\/estacao-mariana\/","title":{"rendered":"Esta\u00e7\u00e3o de Mariana"},"content":{"rendered":"<p style=\"text-align: justify;\">A Esta\u00e7\u00e3o de Mariana, tamb\u00e9m denominada Esta\u00e7\u00e3o Parque \u00e9 um complexo composto pela Pra\u00e7a L\u00fadico-Musical, pela Biblioteca da Esta\u00e7\u00e3o, pelo antigo casar\u00e3o que abrigava a esta\u00e7\u00e3o ferrovi\u00e1ria de Mariana e por vag\u00f5es fixos localizados nos arredores do pr\u00e9dio.<\/p>\n<p>&nbsp;<\/p>\n<dl class='item-wrapper'>\n<dt class='item-title' title='Mostrar as informa\u00e7\u00f5es' id='item-123'>Espa\u00e7o Museogr\u00e1fico&nbsp;<span title=\"Mostrar as informa\u00e7\u00f5es\">[+]<\/span><\/dt>\n<dd>\n<p>&nbsp;<\/p>\n<p><img loading=\"lazy\" decoding=\"async\" title=\" \" alt=\" \" src=\"\/wp-content\/uploads\/gallery\/hall-entrada-mariana\/thumbs\/thumbs_hal_imagem01.jpg\" width=\"100\" height=\"75\"><\/p>\n<p>&nbsp;<\/p>\n<p><img loading=\"lazy\" decoding=\"async\" title=\" \" alt=\" \" src=\"\/wp-content\/uploads\/gallery\/hall-entrada-mariana\/thumbs\/thumbs_mariana2.jpg\" width=\"100\" height=\"75\"><\/p>\n<p>&nbsp;<\/p>\n<p style=\"text-align: justify;\">Um quiosque multim\u00eddia situado no Hall de Entrada da Esta\u00e7\u00e3o de Mariana convida o p\u00fablico a tocar na tela do computador para conhecer o programa e desvendar curiosidades sobre o antigo trecho ferrovi\u00e1rio, viajar pela riqueza ambiental da regi\u00e3o, por sua hist\u00f3ria e por seu patrim\u00f4nio cultural, por meio de imagens e sons amplificados em uma televis\u00e3o de plasma. O <strong>Espa\u00e7o Museogr\u00e1fico<\/strong> conta ainda com o m\u00f3vel Paisagem em Movimento, composto por textos, mapas e imagens sobre a evolu\u00e7\u00e3o urbana de Mariana do s\u00e9culo XVII ao XX, ressaltando a chegada do trem em 1914.<\/p>\n<p>&nbsp;<\/p>\n<\/dd>\n<\/dl>\n<dl class='item-wrapper'>\n<dt class='item-title' title='Mostrar as informa\u00e7\u00f5es' id='item-1959'>Pra\u00e7a L\u00fadico-Musical&nbsp;<span title=\"Mostrar as informa\u00e7\u00f5es\">[+]<\/span><\/dt>\n<dd>\n<p>&nbsp;<\/p>\n<p><img loading=\"lazy\" decoding=\"async\" title=\" \" alt=\" \" src=\"\/wp-content\/uploads\/gallery\/praca-ludico-musical\/thumbs\/thumbs_pra_imagem01.jpg\" width=\"100\" height=\"75\"><\/p>\n<p>&nbsp;<\/p>\n<p><img loading=\"lazy\" decoding=\"async\" title=\" \" alt=\" \" src=\"\/wp-content\/uploads\/gallery\/praca-ludico-musical\/thumbs\/thumbs_pra_imagem02.jpg\" width=\"100\" height=\"75\"><\/p>\n<p>&nbsp;<\/p>\n<p><img loading=\"lazy\" decoding=\"async\" title=\" \" alt=\" \" src=\"\/wp-content\/uploads\/gallery\/praca-ludico-musical\/thumbs\/thumbs_pra_imagem03.jpg\" width=\"100\" height=\"75\"><\/p>\n<p>&nbsp;<\/p>\n<p><img loading=\"lazy\" decoding=\"async\" title=\" \" alt=\" \" src=\"\/wp-content\/uploads\/gallery\/praca-ludico-musical\/thumbs\/thumbs_pra_imagem04.jpg\" width=\"100\" height=\"75\"><\/p>\n<p>&nbsp;<\/p>\n<p><img loading=\"lazy\" decoding=\"async\" title=\" \" alt=\" \" src=\"\/wp-content\/uploads\/gallery\/praca-ludico-musical\/thumbs\/thumbs_pra_imagem05.jpg\" width=\"100\" height=\"75\"><\/p>\n<p>&nbsp;<\/p>\n<p><img loading=\"lazy\" decoding=\"async\" title=\" \" alt=\" \" src=\"\/wp-content\/uploads\/gallery\/praca-ludico-musical\/thumbs\/thumbs_pra_imagem06.jpg\" width=\"100\" height=\"75\"><\/p>\n<p>&nbsp;<\/p>\n<p><img loading=\"lazy\" decoding=\"async\" title=\" \" alt=\" \" src=\"\/wp-content\/uploads\/gallery\/praca-ludico-musical\/thumbs\/thumbs_pra_imagem07.jpg\" width=\"100\" height=\"75\"><\/p>\n<p>&nbsp;<\/p>\n<p><img loading=\"lazy\" decoding=\"async\" title=\" \" alt=\" \" src=\"\/wp-content\/uploads\/gallery\/praca-ludico-musical\/thumbs\/thumbs_pra_imagem08.jpg\" width=\"100\" height=\"75\"><\/p>\n<p>&nbsp;<\/p>\n<p><img loading=\"lazy\" decoding=\"async\" title=\" \" alt=\" \" src=\"\/wp-content\/uploads\/gallery\/praca-ludico-musical\/thumbs\/thumbs_pra_imagem09.jpg\" width=\"100\" height=\"75\"><\/p>\n<p>&nbsp;<\/p>\n<p><img loading=\"lazy\" decoding=\"async\" title=\" \" alt=\" \" src=\"\/wp-content\/uploads\/gallery\/praca-ludico-musical\/thumbs\/thumbs_pra_imagem10.jpg\" width=\"100\" height=\"75\"><\/p>\n<p>&nbsp;<\/p>\n<p style=\"text-align: justify;\">Localizada num ambiente ao ar livre no entorno da esta\u00e7\u00e3o, a <strong>Pra\u00e7a L\u00fadico-Musical<\/strong> \u00e9 composta por um conjunto de obras que integram brinquedos sonoros, luteria, artes pl\u00e1sticas e arquitetura, aberto \u00e0 participa\u00e7\u00e3o do p\u00fablico, especialmente as crian\u00e7as.<\/p>\n<p style=\"text-align: justify;\">As estruturas foram confeccionadas com materiais ferrovi\u00e1rios reciclados e sucatas da antiga linha f\u00e9rrea, unindo arte e ecologia. O local abriga oficinas abertas \u00e0 comunidade e atividades de arte-educa\u00e7\u00e3o, que incentivam a cria\u00e7\u00e3o de instrumentos e a sonoriza\u00e7\u00e3o dos brinquedos.<\/p>\n<p>&nbsp;<\/p>\n<\/dd>\n<\/dl>\n<dl class='item-wrapper'>\n<dt class='item-title' title='Mostrar as informa\u00e7\u00f5es' id='item-3389'>Biblioteca da Esta\u00e7\u00e3o de Mariana&nbsp;<span title=\"Mostrar as informa\u00e7\u00f5es\">[+]<\/span><\/dt>\n<dd>\n<p>&nbsp;<\/p>\n<p><img loading=\"lazy\" decoding=\"async\" title=\" \" alt=\" \" src=\"\/wp-content\/uploads\/gallery\/biblioteca\/thumbs\/thumbs_Bib_imagem_01.jpg\" width=\"100\" height=\"75\"><\/p>\n<p>&nbsp;<\/p>\n<p><img loading=\"lazy\" decoding=\"async\" title=\" \" alt=\" \" src=\"\/wp-content\/uploads\/gallery\/biblioteca\/thumbs\/thumbs_Bib_imagem_02.jpg\" width=\"100\" height=\"75\"><\/p>\n<p>&nbsp;<\/p>\n<p><img loading=\"lazy\" decoding=\"async\" title=\" \" alt=\" \" src=\"\/wp-content\/uploads\/gallery\/biblioteca\/thumbs\/thumbs_Bib_imagem_03.jpg\" width=\"100\" height=\"75\"><\/p>\n<p>&nbsp;<\/p>\n<p><img loading=\"lazy\" decoding=\"async\" title=\" \" alt=\" \" src=\"\/wp-content\/uploads\/gallery\/biblioteca\/thumbs\/thumbs_Bib_imagem_04.jpg\" width=\"100\" height=\"75\"><\/p>\n<p>&nbsp;<\/p>\n<p><img loading=\"lazy\" decoding=\"async\" title=\" \" alt=\" \" src=\"\/wp-content\/uploads\/gallery\/biblioteca\/thumbs\/thumbs_Bib_imagem_05.jpg\" width=\"100\" height=\"75\"><\/p>\n<p>&nbsp;<\/p>\n<p><img loading=\"lazy\" decoding=\"async\" title=\" \" alt=\" \" src=\"\/wp-content\/uploads\/gallery\/biblioteca\/thumbs\/thumbs_Bib_imagem_06.jpg\" width=\"100\" height=\"75\"><\/p>\n<p>&nbsp;<\/p>\n<p><img loading=\"lazy\" decoding=\"async\" title=\" \" alt=\" \" src=\"\/wp-content\/uploads\/gallery\/biblioteca\/thumbs\/thumbs_biblioteca-ouro-preto-010.jpg\" width=\"100\" height=\"75\"><\/p>\n<p>&nbsp;<\/p>\n<p><img loading=\"lazy\" decoding=\"async\" title=\" \" alt=\" \" src=\"\/wp-content\/uploads\/gallery\/biblioteca\/thumbs\/thumbs_06-circuito-de-leitura_26_05_10_manha_escola-bolinha-de-sabao-0.jpg\" width=\"100\" height=\"75\"><\/p>\n<p>&nbsp;<\/p>\n<p><img loading=\"lazy\" decoding=\"async\" title=\" \" alt=\" \" src=\"\/wp-content\/uploads\/gallery\/biblioteca\/thumbs\/thumbs_biblioteca-ouro-preto-021.jpg\" width=\"100\" height=\"75\"><\/p>\n<p>&nbsp;<\/p>\n<p><img loading=\"lazy\" decoding=\"async\" title=\" \" alt=\" \" src=\"\/wp-content\/uploads\/gallery\/biblioteca\/thumbs\/thumbs_biblioteca-ouro-preto-026.jpg\" width=\"100\" height=\"75\"><\/p>\n<p>&nbsp;<\/p>\n<p><img loading=\"lazy\" decoding=\"async\" title=\" \" alt=\" \" src=\"\/wp-content\/uploads\/gallery\/biblioteca\/thumbs\/thumbs_biblioteca-ouro-preto-026_0.jpg\" width=\"100\" height=\"75\"><\/p>\n<p>&nbsp;<\/p>\n<p><img loading=\"lazy\" decoding=\"async\" title=\" \" alt=\" \" src=\"\/wp-content\/uploads\/gallery\/biblioteca\/thumbs\/thumbs_biblioteca-ouro-preto-027.jpg\" width=\"100\" height=\"75\"><\/p>\n<p>&nbsp;<\/p>\n<p><img loading=\"lazy\" decoding=\"async\" title=\" \" alt=\" \" src=\"\/wp-content\/uploads\/gallery\/biblioteca\/thumbs\/thumbs_biblioteca-ouro-preto-027_0.jpg\" width=\"100\" height=\"75\"><\/p>\n<p>&nbsp;<\/p>\n<p><img loading=\"lazy\" decoding=\"async\" title=\" \" alt=\" \" src=\"\/wp-content\/uploads\/gallery\/biblioteca\/thumbs\/thumbs_biblioteca-ouro-preto-acervo-da-equipe.jpg\" width=\"100\" height=\"75\"><\/p>\n<p>&nbsp;<\/p>\n<p style=\"text-align: justify;\">A <strong>Biblioteca da Esta\u00e7\u00e3o<\/strong> conta com um acervo de 5.316 livros, peri\u00f3dicos, DVDs de filmes nacionais e estrangeiros, todos vinculados a temas como literatura, patrim\u00f4nio natural e cultural, hist\u00f3ria e mem\u00f3ria.<\/p>\n<p style=\"text-align: justify;\">A Biblioteca \u00e9 um espa\u00e7o de leitura, pesquisa, consulta e estudo dispon\u00edvel a toda comunidade, mas voltado, sobretudo, para o p\u00fablico infanto-juvenil.<\/p>\n<p style=\"text-align: justify;\">Os usu\u00e1rios da Biblioteca de Mariana podem fazer a carteirinha para retirada de livro emprestado. O cadastro \u00e9 feito mediante apresenta\u00e7\u00e3o de foto 3\u00d74 e dos documentos de identidade, CPF e comprovante de resid\u00eancia atual. Para os menores de dezoito anos, ser\u00e1 necess\u00e1rio o comparecimento de um respons\u00e1vel e a apresenta\u00e7\u00e3o de documentos do mesmo.<\/p>\n<p>&nbsp;<\/p>\n<\/dd>\n<\/dl>\n<dl class='item-wrapper'>\n<dt class='item-title' title='Mostrar as informa\u00e7\u00f5es' id='item-4497'>Sala Multiuso&nbsp;<span title=\"Mostrar as informa\u00e7\u00f5es\">[+]<\/span><\/dt>\n<dd>\n<p>&nbsp;<\/p>\n<p><img loading=\"lazy\" decoding=\"async\" title=\" \" alt=\" \" src=\"\/wp-content\/uploads\/gallery\/sala-multiuso\/thumbs\/thumbs_sal_imagem01.jpg\" width=\"100\" height=\"75\"><\/p>\n<p>&nbsp;<\/p>\n<p><img loading=\"lazy\" decoding=\"async\" title=\" \" alt=\" \" src=\"\/wp-content\/uploads\/gallery\/sala-multiuso\/thumbs\/thumbs_sal_imagem02.jpg\" width=\"100\" height=\"75\"><\/p>\n<p>&nbsp;<\/p>\n<p style=\"text-align: justify;\">A <strong>Sala Multiuso<\/strong> \u00e9 um ambiente l\u00fadico para conviv\u00eancia intergeracional. Conta com TV de plasma e aparelho de DVD, al\u00e9m de dois totens nos quais s\u00e3o exibidos os depoimentos registrados na Sala de Hist\u00f3rias.<\/p>\n<p style=\"text-align: justify;\">Nela se realizam, ainda, al\u00e9m de encontros variados, sess\u00f5es de cinema com a exibi\u00e7\u00e3o de filmes do acervo da Biblioteca.<\/p>\n<p>&nbsp;<\/p>\n<\/dd>\n<\/dl>\n<dl class='item-wrapper'>\n<dt class='item-title' title='Mostrar as informa\u00e7\u00f5es' id='item-7093'>Vag\u00e3o Sala de Hist\u00f3rias&nbsp;<span title=\"Mostrar as informa\u00e7\u00f5es\">[+]<\/span><\/dt>\n<dd>\n<p>&nbsp;<\/p>\n<p><img loading=\"lazy\" decoding=\"async\" title=\" \" alt=\" \" src=\"\/wp-content\/uploads\/gallery\/vagao-oficina-de-video\/thumbs\/thumbs_ofi_imagem01.jpg\" width=\"100\" height=\"75\"><\/p>\n<p>&nbsp;<\/p>\n<p><img loading=\"lazy\" decoding=\"async\" title=\" \" alt=\" \" src=\"\/wp-content\/uploads\/gallery\/vagao-oficina-de-video\/thumbs\/thumbs_ofi_imagem02.jpg\" width=\"100\" height=\"75\"><\/p>\n<p>&nbsp;<\/p>\n<p><img loading=\"lazy\" decoding=\"async\" title=\" \" alt=\" \" src=\"\/wp-content\/uploads\/gallery\/vagao-oficina-de-video\/thumbs\/thumbs_ofi_imagem03.jpg\" width=\"100\" height=\"75\"><\/p>\n<p>&nbsp;<\/p>\n<p><img loading=\"lazy\" decoding=\"async\" title=\" \" alt=\" \" src=\"\/wp-content\/uploads\/gallery\/vagao-oficina-de-video\/thumbs\/thumbs_dsc_5747.jpg\" width=\"100\" height=\"75\"><\/p>\n<p>&nbsp;<\/p>\n<p><img loading=\"lazy\" decoding=\"async\" title=\" \" alt=\" \" src=\"\/wp-content\/uploads\/gallery\/vagao-oficina-de-video\/thumbs\/thumbs_ofi_imagem05.jpg\" width=\"100\" height=\"75\"><\/p>\n<p>&nbsp;<\/p>\n<p><img loading=\"lazy\" decoding=\"async\" title=\" \" alt=\" \" src=\"\/wp-content\/uploads\/gallery\/vagao-oficina-de-video\/thumbs\/thumbs_ofi_imagem06.jpg\" width=\"100\" height=\"75\"><\/p>\n<p>&nbsp;<\/p>\n<p><img loading=\"lazy\" decoding=\"async\" title=\" \" alt=\" \" src=\"\/wp-content\/uploads\/gallery\/vagao-oficina-de-video\/thumbs\/thumbs_dsc_5743.jpg\" width=\"100\" height=\"75\"><\/p>\n<p>&nbsp;<\/p>\n<p><img loading=\"lazy\" decoding=\"async\" title=\"dsc_5743_0\" alt=\"dsc_5743_0\" src=\"\/wp-content\/uploads\/gallery\/vagao-oficina-de-video\/thumbs\/thumbs_dsc_5743_0.jpg\" width=\"100\" height=\"75\"><\/p>\n<p>&nbsp;<\/p>\n<p><img loading=\"lazy\" decoding=\"async\" title=\" \" alt=\" \" src=\"\/wp-content\/uploads\/gallery\/vagao-oficina-de-video\/thumbs\/thumbs_dsc_5753.jpg\" width=\"100\" height=\"75\"><\/p>\n<p>&nbsp;<\/p>\n<p><img loading=\"lazy\" decoding=\"async\" title=\" \" alt=\" \" src=\"\/wp-content\/uploads\/gallery\/vagao-oficina-de-video\/thumbs\/thumbs_ofi_imagem04.jpg\" width=\"100\" height=\"75\"><\/p>\n<p>&nbsp;<\/p>\n<p><img loading=\"lazy\" decoding=\"async\" title=\"dsc_5747_0\" alt=\"dsc_5747_0\" src=\"\/wp-content\/uploads\/gallery\/vagao-oficina-de-video\/thumbs\/thumbs_dsc_5747_0.jpg\" width=\"100\" height=\"75\"><\/p>\n<p>&nbsp;<\/p>\n<p><img loading=\"lazy\" decoding=\"async\" title=\"dsc_5752\" alt=\"dsc_5752\" src=\"\/wp-content\/uploads\/gallery\/vagao-oficina-de-video\/thumbs\/thumbs_dsc_5752.jpg\" width=\"100\" height=\"75\"><\/p>\n<p>&nbsp;<\/p>\n<p><img loading=\"lazy\" decoding=\"async\" title=\"dsc_5753_0\" alt=\"dsc_5753_0\" src=\"\/wp-content\/uploads\/gallery\/vagao-oficina-de-video\/thumbs\/thumbs_dsc_5753_0.jpg\" width=\"100\" height=\"75\"><\/p>\n<p>&nbsp;<\/p>\n<p style=\"text-align: justify;\">O <strong>Vag\u00e3o Sala de Hist\u00f3rias<\/strong> \u00e9 reservado ao registro, em v\u00eddeo, de relatos de hist\u00f3ria oral de moradores da regi\u00e3o e visitantes.<\/p>\n<p style=\"text-align: justify;\">O objetivo \u00e9 valorizar a identidade regional, fortalecendo, assim, a transmiss\u00e3o de conhecimento e a mem\u00f3ria afetiva relacionada ao patrim\u00f4nio do lugar.<\/p>\n<p style=\"text-align: justify;\">O vag\u00e3o abriga equipamentos destinados \u00e0 produ\u00e7\u00e3o de v\u00eddeo, utilizados nas grava\u00e7\u00f5es dos depoimentos do programa de hist\u00f3ria oral.<\/p>\n<p>&nbsp;<\/p>\n<\/dd>\n<\/dl>\n<dl class='item-wrapper'>\n<dt class='item-title' title='Mostrar as informa\u00e7\u00f5es' id='item-590'>Vag\u00e3o dos Sentidos&nbsp;<span title=\"Mostrar as informa\u00e7\u00f5es\">[+]<\/span><\/dt>\n<dd>\n<p>&nbsp;<\/p>\n<p><img loading=\"lazy\" decoding=\"async\" title=\" \" alt=\" \" src=\"\/wp-content\/uploads\/gallery\/vagao-dos-sentidos\/thumbs\/thumbs_sentidos4.jpg\" width=\"100\" height=\"75\"><\/p>\n<p>&nbsp;<\/p>\n<p><img loading=\"lazy\" decoding=\"async\" title=\" \" alt=\" \" src=\"\/wp-content\/uploads\/gallery\/vagao-dos-sentidos\/thumbs\/thumbs_vag_imagem01.jpg\" width=\"100\" height=\"75\"><\/p>\n<p>&nbsp;<\/p>\n<p><img loading=\"lazy\" decoding=\"async\" title=\" \" alt=\" \" src=\"\/wp-content\/uploads\/gallery\/vagao-dos-sentidos\/thumbs\/thumbs_vag_imagem02.jpg\" width=\"100\" height=\"75\"><\/p>\n<p>&nbsp;<\/p>\n<p><img loading=\"lazy\" decoding=\"async\" title=\" \" alt=\" \" src=\"\/wp-content\/uploads\/gallery\/vagao-dos-sentidos\/thumbs\/thumbs_vag_imagem03.jpg\" width=\"100\" height=\"75\"><\/p>\n<p>&nbsp;<\/p>\n<p><img loading=\"lazy\" decoding=\"async\" title=\" \" alt=\" \" src=\"\/wp-content\/uploads\/gallery\/vagao-dos-sentidos\/thumbs\/thumbs_vag_imagem04.jpg\" width=\"100\" height=\"75\"><\/p>\n<p>&nbsp;<\/p>\n<p><img loading=\"lazy\" decoding=\"async\" title=\" \" alt=\" \" src=\"\/wp-content\/uploads\/gallery\/vagao-dos-sentidos\/thumbs\/thumbs_vag_imagem05.jpg\" width=\"100\" height=\"75\"><\/p>\n<p>&nbsp;<\/p>\n<p style=\"text-align: justify;\">O <strong>Vag\u00e3o dos Sentidos<\/strong> evoca a viagem do trem entre Ouro Preto e Mariana por meio de v\u00eddeos sobre o patrim\u00f4nio da regi\u00e3o exibidos em doze telas, sendo seis de cada lado, instaladas na superf\u00edcie interna das janelas do vag\u00e3o.<\/p>\n<p style=\"text-align: justify;\">Os v\u00eddeos oferecem um espa\u00e7o diferenciado de imers\u00e3o no universo de imagens po\u00e9ticas projetadas, que possibilita a concep\u00e7\u00e3o de novos formatos audiovisuais.<\/p>\n<p style=\"text-align: justify;\">A linguagem do v\u00eddeo aliada a uma estrutura de exibi\u00e7\u00e3o n\u00e3o-linear desperta a curiosidade sobre o processo de cria\u00e7\u00e3o dessas obras, proporcionando aos visitantes sensa\u00e7\u00f5es, sons e imagens da regi\u00e3o.<\/p>\n<p style=\"text-align: justify;\">At\u00e9 o momento, existem seis obras, que foram especialmente produzidas, em exibi\u00e7\u00e3o: \u201cBarroco\u201d, \u201cVag\u00e3o de Todo Mundo\u201d, \u201cCampan\u00e1rios\u201d, \u201cMinera\u00e7\u00e3o\u201d, \u201cTipos M\u00f3veis\u201d e \u201cArtes\u00e3os Invis\u00edveis\u201d. Os dois primeiros trazem refer\u00eancias do cotidiano das duas cidades hist\u00f3ricas, o terceiro apresenta a linguagem dos sinos, tradi\u00e7\u00e3o mineira que marca o dia-a-dia das duas comunidades, o quarto traz depoimentos de moradores de Ouro Preto e Mariana sobre o legado hist\u00f3rico e cultural de suas cidades, o quinto aborda um dos importantes of\u00edcios da regi\u00e3o: a tipografia e o sexto homenageia o trabalho de artistas e artes\u00e3os an\u00f4nimos.<\/p>\n<p>&nbsp;<\/p>\n<\/dd>\n<\/dl>\n<dl class='item-wrapper'>\n<dt class='item-title' title='Mostrar as informa\u00e7\u00f5es' id='item-6206'>Vag\u00e3o Oficina&nbsp;<span title=\"Mostrar as informa\u00e7\u00f5es\">[+]<\/span><\/dt>\n<dd>\n<p>&nbsp;<\/p>\n<p><img loading=\"lazy\" decoding=\"async\" title=\" \" alt=\" \" src=\"\/wp-content\/uploads\/gallery\/vagao-cafe-mariana\/thumbs\/thumbs_caf_imagem01.jpg\" width=\"100\" height=\"75\"><\/p>\n<p>&nbsp;<\/p>\n<p><img loading=\"lazy\" decoding=\"async\" title=\" \" alt=\" \" src=\"\/wp-content\/uploads\/gallery\/vagao-cafe-mariana\/thumbs\/thumbs_caf_imagem02.jpg\" width=\"100\" height=\"75\"><\/p>\n<p>&nbsp;<\/p>\n<p><img loading=\"lazy\" decoding=\"async\" title=\" \" alt=\" \" src=\"\/wp-content\/uploads\/gallery\/vagao-cafe-mariana\/thumbs\/thumbs_caf_imagem03.jpg\" width=\"100\" height=\"75\"><\/p>\n<p>&nbsp;<\/p>\n<p><img loading=\"lazy\" decoding=\"async\" title=\" \" alt=\" \" src=\"\/wp-content\/uploads\/gallery\/vagao-cafe-mariana\/thumbs\/thumbs_caf_imagem04.jpg\" width=\"100\" height=\"75\"><\/p>\n<p>&nbsp;<\/p>\n<p><img loading=\"lazy\" decoding=\"async\" title=\" \" alt=\" \" src=\"\/wp-content\/uploads\/gallery\/vagao-cafe-mariana\/thumbs\/thumbs_caf_imagem05.jpg\" width=\"100\" height=\"75\"><\/p>\n<p>&nbsp;<\/p>\n<p><img loading=\"lazy\" decoding=\"async\" title=\" \" alt=\" \" src=\"\/wp-content\/uploads\/gallery\/vagao-cafe-mariana\/thumbs\/thumbs_caf_imagem06.jpg\" width=\"100\" height=\"75\"><\/p>\n<p>&nbsp;<\/p>\n<p><img loading=\"lazy\" decoding=\"async\" title=\" \" alt=\" \" src=\"\/wp-content\/uploads\/gallery\/vagao-cafe-mariana\/thumbs\/thumbs_caf_imagem07.jpg\" width=\"100\" height=\"75\"><\/p>\n<p>&nbsp;<\/p>\n<p><img loading=\"lazy\" decoding=\"async\" title=\" \" alt=\" \" src=\"\/wp-content\/uploads\/gallery\/vagao-cafe-mariana\/thumbs\/thumbs_caf_imagem08.jpg\" width=\"100\" height=\"75\"><\/p>\n<p>&nbsp;<\/p>\n<p><img loading=\"lazy\" decoding=\"async\" title=\" \" alt=\" \" src=\"\/wp-content\/uploads\/gallery\/vagao-cafe-mariana\/thumbs\/thumbs_caf_imagem09.JPG\" width=\"100\" height=\"75\"><\/p>\n<p>&nbsp;<\/p>\n<p><img loading=\"lazy\" decoding=\"async\" title=\" \" alt=\" \" src=\"\/wp-content\/uploads\/gallery\/vagao-cafe-mariana\/thumbs\/thumbs_caf_imagem10.JPG\" width=\"100\" height=\"75\"><\/p>\n<p>&nbsp;<\/p>\n<p style=\"text-align: justify;\"><span>Situado em um dos vag\u00f5es fixos no entorno da Esta\u00e7\u00e3o, o<\/span> <strong>Vag\u00e3o Oficina<\/strong> <span>\u00e9 um espa\u00e7o dispon\u00edvel para a realiza\u00e7\u00e3o de oficinas culturais do Programa de Educa\u00e7\u00e3o Patrimonial Trem da Vale.<\/span><\/p>\n<p>&nbsp;<\/p>\n<\/dd>\n<\/dl>\n<p>&nbsp;<\/p>\n<p><small>Exibir mapa ampliado<\/small><\/p>\n<p>&nbsp;<\/p>\n","protected":false},"excerpt":{"rendered":"<p>A Esta\u00e7\u00e3o de Mariana, tamb\u00e9m denominada Esta\u00e7\u00e3o Parque \u00e9 um complexo composto pela Pra\u00e7a L\u00fadico-Musical, pela Biblioteca da Esta\u00e7\u00e3o, pelo antigo casar\u00e3o que abrigava a esta\u00e7\u00e3o ferrovi\u00e1ria de Mariana e por vag\u00f5es fixos localizados nos arredores do pr\u00e9dio. &nbsp; Espa\u00e7o Museogr\u00e1fico&nbsp;[+] &nbsp; &nbsp; &nbsp; Um quiosque multim\u00eddia situado no Hall &hellip;<\/p>\n","protected":false},"author":1,"featured_media":0,"parent":5,"menu_order":0,"comment_status":"closed","ping_status":"closed","template":"","meta":{"footnotes":""},"class_list":["post-18","page","type-page","status-publish","hentry"],"yoast_head":"<!-- This site is optimized with the Yoast SEO plugin v26.1.1 - https:\/\/yoast.com\/wordpress\/plugins\/seo\/ -->\n<title>Esta\u00e7\u00e3o de Mariana &#8212; Trem da Vale<\/title>\n<meta name=\"robots\" content=\"index, follow, max-snippet:-1, max-image-preview:large, max-video-preview:-1\" \/>\n<link rel=\"canonical\" href=\"https:\/\/tremdavale.org\/pt\/estacoes\/estacao-mariana\/\" \/>\n<meta property=\"og:locale\" content=\"pt_PT\" \/>\n<meta property=\"og:type\" content=\"article\" \/>\n<meta property=\"og:title\" content=\"Esta\u00e7\u00e3o de Mariana &#8212; Trem da Vale\" \/>\n<meta property=\"og:description\" content=\"A Esta\u00e7\u00e3o de Mariana, tamb\u00e9m denominada Esta\u00e7\u00e3o Parque \u00e9 um complexo composto pela Pra\u00e7a L\u00fadico-Musical, pela Biblioteca da Esta\u00e7\u00e3o, pelo antigo casar\u00e3o que abrigava a esta\u00e7\u00e3o ferrovi\u00e1ria de Mariana e por vag\u00f5es fixos localizados nos arredores do pr\u00e9dio. &nbsp; Espa\u00e7o Museogr\u00e1fico&nbsp;[+] &nbsp; &nbsp; &nbsp; Um quiosque multim\u00eddia situado no Hall &hellip;\" \/>\n<meta property=\"og:url\" content=\"https:\/\/tremdavale.org\/pt\/estacoes\/estacao-mariana\/\" \/>\n<meta property=\"og:site_name\" content=\"Trem da Vale\" \/>\n<meta property=\"article:modified_time\" content=\"2025-10-10T11:57:00+00:00\" \/>\n<meta name=\"twitter:card\" content=\"summary_large_image\" \/>\n<meta name=\"twitter:label1\" content=\"Tempo estimado de leitura\" \/>\n\t<meta name=\"twitter:data1\" content=\"4 minutos\" \/>\n<script type=\"application\/ld+json\" class=\"yoast-schema-graph\">{\"@context\":\"https:\/\/schema.org\",\"@graph\":[{\"@type\":\"WebPage\",\"@id\":\"https:\/\/tremdavale.org\/pt\/estacoes\/estacao-mariana\/\",\"url\":\"https:\/\/tremdavale.org\/pt\/estacoes\/estacao-mariana\/\",\"name\":\"Esta\u00e7\u00e3o de Mariana &#8212; Trem da Vale\",\"isPartOf\":{\"@id\":\"https:\/\/tremdavale.org\/pt\/#website\"},\"datePublished\":\"2009-02-07T01:13:00+00:00\",\"dateModified\":\"2025-10-10T11:57:00+00:00\",\"breadcrumb\":{\"@id\":\"https:\/\/tremdavale.org\/pt\/estacoes\/estacao-mariana\/#breadcrumb\"},\"inLanguage\":\"pt-PT\",\"potentialAction\":[{\"@type\":\"ReadAction\",\"target\":[\"https:\/\/tremdavale.org\/pt\/estacoes\/estacao-mariana\/\"]}]},{\"@type\":\"BreadcrumbList\",\"@id\":\"https:\/\/tremdavale.org\/pt\/estacoes\/estacao-mariana\/#breadcrumb\",\"itemListElement\":[{\"@type\":\"ListItem\",\"position\":1,\"name\":\"In\u00edcio\",\"item\":\"https:\/\/tremdavale.org\/pt\/\"},{\"@type\":\"ListItem\",\"position\":2,\"name\":\"Esta\u00e7\u00f5es\",\"item\":\"https:\/\/tremdavale.org\/pt\/estacoes\/\"},{\"@type\":\"ListItem\",\"position\":3,\"name\":\"Esta\u00e7\u00e3o de Mariana\"}]},{\"@type\":\"WebSite\",\"@id\":\"https:\/\/tremdavale.org\/pt\/#website\",\"url\":\"https:\/\/tremdavale.org\/pt\/\",\"name\":\"Trem da Vale\",\"description\":\"Programa de Educa\u00e7\u00e3o Patrimonial\",\"potentialAction\":[{\"@type\":\"SearchAction\",\"target\":{\"@type\":\"EntryPoint\",\"urlTemplate\":\"https:\/\/tremdavale.org\/pt\/?s={search_term_string}\"},\"query-input\":{\"@type\":\"PropertyValueSpecification\",\"valueRequired\":true,\"valueName\":\"search_term_string\"}}],\"inLanguage\":\"pt-PT\"}]}<\/script>\n<!-- \/ Yoast SEO plugin. -->","yoast_head_json":{"title":"Esta\u00e7\u00e3o de Mariana &#8212; Trem da Vale","robots":{"index":"index","follow":"follow","max-snippet":"max-snippet:-1","max-image-preview":"max-image-preview:large","max-video-preview":"max-video-preview:-1"},"canonical":"https:\/\/tremdavale.org\/pt\/estacoes\/estacao-mariana\/","og_locale":"pt_PT","og_type":"article","og_title":"Esta\u00e7\u00e3o de Mariana &#8212; Trem da Vale","og_description":"A Esta\u00e7\u00e3o de Mariana, tamb\u00e9m denominada Esta\u00e7\u00e3o Parque \u00e9 um complexo composto pela Pra\u00e7a L\u00fadico-Musical, pela Biblioteca da Esta\u00e7\u00e3o, pelo antigo casar\u00e3o que abrigava a esta\u00e7\u00e3o ferrovi\u00e1ria de Mariana e por vag\u00f5es fixos localizados nos arredores do pr\u00e9dio. &nbsp; Espa\u00e7o Museogr\u00e1fico&nbsp;[+] &nbsp; &nbsp; &nbsp; Um quiosque multim\u00eddia situado no Hall &hellip;","og_url":"https:\/\/tremdavale.org\/pt\/estacoes\/estacao-mariana\/","og_site_name":"Trem da Vale","article_modified_time":"2025-10-10T11:57:00+00:00","twitter_card":"summary_large_image","twitter_misc":{"Tempo estimado de leitura":"4 minutos"},"schema":{"@context":"https:\/\/schema.org","@graph":[{"@type":"WebPage","@id":"https:\/\/tremdavale.org\/pt\/estacoes\/estacao-mariana\/","url":"https:\/\/tremdavale.org\/pt\/estacoes\/estacao-mariana\/","name":"Esta\u00e7\u00e3o de Mariana &#8212; Trem da Vale","isPartOf":{"@id":"https:\/\/tremdavale.org\/pt\/#website"},"datePublished":"2009-02-07T01:13:00+00:00","dateModified":"2025-10-10T11:57:00+00:00","breadcrumb":{"@id":"https:\/\/tremdavale.org\/pt\/estacoes\/estacao-mariana\/#breadcrumb"},"inLanguage":"pt-PT","potentialAction":[{"@type":"ReadAction","target":["https:\/\/tremdavale.org\/pt\/estacoes\/estacao-mariana\/"]}]},{"@type":"BreadcrumbList","@id":"https:\/\/tremdavale.org\/pt\/estacoes\/estacao-mariana\/#breadcrumb","itemListElement":[{"@type":"ListItem","position":1,"name":"In\u00edcio","item":"https:\/\/tremdavale.org\/pt\/"},{"@type":"ListItem","position":2,"name":"Esta\u00e7\u00f5es","item":"https:\/\/tremdavale.org\/pt\/estacoes\/"},{"@type":"ListItem","position":3,"name":"Esta\u00e7\u00e3o de Mariana"}]},{"@type":"WebSite","@id":"https:\/\/tremdavale.org\/pt\/#website","url":"https:\/\/tremdavale.org\/pt\/","name":"Trem da Vale","description":"Programa de Educa\u00e7\u00e3o Patrimonial","potentialAction":[{"@type":"SearchAction","target":{"@type":"EntryPoint","urlTemplate":"https:\/\/tremdavale.org\/pt\/?s={search_term_string}"},"query-input":{"@type":"PropertyValueSpecification","valueRequired":true,"valueName":"search_term_string"}}],"inLanguage":"pt-PT"}]}},"_links":{"self":[{"href":"https:\/\/tremdavale.org\/pt\/wp-json\/wp\/v2\/pages\/18","targetHints":{"allow":["GET"]}}],"collection":[{"href":"https:\/\/tremdavale.org\/pt\/wp-json\/wp\/v2\/pages"}],"about":[{"href":"https:\/\/tremdavale.org\/pt\/wp-json\/wp\/v2\/types\/page"}],"author":[{"embeddable":true,"href":"https:\/\/tremdavale.org\/pt\/wp-json\/wp\/v2\/users\/1"}],"replies":[{"embeddable":true,"href":"https:\/\/tremdavale.org\/pt\/wp-json\/wp\/v2\/comments?post=18"}],"version-history":[{"count":0,"href":"https:\/\/tremdavale.org\/pt\/wp-json\/wp\/v2\/pages\/18\/revisions"}],"up":[{"embeddable":true,"href":"https:\/\/tremdavale.org\/pt\/wp-json\/wp\/v2\/pages\/5"}],"wp:attachment":[{"href":"https:\/\/tremdavale.org\/pt\/wp-json\/wp\/v2\/media?parent=18"}],"curies":[{"name":"wp","href":"https:\/\/api.w.org\/{rel}","templated":true}]}}