{"id":19,"date":"2009-02-07T01:09:00","date_gmt":"2009-02-07T01:09:00","guid":{"rendered":"https:\/\/tremdavale.org\/?page_id=19"},"modified":"2025-10-10T11:57:00","modified_gmt":"2025-10-10T11:57:00","slug":"estacao-ouro-preto","status":"publish","type":"page","link":"https:\/\/tremdavale.org\/pt\/estacoes\/estacao-ouro-preto\/","title":{"rendered":"Esta\u00e7\u00e3o de Ouro Preto"},"content":{"rendered":"<p><img loading=\"lazy\" decoding=\"async\" title=\" \" alt=\" \" src=\"\/wp-content\/uploads\/gallery\/estacao-de-ouro-preto\/thumbs\/thumbs_estacao-ouro-preto.jpg\" width=\"100\" height=\"75\"><\/p>\n<p>&nbsp;<\/p>\n<p style=\"text-align: justify;\"><span>A Esta\u00e7\u00e3o de Ouro Preto \u00e9 um complexo composto pelo antigo casar\u00e3o que abrigava a esta\u00e7\u00e3o ferrovi\u00e1ria de Ouro Preto, por vag\u00f5es fixos localizados nos arredores do pr\u00e9dio e pela Tenda Cultural da Esta\u00e7\u00e3o.<\/span><\/p>\n<p>&nbsp;<\/p>\n<dl class='item-wrapper'>\n<dt class='item-title' title='Mostrar as informa\u00e7\u00f5es' id='item-447'>Hall de Entrada&nbsp;<span title=\"Mostrar as informa\u00e7\u00f5es\">[+]<\/span><\/dt>\n<dd>\n<p>&nbsp;<\/p>\n<p><img loading=\"lazy\" decoding=\"async\" title=\" \" alt=\" \" src=\"\/wp-content\/uploads\/gallery\/hall-entrada-op\/thumbs\/thumbs_foto2.jpg\" width=\"100\" height=\"75\"><\/p>\n<p>&nbsp;<\/p>\n<p><img loading=\"lazy\" decoding=\"async\" title=\" \" alt=\" \" src=\"\/wp-content\/uploads\/gallery\/hall-entrada-op\/thumbs\/thumbs_foto1.jpg\" width=\"100\" height=\"75\"><\/p>\n<p>&nbsp;<\/p>\n<p style=\"text-align: justify;\">O <strong>Hall de Entrada<\/strong> da Esta\u00e7\u00e3o de Ouro Preto abriga uma exposi\u00e7\u00e3o museogr\u00e1fica composta pelos totens Evolu\u00e7\u00e3o Arquitet\u00f4nica das Esta\u00e7\u00f5es, com gavetas interativas que convidam o visitante a conhecer as caracter\u00edsticas e singularidades arquitet\u00f4nicas das esta\u00e7\u00f5es.<\/p>\n<p style=\"text-align: justify;\">Al\u00e9m disso, h\u00e1 pain\u00e9is videogr\u00e1ficos que exibem fotografias antigas e recentes de Ouro Preto e Mariana.<\/p>\n<\/dd>\n<\/dl>\n<dl class='item-wrapper'>\n<dt class='item-title' title='Mostrar as informa\u00e7\u00f5es' id='item-1594'>Espa\u00e7o UFOP&nbsp;<span title=\"Mostrar as informa\u00e7\u00f5es\">[+]<\/span><\/dt>\n<dd>\n<p>&nbsp;<\/p>\n<p><img loading=\"lazy\" decoding=\"async\" title=\" \" alt=\" \" src=\"\/wp-content\/uploads\/gallery\/sala-ufop\/thumbs\/thumbs_foto6.jpg\" width=\"100\" height=\"75\"><\/p>\n<p>&nbsp;<\/p>\n<p><img loading=\"lazy\" decoding=\"async\" title=\" \" alt=\" \" src=\"\/wp-content\/uploads\/gallery\/sala-ufop\/thumbs\/thumbs_foto5.jpg\" width=\"100\" height=\"75\"><\/p>\n<p>&nbsp;<\/p>\n<p><img loading=\"lazy\" decoding=\"async\" title=\" \" alt=\" \" src=\"\/wp-content\/uploads\/gallery\/sala-ufop\/thumbs\/thumbs_foto4.jpg\" width=\"100\" height=\"75\"><\/p>\n<p>&nbsp;<\/p>\n<p><img loading=\"lazy\" decoding=\"async\" title=\" \" alt=\" \" src=\"\/wp-content\/uploads\/gallery\/sala-ufop\/thumbs\/thumbs_foto3.jpg\" width=\"100\" height=\"75\"><\/p>\n<p>&nbsp;<\/p>\n<p><img loading=\"lazy\" decoding=\"async\" title=\" \" alt=\" \" src=\"\/wp-content\/uploads\/gallery\/sala-ufop\/thumbs\/thumbs_foto2.jpg\" width=\"100\" height=\"75\"><\/p>\n<p>&nbsp;<\/p>\n<p><img loading=\"lazy\" decoding=\"async\" title=\" \" alt=\" \" src=\"\/wp-content\/uploads\/gallery\/sala-ufop\/thumbs\/thumbs_foto1.jpg\" width=\"100\" height=\"75\"><\/p>\n<p>&nbsp;<\/p>\n<p style=\"text-align: justify;\">O <strong>Espa\u00e7o UFOP<\/strong> re\u00fane parte do acervo do Setor Ferrovi\u00e1rio do Museu de Ci\u00eancia e T\u00e9cnica da Escola de Minas da UFOP, com informa\u00e7\u00f5es e objetos relacionados \u00e0s m\u00e1quinas a vapor e sua vincula\u00e7\u00e3o \u00e0 extra\u00e7\u00e3o do min\u00e9rio e ao desenvolvimento das locomotivas.<\/p>\n<p style=\"text-align: justify;\">Com isso, o visitante pode conhecer mais sobre a expans\u00e3o da minera\u00e7\u00e3o no Brasil e obter informa\u00e7\u00f5es sobre as antigas pr\u00e1ticas de ensino adotadas na Escola de Minas.<\/p>\n<p>&nbsp;<\/p>\n<\/dd>\n<\/dl>\n<dl class='item-wrapper'>\n<dt class='item-title' title='Mostrar as informa\u00e7\u00f5es' id='item-953'>Sala da Maquete&nbsp;<span title=\"Mostrar as informa\u00e7\u00f5es\">[+]<\/span><\/dt>\n<dd>\n<p>&nbsp;<\/p>\n<p><img loading=\"lazy\" decoding=\"async\" title=\" \" alt=\" \" src=\"\/wp-content\/uploads\/gallery\/sala-da-maquete\/thumbs\/thumbs_foto1.jpg\" width=\"100\" height=\"75\"><\/p>\n<p>&nbsp;<\/p>\n<p><img loading=\"lazy\" decoding=\"async\" title=\" \" alt=\" \" src=\"\/wp-content\/uploads\/gallery\/sala-da-maquete\/thumbs\/thumbs_foto3.jpg\" width=\"100\" height=\"75\"><\/p>\n<p>&nbsp;<\/p>\n<p><img loading=\"lazy\" decoding=\"async\" title=\" \" alt=\" \" src=\"\/wp-content\/uploads\/gallery\/sala-da-maquete\/thumbs\/thumbs_foto4.jpg\" width=\"100\" height=\"75\"><\/p>\n<p>&nbsp;<\/p>\n<p><img loading=\"lazy\" decoding=\"async\" title=\" \" alt=\" \" src=\"\/wp-content\/uploads\/gallery\/sala-da-maquete\/thumbs\/thumbs_maquete-trem-2_0.jpg\" width=\"100\" height=\"75\"><\/p>\n<p>&nbsp;<\/p>\n<p style=\"text-align: justify;\">A Sala apresenta a <strong>Maquete Ferrovi\u00e1ria<\/strong>, que reproduz, com detalhes, o trajeto do trem entre Ouro Preto e Mariana. H\u00e1, ainda, duas r\u00e9plicas de locomotivas, al\u00e9m do m\u00f3vel que traz a linha do tempo da ferrovia no mundo e no Brasil e, particularmente, nas duas cidades mineiras.<\/p>\n<p style=\"text-align: justify;\">Nesse espa\u00e7o encontra-se tamb\u00e9m o m\u00f3vel Paisagem em Movimento, que conta a evolu\u00e7\u00e3o urbana de Ouro Preto, com destaque para a chegada da locomotiva.<\/p>\n<p>&nbsp;<\/p>\n<\/dd>\n<\/dl>\n<dl class='item-wrapper'>\n<dt class='item-title' title='Mostrar as informa\u00e7\u00f5es' id='item-2551'>Sala de Mem\u00f3rias&nbsp;<span title=\"Mostrar as informa\u00e7\u00f5es\">[+]<\/span><\/dt>\n<dd>\n<p>&nbsp;<\/p>\n<p><img loading=\"lazy\" decoding=\"async\" title=\"01-sala-de-memorias\" alt=\"01-sala-de-memorias\" src=\"\/wp-content\/uploads\/gallery\/memorias\/thumbs\/thumbs_01-sala-de-memorias.jpg\" width=\"100\" height=\"75\"><\/p>\n<p>&nbsp;<\/p>\n<p><img loading=\"lazy\" decoding=\"async\" title=\"02-sala-de-memorias\" alt=\"02-sala-de-memorias\" src=\"\/wp-content\/uploads\/gallery\/memorias\/thumbs\/thumbs_02-sala-de-memorias.jpg\" width=\"100\" height=\"75\"><\/p>\n<p>&nbsp;<\/p>\n<p><img loading=\"lazy\" decoding=\"async\" title=\"03-sala-de-memorias\" alt=\"03-sala-de-memorias\" src=\"\/wp-content\/uploads\/gallery\/memorias\/thumbs\/thumbs_03-sala-de-memorias.jpg\" width=\"100\" height=\"75\"><\/p>\n<p>&nbsp;<\/p>\n<p><img loading=\"lazy\" decoding=\"async\" title=\"04-sala-de-memorias\" alt=\"04-sala-de-memorias\" src=\"\/wp-content\/uploads\/gallery\/memorias\/thumbs\/thumbs_04-sala-de-memorias.jpg\" width=\"100\" height=\"75\"><\/p>\n<p>&nbsp;<\/p>\n<p style=\"text-align: justify;\">A <strong>Sala de Mem\u00f3rias<\/strong> foi projetada como um espa\u00e7o museogr\u00e1fico contempor\u00e2neo, em que os visitantes s\u00e3o apresentados \u00e0 produ\u00e7\u00e3o do Vale Registrar; hist\u00f3ria, tradi\u00e7\u00e3o, conhecimento e sabedoria popular registradas e exibidas por monitores e recursos multim\u00eddias variados.<\/p>\n<p style=\"text-align: justify;\"><span>O acervo dispon\u00edvel na Sala de Mem\u00f3rias inclui 165 entrevistas de Hist\u00f3ria Oral, sendo 117 entrevistas de Hist\u00f3rias Tem\u00e1ticas como Ferrovia e Tecelagem, e 48 entrevistas de Hist\u00f3ria de Vida; 1.249 depoimentos registrados pelas videocabines; 15 v\u00eddeos produzidos pelos cursos e oficinas que beneficiaram 329 moradores da regi\u00e3o; 4 videodocument\u00e1rios e 2 v\u00eddeos educativos.<\/span><\/p>\n<p>&nbsp;<\/p>\n<\/dd>\n<\/dl>\n<dl class='item-wrapper'>\n<dt class='item-title' title='Mostrar as informa\u00e7\u00f5es' id='item-2764'>Vag\u00e3o Biblioteca&nbsp;<span title=\"Mostrar as informa\u00e7\u00f5es\">[+]<\/span><\/dt>\n<dd>\n<p>&nbsp;<\/p>\n<p><img loading=\"lazy\" decoding=\"async\" title=\"biblioteca-estacao-de-op-09-09-2009-foto-mariana-zanchetta.jpg\" alt=\"biblioteca-estacao-de-op-09-09-2009-foto-mariana-zanchetta.jpg\" src=\"\/wp-content\/uploads\/gallery\/biblioteca-da-estacao-de-ouro-preto\/thumbs\/thumbs_biblioteca-estacao-de-op-09-09-2009-foto-mariana-zanchetta.jpg\" width=\"100\" height=\"75\"><\/p>\n<p>&nbsp;<\/p>\n<p><img loading=\"lazy\" decoding=\"async\" title=\"foto-biblioteca-ouro-preto-1.jpg\" alt=\"foto-biblioteca-ouro-preto-1.jpg\" src=\"\/wp-content\/uploads\/gallery\/biblioteca-da-estacao-de-ouro-preto\/thumbs\/thumbs_foto-biblioteca-ouro-preto-1.jpg\" width=\"100\" height=\"75\"><\/p>\n<p>&nbsp;<\/p>\n<p><img loading=\"lazy\" decoding=\"async\" title=\"foto-biblioteca-ouro-preto-2.jpg\" alt=\"foto-biblioteca-ouro-preto-2.jpg\" src=\"\/wp-content\/uploads\/gallery\/biblioteca-da-estacao-de-ouro-preto\/thumbs\/thumbs_foto-biblioteca-ouro-preto-2.jpg\" width=\"100\" height=\"75\"><\/p>\n<p>&nbsp;<\/p>\n<p><img loading=\"lazy\" decoding=\"async\" title=\"foto-biblioteca-ouro-preto-3.jpg\" alt=\"foto-biblioteca-ouro-preto-3.jpg\" src=\"\/wp-content\/uploads\/gallery\/biblioteca-da-estacao-de-ouro-preto\/thumbs\/thumbs_foto-biblioteca-ouro-preto-3.jpg\" width=\"100\" height=\"75\"><\/p>\n<p>&nbsp;<\/p>\n<p><img loading=\"lazy\" decoding=\"async\" title=\" \" alt=\" \" src=\"\/wp-content\/uploads\/gallery\/biblioteca-da-estacao-de-ouro-preto\/thumbs\/thumbs_biblioteca-ouro-preto-021.jpg\" width=\"100\" height=\"75\"><\/p>\n<p>&nbsp;<\/p>\n<p><img loading=\"lazy\" decoding=\"async\" title=\" \" alt=\" \" src=\"\/wp-content\/uploads\/gallery\/biblioteca-da-estacao-de-ouro-preto\/thumbs\/thumbs_biblioteca-ouro-preto-026.jpg\" width=\"100\" height=\"75\"><\/p>\n<p>&nbsp;<\/p>\n<p><img loading=\"lazy\" decoding=\"async\" title=\" \" alt=\" \" src=\"\/wp-content\/uploads\/gallery\/biblioteca-da-estacao-de-ouro-preto\/thumbs\/thumbs_biblioteca-ouro-preto-027.jpg\" width=\"100\" height=\"75\"><\/p>\n<p>&nbsp;<\/p>\n<p><img loading=\"lazy\" decoding=\"async\" title=\" \" alt=\" \" src=\"\/wp-content\/uploads\/gallery\/biblioteca-da-estacao-de-ouro-preto\/thumbs\/thumbs_biblioteca-ouro-preto-acervo-da-equipe.jpg\" width=\"100\" height=\"75\"><\/p>\n<p>&nbsp;<\/p>\n<p style=\"text-align: justify;\"><span>O&nbsp;<strong>Vag\u00e3o Biblioteca<\/strong><\/span><span>conta com um acervo de 2616 livros, al\u00e9m de peri\u00f3dicos, DVDs de filmes nacionais e estrangeiros e jogos como xadrez, domin\u00f3, quebra-cabe\u00e7a, palavras-cruzadas, jogo da mem\u00f3ria, dentre outros.<\/span><\/p>\n<p style=\"text-align: justify;\"><span>Os usu\u00e1rios da Biblioteca podem fazer a carteirinha para retirada de livro emprestado. O cadastro \u00e9 feito mediante apresenta\u00e7\u00e3o de foto 3\u00d74 e dos documentos de identidade, CPF e comprovante de resid\u00eancia atual. Para os menores de dezoito anos, ser\u00e1 necess\u00e1rio o comparecimento de um respons\u00e1vel e a apresenta\u00e7\u00e3o de documentos do mesmo.<\/span><\/p>\n<p>&nbsp;<\/p>\n<\/dd>\n<\/dl>\n<dl class='item-wrapper'>\n<dt class='item-title' title='Mostrar as informa\u00e7\u00f5es' id='item-1811'>Vag\u00e3o Sonoro-Ambiental&nbsp;<span title=\"Mostrar as informa\u00e7\u00f5es\">[+]<\/span><\/dt>\n<dd>\n<p>&nbsp;<\/p>\n<p><img loading=\"lazy\" decoding=\"async\" title=\" \" alt=\" \" src=\"\/wp-content\/uploads\/gallery\/vagao-sonoro-ambiental\/thumbs\/thumbs_foto1.jpg\" width=\"100\" height=\"75\"><\/p>\n<p>&nbsp;<\/p>\n<p><img loading=\"lazy\" decoding=\"async\" title=\" \" alt=\" \" src=\"\/wp-content\/uploads\/gallery\/vagao-sonoro-ambiental\/thumbs\/thumbs_foto2.jpg\" width=\"100\" height=\"75\"><\/p>\n<p>&nbsp;<\/p>\n<p><img loading=\"lazy\" decoding=\"async\" title=\" \" alt=\" \" src=\"\/wp-content\/uploads\/gallery\/vagao-sonoro-ambiental\/thumbs\/thumbs_foto3.jpg\" width=\"100\" height=\"75\"><\/p>\n<p>&nbsp;<\/p>\n<p><img loading=\"lazy\" decoding=\"async\" title=\" \" alt=\" \" src=\"\/wp-content\/uploads\/gallery\/vagao-sonoro-ambiental\/thumbs\/thumbs_sonoro4.jpg\" width=\"100\" height=\"75\"><\/p>\n<p>&nbsp;<\/p>\n<p style=\"text-align: justify;\">O <strong>Vag\u00e3o Sonoro-Ambiental<\/strong>, localizado no entorno do pr\u00e9dio da Esta\u00e7\u00e3o, \u00e9 um vag\u00e3o fixo composto pela escultura Res\u00edduos Sonoros, constru\u00edda com sucatas variadas e utilizada para apresenta\u00e7\u00f5es musicais, aulas de musicaliza\u00e7\u00e3o e intera\u00e7\u00f5es pedag\u00f3gicas.<\/p>\n<p style=\"text-align: justify;\">A estrutura do vag\u00e3o abriga, ainda, uma Oficina Ecol\u00f3gica de Constru\u00e7\u00e3o de Instrumentos Musicais, aberta ao p\u00fablico visitante.<\/p>\n<p>&nbsp;<\/p>\n<\/dd>\n<\/dl>\n<dl class='item-wrapper'>\n<dt class='item-title' title='Mostrar as informa\u00e7\u00f5es' id='item-8637'>Tenda Cultural&nbsp;<span title=\"Mostrar as informa\u00e7\u00f5es\">[+]<\/span><\/dt>\n<dd>\n<p>&nbsp;<\/p>\n<p><img loading=\"lazy\" decoding=\"async\" title=\" \" alt=\" \" src=\"\/wp-content\/uploads\/gallery\/circo-da-estacao\/thumbs\/thumbs_foto1.jpg\" width=\"100\" height=\"75\"><\/p>\n<p>&nbsp;<\/p>\n<p><img loading=\"lazy\" decoding=\"async\" title=\" \" alt=\" \" src=\"\/wp-content\/uploads\/gallery\/circo-da-estacao\/thumbs\/thumbs_foto2.jpg\" width=\"100\" height=\"75\"><\/p>\n<p>&nbsp;<\/p>\n<p><img loading=\"lazy\" decoding=\"async\" title=\" \" alt=\" \" src=\"\/wp-content\/uploads\/gallery\/circo-da-estacao\/thumbs\/thumbs_show-banda-ora-pro-nobis-mariana-marques-25-07-10-32.jpg\" width=\"100\" height=\"75\"><\/p>\n<p>&nbsp;<\/p>\n<p><img loading=\"lazy\" decoding=\"async\" title=\" \" alt=\" \" src=\"\/wp-content\/uploads\/gallery\/circo-da-estacao\/thumbs\/thumbs_estacao-ciencia-cerimonia-de-abertura-22-10-09-foto-marilene-marinho-1cort.jpg\" width=\"100\" height=\"75\"><\/p>\n<p>&nbsp;<\/p>\n<p><img loading=\"lazy\" decoding=\"async\" title=\" \" alt=\" \" src=\"\/wp-content\/uploads\/gallery\/circo-da-estacao\/thumbs\/thumbs_othelo.jpg\" width=\"100\" height=\"75\"><\/p>\n<p>&nbsp;<\/p>\n<p><img loading=\"lazy\" decoding=\"async\" title=\" \" alt=\" \" src=\"\/wp-content\/uploads\/gallery\/circo-da-estacao\/thumbs\/thumbs_sarau-de-epoca-23-07-10-foto-tamara-marques-212.jpg\" width=\"100\" height=\"75\"><\/p>\n<p>&nbsp;<\/p>\n<p><img loading=\"lazy\" decoding=\"async\" title=\" \" alt=\" \" src=\"\/wp-content\/uploads\/gallery\/circo-da-estacao\/thumbs\/thumbs_show-berlam-e-banda-larga.jpg\" width=\"100\" height=\"75\"><\/p>\n<p>&nbsp;<\/p>\n<p><img loading=\"lazy\" decoding=\"async\" title=\" \" alt=\" \" src=\"\/wp-content\/uploads\/gallery\/circo-da-estacao\/thumbs\/thumbs_contacao-de-historias-sobre-monteiro-lobato-na-estacao-de-ouro-preto.jpg\" width=\"100\" height=\"75\"><\/p>\n<p>&nbsp;<\/p>\n<p><img loading=\"lazy\" decoding=\"async\" title=\" \" alt=\" \" src=\"\/wp-content\/uploads\/gallery\/circo-da-estacao\/thumbs\/thumbs_espetaculo-circo1_foto-eduardo-tropia.jpg\" width=\"100\" height=\"75\"><\/p>\n<p>&nbsp;<\/p>\n<p><img loading=\"lazy\" decoding=\"async\" title=\" \" alt=\" \" src=\"\/wp-content\/uploads\/gallery\/circo-da-estacao\/thumbs\/thumbs_estacao-ciencia-cerimonia-de-abertura.jpg\" width=\"100\" height=\"75\"><\/p>\n<p>&nbsp;<\/p>\n<p><img loading=\"lazy\" decoding=\"async\" title=\" \" alt=\" \" src=\"\/wp-content\/uploads\/gallery\/circo-da-estacao\/thumbs\/thumbs_oficina-circo-da-estacao4.jpg\" width=\"100\" height=\"75\"><\/p>\n<p>&nbsp;<\/p>\n<p><img loading=\"lazy\" decoding=\"async\" title=\" \" alt=\" \" src=\"\/wp-content\/uploads\/gallery\/circo-da-estacao\/thumbs\/thumbs_jovens-na-tenda-5.jpg\" width=\"100\" height=\"75\"><\/p>\n<p>&nbsp;<\/p>\n<p style=\"text-align: justify;\">Montada na \u00e1rea externa ao casar\u00e3o, a <strong>Tenda Cultural<\/strong> \u00e9 utilizada para a realiza\u00e7\u00e3o de atividades do Programa de Educa\u00e7\u00e3o Patrimonial, bem como para eventos de car\u00e1ter art\u00edstico, cultural e educativo propostos por parceiros locais.<\/p>\n<p style=\"text-align: justify;\">Tamb\u00e9m configura-se como local de encontro da comunidade da regi\u00e3o, sendo sempre solicitada para a realiza\u00e7\u00e3o de eventos de escolas p\u00fablicas e atividades culturais de destaque.<\/p>\n<p>&nbsp;<\/p>\n<\/dd>\n<\/dl>\n<dl class='item-wrapper'>\n<dt class='item-title' title='Mostrar as informa\u00e7\u00f5es' id='item-12975'>Vag\u00e3o Caf\u00e9 de Ouro Preto&nbsp;<span title=\"Mostrar as informa\u00e7\u00f5es\">[+]<\/span><\/dt>\n<dd>\n<p>&nbsp;<\/p>\n<p><img loading=\"lazy\" decoding=\"async\" title=\" \" alt=\" \" src=\"\/wp-content\/uploads\/gallery\/vagao-cafe\/thumbs\/thumbs_cafe4.jpg\" width=\"100\" height=\"75\"><\/p>\n<p>&nbsp;<\/p>\n<p><img loading=\"lazy\" decoding=\"async\" title=\" \" alt=\" \" src=\"\/wp-content\/uploads\/gallery\/vagao-cafe\/thumbs\/thumbs_foto1.jpg\" width=\"100\" height=\"75\"><\/p>\n<p>&nbsp;<\/p>\n<p><img loading=\"lazy\" decoding=\"async\" title=\" \" alt=\" \" src=\"\/wp-content\/uploads\/gallery\/vagao-cafe\/thumbs\/thumbs_foto2.jpg\" width=\"100\" height=\"75\"><\/p>\n<p>&nbsp;<\/p>\n<p><img loading=\"lazy\" decoding=\"async\" title=\" \" alt=\" \" src=\"\/wp-content\/uploads\/gallery\/vagao-cafe\/thumbs\/thumbs_foto3.jpg\" width=\"100\" height=\"75\"><\/p>\n<p>&nbsp;<\/p>\n<p style=\"text-align: justify;\">O <strong>Vag\u00e3o Caf\u00e9<\/strong> \u00e9 um espa\u00e7o que oferece aos visitantes infra-estrutura completa de lazer e gastronomia, aberto de sexta a domingo e feriados.<\/p>\n<p style=\"text-align: justify;\">O ambiente \u00e9 equipado com m\u00f3veis confort\u00e1veis e com mesas na \u00e1rea externa, que fazem do Vag\u00e3o uma agrad\u00e1vel op\u00e7\u00e3o de entretenimento para quem visita a esta\u00e7\u00e3o.<\/p>\n<p>&nbsp;<\/p>\n<\/dd>\n<\/dl>\n<p>&nbsp;<\/p>\n<p><small>Exibir mapa ampliado<\/small><\/p>\n<p>&nbsp;<\/p>\n","protected":false},"excerpt":{"rendered":"<p>&nbsp; A Esta\u00e7\u00e3o de Ouro Preto \u00e9 um complexo composto pelo antigo casar\u00e3o que abrigava a esta\u00e7\u00e3o ferrovi\u00e1ria de Ouro Preto, por vag\u00f5es fixos localizados nos arredores do pr\u00e9dio e pela Tenda Cultural da Esta\u00e7\u00e3o. &nbsp; Hall de Entrada&nbsp;[+] &nbsp; &nbsp; &nbsp; O Hall de Entrada da Esta\u00e7\u00e3o de Ouro &hellip;<\/p>\n","protected":false},"author":1,"featured_media":0,"parent":5,"menu_order":0,"comment_status":"closed","ping_status":"closed","template":"","meta":{"footnotes":""},"class_list":["post-19","page","type-page","status-publish","hentry"],"yoast_head":"<!-- This site is optimized with the Yoast SEO plugin v26.1.1 - https:\/\/yoast.com\/wordpress\/plugins\/seo\/ -->\n<title>Esta\u00e7\u00e3o de Ouro Preto &#8212; Trem da Vale<\/title>\n<meta name=\"robots\" content=\"index, follow, max-snippet:-1, max-image-preview:large, max-video-preview:-1\" \/>\n<link rel=\"canonical\" href=\"https:\/\/tremdavale.org\/pt\/estacoes\/estacao-ouro-preto\/\" \/>\n<meta property=\"og:locale\" content=\"pt_PT\" \/>\n<meta property=\"og:type\" content=\"article\" \/>\n<meta property=\"og:title\" content=\"Esta\u00e7\u00e3o de Ouro Preto &#8212; Trem da Vale\" \/>\n<meta property=\"og:description\" content=\"&nbsp; A Esta\u00e7\u00e3o de Ouro Preto \u00e9 um complexo composto pelo antigo casar\u00e3o que abrigava a esta\u00e7\u00e3o ferrovi\u00e1ria de Ouro Preto, por vag\u00f5es fixos localizados nos arredores do pr\u00e9dio e pela Tenda Cultural da Esta\u00e7\u00e3o. &nbsp; Hall de Entrada&nbsp;[+] &nbsp; &nbsp; &nbsp; O Hall de Entrada da Esta\u00e7\u00e3o de Ouro &hellip;\" \/>\n<meta property=\"og:url\" content=\"https:\/\/tremdavale.org\/pt\/estacoes\/estacao-ouro-preto\/\" \/>\n<meta property=\"og:site_name\" content=\"Trem da Vale\" \/>\n<meta property=\"article:modified_time\" content=\"2025-10-10T11:57:00+00:00\" \/>\n<meta name=\"twitter:card\" content=\"summary_large_image\" \/>\n<meta name=\"twitter:label1\" content=\"Tempo estimado de leitura\" \/>\n\t<meta name=\"twitter:data1\" content=\"4 minutos\" \/>\n<script type=\"application\/ld+json\" class=\"yoast-schema-graph\">{\"@context\":\"https:\/\/schema.org\",\"@graph\":[{\"@type\":\"WebPage\",\"@id\":\"https:\/\/tremdavale.org\/pt\/estacoes\/estacao-ouro-preto\/\",\"url\":\"https:\/\/tremdavale.org\/pt\/estacoes\/estacao-ouro-preto\/\",\"name\":\"Esta\u00e7\u00e3o de Ouro Preto &#8212; Trem da Vale\",\"isPartOf\":{\"@id\":\"https:\/\/tremdavale.org\/pt\/#website\"},\"datePublished\":\"2009-02-07T01:09:00+00:00\",\"dateModified\":\"2025-10-10T11:57:00+00:00\",\"breadcrumb\":{\"@id\":\"https:\/\/tremdavale.org\/pt\/estacoes\/estacao-ouro-preto\/#breadcrumb\"},\"inLanguage\":\"pt-PT\",\"potentialAction\":[{\"@type\":\"ReadAction\",\"target\":[\"https:\/\/tremdavale.org\/pt\/estacoes\/estacao-ouro-preto\/\"]}]},{\"@type\":\"BreadcrumbList\",\"@id\":\"https:\/\/tremdavale.org\/pt\/estacoes\/estacao-ouro-preto\/#breadcrumb\",\"itemListElement\":[{\"@type\":\"ListItem\",\"position\":1,\"name\":\"In\u00edcio\",\"item\":\"https:\/\/tremdavale.org\/pt\/\"},{\"@type\":\"ListItem\",\"position\":2,\"name\":\"Esta\u00e7\u00f5es\",\"item\":\"https:\/\/tremdavale.org\/pt\/estacoes\/\"},{\"@type\":\"ListItem\",\"position\":3,\"name\":\"Esta\u00e7\u00e3o de Ouro Preto\"}]},{\"@type\":\"WebSite\",\"@id\":\"https:\/\/tremdavale.org\/pt\/#website\",\"url\":\"https:\/\/tremdavale.org\/pt\/\",\"name\":\"Trem da Vale\",\"description\":\"Programa de Educa\u00e7\u00e3o Patrimonial\",\"potentialAction\":[{\"@type\":\"SearchAction\",\"target\":{\"@type\":\"EntryPoint\",\"urlTemplate\":\"https:\/\/tremdavale.org\/pt\/?s={search_term_string}\"},\"query-input\":{\"@type\":\"PropertyValueSpecification\",\"valueRequired\":true,\"valueName\":\"search_term_string\"}}],\"inLanguage\":\"pt-PT\"}]}<\/script>\n<!-- \/ Yoast SEO plugin. -->","yoast_head_json":{"title":"Esta\u00e7\u00e3o de Ouro Preto &#8212; Trem da Vale","robots":{"index":"index","follow":"follow","max-snippet":"max-snippet:-1","max-image-preview":"max-image-preview:large","max-video-preview":"max-video-preview:-1"},"canonical":"https:\/\/tremdavale.org\/pt\/estacoes\/estacao-ouro-preto\/","og_locale":"pt_PT","og_type":"article","og_title":"Esta\u00e7\u00e3o de Ouro Preto &#8212; Trem da Vale","og_description":"&nbsp; A Esta\u00e7\u00e3o de Ouro Preto \u00e9 um complexo composto pelo antigo casar\u00e3o que abrigava a esta\u00e7\u00e3o ferrovi\u00e1ria de Ouro Preto, por vag\u00f5es fixos localizados nos arredores do pr\u00e9dio e pela Tenda Cultural da Esta\u00e7\u00e3o. &nbsp; Hall de Entrada&nbsp;[+] &nbsp; &nbsp; &nbsp; O Hall de Entrada da Esta\u00e7\u00e3o de Ouro &hellip;","og_url":"https:\/\/tremdavale.org\/pt\/estacoes\/estacao-ouro-preto\/","og_site_name":"Trem da Vale","article_modified_time":"2025-10-10T11:57:00+00:00","twitter_card":"summary_large_image","twitter_misc":{"Tempo estimado de leitura":"4 minutos"},"schema":{"@context":"https:\/\/schema.org","@graph":[{"@type":"WebPage","@id":"https:\/\/tremdavale.org\/pt\/estacoes\/estacao-ouro-preto\/","url":"https:\/\/tremdavale.org\/pt\/estacoes\/estacao-ouro-preto\/","name":"Esta\u00e7\u00e3o de Ouro Preto &#8212; Trem da Vale","isPartOf":{"@id":"https:\/\/tremdavale.org\/pt\/#website"},"datePublished":"2009-02-07T01:09:00+00:00","dateModified":"2025-10-10T11:57:00+00:00","breadcrumb":{"@id":"https:\/\/tremdavale.org\/pt\/estacoes\/estacao-ouro-preto\/#breadcrumb"},"inLanguage":"pt-PT","potentialAction":[{"@type":"ReadAction","target":["https:\/\/tremdavale.org\/pt\/estacoes\/estacao-ouro-preto\/"]}]},{"@type":"BreadcrumbList","@id":"https:\/\/tremdavale.org\/pt\/estacoes\/estacao-ouro-preto\/#breadcrumb","itemListElement":[{"@type":"ListItem","position":1,"name":"In\u00edcio","item":"https:\/\/tremdavale.org\/pt\/"},{"@type":"ListItem","position":2,"name":"Esta\u00e7\u00f5es","item":"https:\/\/tremdavale.org\/pt\/estacoes\/"},{"@type":"ListItem","position":3,"name":"Esta\u00e7\u00e3o de Ouro Preto"}]},{"@type":"WebSite","@id":"https:\/\/tremdavale.org\/pt\/#website","url":"https:\/\/tremdavale.org\/pt\/","name":"Trem da Vale","description":"Programa de Educa\u00e7\u00e3o Patrimonial","potentialAction":[{"@type":"SearchAction","target":{"@type":"EntryPoint","urlTemplate":"https:\/\/tremdavale.org\/pt\/?s={search_term_string}"},"query-input":{"@type":"PropertyValueSpecification","valueRequired":true,"valueName":"search_term_string"}}],"inLanguage":"pt-PT"}]}},"_links":{"self":[{"href":"https:\/\/tremdavale.org\/pt\/wp-json\/wp\/v2\/pages\/19","targetHints":{"allow":["GET"]}}],"collection":[{"href":"https:\/\/tremdavale.org\/pt\/wp-json\/wp\/v2\/pages"}],"about":[{"href":"https:\/\/tremdavale.org\/pt\/wp-json\/wp\/v2\/types\/page"}],"author":[{"embeddable":true,"href":"https:\/\/tremdavale.org\/pt\/wp-json\/wp\/v2\/users\/1"}],"replies":[{"embeddable":true,"href":"https:\/\/tremdavale.org\/pt\/wp-json\/wp\/v2\/comments?post=19"}],"version-history":[{"count":0,"href":"https:\/\/tremdavale.org\/pt\/wp-json\/wp\/v2\/pages\/19\/revisions"}],"up":[{"embeddable":true,"href":"https:\/\/tremdavale.org\/pt\/wp-json\/wp\/v2\/pages\/5"}],"wp:attachment":[{"href":"https:\/\/tremdavale.org\/pt\/wp-json\/wp\/v2\/media?parent=19"}],"curies":[{"name":"wp","href":"https:\/\/api.w.org\/{rel}","templated":true}]}}