{"id":22,"date":"2009-02-07T01:14:00","date_gmt":"2009-02-07T01:14:00","guid":{"rendered":"https:\/\/tremdavale.org\/?page_id=22"},"modified":"2025-10-10T11:57:00","modified_gmt":"2025-10-10T11:57:00","slug":"ficha-tecnica","status":"publish","type":"page","link":"https:\/\/tremdavale.org\/pt\/o-programa\/ficha-tecnica\/","title":{"rendered":"Ficha T\u00e9cnica"},"content":{"rendered":"<p><span>PROGRAMA DE EDUCA\u00c7\u00c3O PATRIMONIAL TREM DA VALE &#8211; 2014<\/span><\/p>\n<p>PROJETO E EXECU\u00c7\u00c3O: SANTA ROSA BUREAU CULTURAL<\/p>\n<p>&nbsp;<\/p>\n<p><strong><span>Dire\u00e7\u00e3o:<\/span><\/strong> <span>Eleonora Santa Rosa<\/span><\/p>\n<p><strong><span>Coordena\u00e7\u00e3o T\u00e9cnica:<\/span><\/strong> <span>Sylvana de Castro Pessoa<\/span><\/p>\n<p><strong><span>Ger\u00eancia Financeira:<\/span><\/strong> <span>Alessandra Oliveira<\/span><\/p>\n<p><strong><span>Produ\u00e7\u00e3o:<\/span><\/strong> <span>Patr\u00edcia Campolina Brito<\/span><\/p>\n<p><strong><span>Assessoria Administrativa e Financeira<\/span><\/strong><span>: Christiane A. Xavier Carvalho<\/span><\/p>\n<p><strong><span>Apoio:<\/span><\/strong> <span>Joana Braga, Joana Renn\u00f3, Ricardo Vilela<\/span><\/p>\n<p>&nbsp;<\/p>\n<p><strong><span style=\"text-decoration: underline;\"><span>Equipe Local<\/span><\/span><\/strong><\/p>\n<p><strong><span>Gerente Executivo<\/span><\/strong><span>: Maril\u00eane Marinho<\/span><\/p>\n<p><strong><span>Gerente Bibliotecas:<\/span><\/strong> <span>Tatiane Paludetti<\/span><\/p>\n<p><strong><span>Apoio T\u00e9cnico de Educa\u00e7\u00e3o Patrimonial:<\/span><\/strong> <span>Pollyana Cota, Silvana Lima e Suelem Louzada<\/span><\/p>\n<p><strong><span>Bibliotec\u00e1ria:<\/span><\/strong> <span>Mariza Barros T. Almeida<\/span><\/p>\n<p><strong><span>Assistentes Administrativos das Bibliotecas das Esta\u00e7\u00f5es:<\/span><\/strong> <span>Gabriela Santos e Paula Nogueira<\/span><\/p>\n<p><strong><span>Agente Administrativo das Bibliotecas das Esta\u00e7\u00f5es:<\/span><\/strong> <span>Vanessa Beir\u00e3o<\/span><\/p>\n<p><strong><span>Agente Administrativo do Vag\u00e3o Sonoro-Ambiental:<\/span><\/strong> <span>Vivian Fernandes<\/span><\/p>\n<p>&nbsp;<\/p>\n<p><strong><span style=\"text-decoration: underline;\"><span>N\u00facleo de Audiovisual<\/span><\/span><\/strong><\/p>\n<p><strong><span>Diretor:<\/span><\/strong> <span>Jason Barroso Santa Rosa<\/span><\/p>\n<p><strong><span>Gerente Operacional:<\/span><\/strong> <span>Leonardo Oliveira Penna<\/span><\/p>\n<p><strong><span>Estagi\u00e1rios<\/span><\/strong><span>: Wesley Maur\u00edcio de Souza e<\/span> <span>Marina Coutinho Ibba<\/span><\/p>\n<p>&nbsp;<\/p>\n<p><strong><span style=\"text-decoration: underline;\"><span>Equipe Operacional<\/span><\/span><\/strong><\/p>\n<p><strong><span>Coordenador Operacional das Esta\u00e7\u00f5es:<\/span><\/strong> <span>Gustavo Costa Mendes<\/span><\/p>\n<p><strong><span>Gerente Operacional:<\/span><\/strong> <span>Rosilene Magda Figueiredo<\/span><\/p>\n<p><strong><span>Assistente Operacional da Esta\u00e7\u00e3o de Mariana:<\/span><\/strong> <span>Gustavo Nunes<\/span><\/p>\n<p><strong><span>Assistente Operacional da Esta\u00e7\u00e3o de Ouro Preto:<\/span><\/strong> <span>Diego Carneiro dos Santos<\/span><\/p>\n<p>&nbsp;<\/p>\n<p><strong><span>Recep\u00e7\u00e3o Ouro Preto:<\/span><\/strong> <span>Aryanne Barcelos e K\u00e1tia de Paula<\/span><\/p>\n<p><strong><span>Recep\u00e7\u00e3o de Mariana<\/span><\/strong><span>:&nbsp;Karina Lima<\/span><\/p>\n<p><strong><span>Estagi\u00e1rio:<\/span><\/strong> <span>Paula Paiva Ferreira<\/span><\/p>\n<p style=\"font-weight: bold;\">Site<\/p>\n<ul style=\"font-weight: bold;\" type=\"disc\">\n<li>Dire\u00e7\u00e3o, produ\u00e7\u00e3o e gest\u00e3o de conte\u00fados: <span style=\"font-weight: normal;\">Santa Rosa Bureau Cultural<\/span><\/li>\n<li>Identidade Visual B\u00e1sica: <span style=\"font-weight: normal;\">Dupla Design<\/span><\/li>\n<li>Programa\u00e7\u00e3o e Webdesign: <span style=\"font-weight: normal;\">Sense 8 M\u00eddia Interativa<\/span><\/li>\n<li>Fotos: <span style=\"font-weight: normal;\">Eduardo Tr\u00f3pia, Jomar Bragan\u00e7a, Dimas Guedes e equipe do Projeto Trem da Vale<\/span><\/li>\n<li>V\u00eddeos: <span style=\"font-weight: normal;\">Equipe do Vale Registrar e&nbsp;Emvideo<\/span><\/li>\n<li>Mapas: <span style=\"font-weight: normal;\">Delcio Almeida<\/span><\/li>\n<\/ul>\n<p>&nbsp;<\/p>\n","protected":false},"excerpt":{"rendered":"<p>PROGRAMA DE EDUCA\u00c7\u00c3O PATRIMONIAL TREM DA VALE &#8211; 2014 PROJETO E EXECU\u00c7\u00c3O: SANTA ROSA BUREAU CULTURAL &nbsp; Dire\u00e7\u00e3o: Eleonora Santa Rosa Coordena\u00e7\u00e3o T\u00e9cnica: Sylvana de Castro Pessoa Ger\u00eancia Financeira: Alessandra Oliveira Produ\u00e7\u00e3o: Patr\u00edcia Campolina Brito Assessoria Administrativa e Financeira: Christiane A. Xavier Carvalho Apoio: Joana Braga, Joana Renn\u00f3, Ricardo Vilela &hellip;<\/p>\n","protected":false},"author":1,"featured_media":0,"parent":8,"menu_order":0,"comment_status":"closed","ping_status":"closed","template":"","meta":{"footnotes":""},"class_list":["post-22","page","type-page","status-publish","hentry"],"yoast_head":"<!-- This site is optimized with the Yoast SEO plugin v26.1.1 - https:\/\/yoast.com\/wordpress\/plugins\/seo\/ -->\n<title>Ficha T\u00e9cnica &#8212; Trem da Vale<\/title>\n<meta name=\"robots\" content=\"index, follow, max-snippet:-1, max-image-preview:large, max-video-preview:-1\" \/>\n<link rel=\"canonical\" href=\"https:\/\/tremdavale.org\/pt\/o-programa\/ficha-tecnica\/\" \/>\n<meta property=\"og:locale\" content=\"pt_PT\" \/>\n<meta property=\"og:type\" content=\"article\" \/>\n<meta property=\"og:title\" content=\"Ficha T\u00e9cnica &#8212; Trem da Vale\" \/>\n<meta property=\"og:description\" content=\"PROGRAMA DE EDUCA\u00c7\u00c3O PATRIMONIAL TREM DA VALE &#8211; 2014 PROJETO E EXECU\u00c7\u00c3O: SANTA ROSA BUREAU CULTURAL &nbsp; Dire\u00e7\u00e3o: Eleonora Santa Rosa Coordena\u00e7\u00e3o T\u00e9cnica: Sylvana de Castro Pessoa Ger\u00eancia Financeira: Alessandra Oliveira Produ\u00e7\u00e3o: Patr\u00edcia Campolina Brito Assessoria Administrativa e Financeira: Christiane A. Xavier Carvalho Apoio: Joana Braga, Joana Renn\u00f3, Ricardo Vilela &hellip;\" \/>\n<meta property=\"og:url\" content=\"https:\/\/tremdavale.org\/pt\/o-programa\/ficha-tecnica\/\" \/>\n<meta property=\"og:site_name\" content=\"Trem da Vale\" \/>\n<meta property=\"article:modified_time\" content=\"2025-10-10T11:57:00+00:00\" \/>\n<meta name=\"twitter:card\" content=\"summary_large_image\" \/>\n<meta name=\"twitter:label1\" content=\"Tempo estimado de leitura\" \/>\n\t<meta name=\"twitter:data1\" content=\"1 minuto\" \/>\n<script type=\"application\/ld+json\" class=\"yoast-schema-graph\">{\"@context\":\"https:\/\/schema.org\",\"@graph\":[{\"@type\":\"WebPage\",\"@id\":\"https:\/\/tremdavale.org\/pt\/o-programa\/ficha-tecnica\/\",\"url\":\"https:\/\/tremdavale.org\/pt\/o-programa\/ficha-tecnica\/\",\"name\":\"Ficha T\u00e9cnica &#8212; Trem da Vale\",\"isPartOf\":{\"@id\":\"https:\/\/tremdavale.org\/pt\/#website\"},\"datePublished\":\"2009-02-07T01:14:00+00:00\",\"dateModified\":\"2025-10-10T11:57:00+00:00\",\"breadcrumb\":{\"@id\":\"https:\/\/tremdavale.org\/pt\/o-programa\/ficha-tecnica\/#breadcrumb\"},\"inLanguage\":\"pt-PT\",\"potentialAction\":[{\"@type\":\"ReadAction\",\"target\":[\"https:\/\/tremdavale.org\/pt\/o-programa\/ficha-tecnica\/\"]}]},{\"@type\":\"BreadcrumbList\",\"@id\":\"https:\/\/tremdavale.org\/pt\/o-programa\/ficha-tecnica\/#breadcrumb\",\"itemListElement\":[{\"@type\":\"ListItem\",\"position\":1,\"name\":\"In\u00edcio\",\"item\":\"https:\/\/tremdavale.org\/pt\/\"},{\"@type\":\"ListItem\",\"position\":2,\"name\":\"O Programa\",\"item\":\"https:\/\/tremdavale.org\/pt\/o-programa\/\"},{\"@type\":\"ListItem\",\"position\":3,\"name\":\"Ficha T\u00e9cnica\"}]},{\"@type\":\"WebSite\",\"@id\":\"https:\/\/tremdavale.org\/pt\/#website\",\"url\":\"https:\/\/tremdavale.org\/pt\/\",\"name\":\"Trem da Vale\",\"description\":\"Programa de Educa\u00e7\u00e3o Patrimonial\",\"potentialAction\":[{\"@type\":\"SearchAction\",\"target\":{\"@type\":\"EntryPoint\",\"urlTemplate\":\"https:\/\/tremdavale.org\/pt\/?s={search_term_string}\"},\"query-input\":{\"@type\":\"PropertyValueSpecification\",\"valueRequired\":true,\"valueName\":\"search_term_string\"}}],\"inLanguage\":\"pt-PT\"}]}<\/script>\n<!-- \/ Yoast SEO plugin. -->","yoast_head_json":{"title":"Ficha T\u00e9cnica &#8212; Trem da Vale","robots":{"index":"index","follow":"follow","max-snippet":"max-snippet:-1","max-image-preview":"max-image-preview:large","max-video-preview":"max-video-preview:-1"},"canonical":"https:\/\/tremdavale.org\/pt\/o-programa\/ficha-tecnica\/","og_locale":"pt_PT","og_type":"article","og_title":"Ficha T\u00e9cnica &#8212; Trem da Vale","og_description":"PROGRAMA DE EDUCA\u00c7\u00c3O PATRIMONIAL TREM DA VALE &#8211; 2014 PROJETO E EXECU\u00c7\u00c3O: SANTA ROSA BUREAU CULTURAL &nbsp; Dire\u00e7\u00e3o: Eleonora Santa Rosa Coordena\u00e7\u00e3o T\u00e9cnica: Sylvana de Castro Pessoa Ger\u00eancia Financeira: Alessandra Oliveira Produ\u00e7\u00e3o: Patr\u00edcia Campolina Brito Assessoria Administrativa e Financeira: Christiane A. Xavier Carvalho Apoio: Joana Braga, Joana Renn\u00f3, Ricardo Vilela &hellip;","og_url":"https:\/\/tremdavale.org\/pt\/o-programa\/ficha-tecnica\/","og_site_name":"Trem da Vale","article_modified_time":"2025-10-10T11:57:00+00:00","twitter_card":"summary_large_image","twitter_misc":{"Tempo estimado de leitura":"1 minuto"},"schema":{"@context":"https:\/\/schema.org","@graph":[{"@type":"WebPage","@id":"https:\/\/tremdavale.org\/pt\/o-programa\/ficha-tecnica\/","url":"https:\/\/tremdavale.org\/pt\/o-programa\/ficha-tecnica\/","name":"Ficha T\u00e9cnica &#8212; Trem da Vale","isPartOf":{"@id":"https:\/\/tremdavale.org\/pt\/#website"},"datePublished":"2009-02-07T01:14:00+00:00","dateModified":"2025-10-10T11:57:00+00:00","breadcrumb":{"@id":"https:\/\/tremdavale.org\/pt\/o-programa\/ficha-tecnica\/#breadcrumb"},"inLanguage":"pt-PT","potentialAction":[{"@type":"ReadAction","target":["https:\/\/tremdavale.org\/pt\/o-programa\/ficha-tecnica\/"]}]},{"@type":"BreadcrumbList","@id":"https:\/\/tremdavale.org\/pt\/o-programa\/ficha-tecnica\/#breadcrumb","itemListElement":[{"@type":"ListItem","position":1,"name":"In\u00edcio","item":"https:\/\/tremdavale.org\/pt\/"},{"@type":"ListItem","position":2,"name":"O Programa","item":"https:\/\/tremdavale.org\/pt\/o-programa\/"},{"@type":"ListItem","position":3,"name":"Ficha T\u00e9cnica"}]},{"@type":"WebSite","@id":"https:\/\/tremdavale.org\/pt\/#website","url":"https:\/\/tremdavale.org\/pt\/","name":"Trem da Vale","description":"Programa de Educa\u00e7\u00e3o Patrimonial","potentialAction":[{"@type":"SearchAction","target":{"@type":"EntryPoint","urlTemplate":"https:\/\/tremdavale.org\/pt\/?s={search_term_string}"},"query-input":{"@type":"PropertyValueSpecification","valueRequired":true,"valueName":"search_term_string"}}],"inLanguage":"pt-PT"}]}},"_links":{"self":[{"href":"https:\/\/tremdavale.org\/pt\/wp-json\/wp\/v2\/pages\/22","targetHints":{"allow":["GET"]}}],"collection":[{"href":"https:\/\/tremdavale.org\/pt\/wp-json\/wp\/v2\/pages"}],"about":[{"href":"https:\/\/tremdavale.org\/pt\/wp-json\/wp\/v2\/types\/page"}],"author":[{"embeddable":true,"href":"https:\/\/tremdavale.org\/pt\/wp-json\/wp\/v2\/users\/1"}],"replies":[{"embeddable":true,"href":"https:\/\/tremdavale.org\/pt\/wp-json\/wp\/v2\/comments?post=22"}],"version-history":[{"count":0,"href":"https:\/\/tremdavale.org\/pt\/wp-json\/wp\/v2\/pages\/22\/revisions"}],"up":[{"embeddable":true,"href":"https:\/\/tremdavale.org\/pt\/wp-json\/wp\/v2\/pages\/8"}],"wp:attachment":[{"href":"https:\/\/tremdavale.org\/pt\/wp-json\/wp\/v2\/media?parent=22"}],"curies":[{"name":"wp","href":"https:\/\/api.w.org\/{rel}","templated":true}]}}