{"id":23,"date":"2009-02-07T01:11:00","date_gmt":"2009-02-07T01:11:00","guid":{"rendered":"https:\/\/tremdavale.org\/?page_id=23"},"modified":"2025-10-10T11:57:00","modified_gmt":"2025-10-10T11:57:00","slug":"institucional","status":"publish","type":"page","link":"https:\/\/tremdavale.org\/pt\/o-programa\/institucional\/","title":{"rendered":"Institucional"},"content":{"rendered":"<p><span style=\"font-family: mceinline; font-weight: bold; font-size: 13px; line-height: 19px;\">TREM DA VALE<\/span><\/p>\n<p>O Programa de Educa\u00e7\u00e3o Patrimonial Trem da Vale \u00e9 uma iniciativa da Vale por meio da Lei Federal de Incentivo \u00e0 Cultura do Minist\u00e9rio da Cultura, coordenado e executado pelo Santa Rosa Bureau Cultural e possui os seguintes parceiros: Ferrovia Centro Atl\u00e2ntica &#8211; FCA; Prefeituras de Mariana e Ouro Preto; Associa\u00e7\u00e3o Brasileira de Preserva\u00e7\u00e3o; Universidade Federal de Ouro Preto &#8211; UFOP e Funda\u00e7\u00e3o Educativa de R\u00e1dio e Televis\u00e3o Ouro Preto &#8211; FEOP.<\/p>\n<p>O Programa de Educa\u00e7\u00e3o Patrimonial Trem da Vale, abrange desde 2006 um conjunto estruturado, diversificado e integrado de a\u00e7\u00f5es culturais gratuitas de impacto, voltadas para o conhecimento, o reconhecimento e a valoriza\u00e7\u00e3o do patrim\u00f4nio cultural e natural dos munic\u00edpios de Ouro Preto e Mariana. Iniciativa sem precedentes no Brasil, o Trem da Vale insere-se numa perspectiva inovadora no \u00e2mbito da Educa\u00e7\u00e3o Patrimonial, apropriando-se de elementos da mem\u00f3ria da regi\u00e3o e contribuindo para o fortalecimento da identidade hist\u00f3rica e cultural das duas cidades. O Programa motiva a cria\u00e7\u00e3o de la\u00e7os de significa\u00e7\u00e3o e afetividade com esse rico e singular patrim\u00f4nio, tanto em seu aspecto edificado quanto em sua faceta imaterial e natural.<\/p>\n<p>As a\u00e7\u00f5es do Programa s\u00e3o voltadas primordialmente para as popula\u00e7\u00f5es locais, por interm\u00e9dio de parcerias com escolas, \u00f3rg\u00e3os p\u00fablicos e associa\u00e7\u00f5es comunit\u00e1rias. Busca-se, por meio da execu\u00e7\u00e3o de atividades de natureza diversa contribuir para a forma\u00e7\u00e3o plena dos indiv\u00edduos que integram essas comunidades, preparando-os para assumir localmente uma postura cr\u00edtica ancorada na compreens\u00e3o dos sentimentos de identidade e cidadania.<\/p>\n<p>Os espa\u00e7os fundamentais de desenvolvimento das a\u00e7\u00f5es do Programa s\u00e3o as esta\u00e7\u00f5es ferrovi\u00e1rias de Ouro Preto e Mariana, al\u00e9m do circuito de visita\u00e7\u00e3o composto por estudantes, moradores e turistas. As escolas da Rede P\u00fablica de Ensino de Mariana e Ouro Preto e locais estrat\u00e9gicos dos centros urbanos e distritos de ambos os munic\u00edpios tamb\u00e9m s\u00e3o palco de algumas das atividades externas aos per\u00edmetros das Esta\u00e7\u00f5es Ferrovi\u00e1rias.<\/p>\n<p>&nbsp;<\/p>\n","protected":false},"excerpt":{"rendered":"<p>TREM DA VALE O Programa de Educa\u00e7\u00e3o Patrimonial Trem da Vale \u00e9 uma iniciativa da Vale por meio da Lei Federal de Incentivo \u00e0 Cultura do Minist\u00e9rio da Cultura, coordenado e executado pelo Santa Rosa Bureau Cultural e possui os seguintes parceiros: Ferrovia Centro Atl\u00e2ntica &#8211; FCA; Prefeituras de Mariana &hellip;<\/p>\n","protected":false},"author":1,"featured_media":0,"parent":8,"menu_order":0,"comment_status":"closed","ping_status":"closed","template":"","meta":{"footnotes":""},"class_list":["post-23","page","type-page","status-publish","hentry"],"yoast_head":"<!-- This site is optimized with the Yoast SEO plugin v26.1.1 - https:\/\/yoast.com\/wordpress\/plugins\/seo\/ -->\n<title>Institucional &#8212; Trem da Vale<\/title>\n<meta name=\"robots\" content=\"index, follow, max-snippet:-1, max-image-preview:large, max-video-preview:-1\" \/>\n<link rel=\"canonical\" href=\"https:\/\/tremdavale.org\/pt\/o-programa\/institucional\/\" \/>\n<meta property=\"og:locale\" content=\"pt_PT\" \/>\n<meta property=\"og:type\" content=\"article\" \/>\n<meta property=\"og:title\" content=\"Institucional &#8212; Trem da Vale\" \/>\n<meta property=\"og:description\" content=\"TREM DA VALE O Programa de Educa\u00e7\u00e3o Patrimonial Trem da Vale \u00e9 uma iniciativa da Vale por meio da Lei Federal de Incentivo \u00e0 Cultura do Minist\u00e9rio da Cultura, coordenado e executado pelo Santa Rosa Bureau Cultural e possui os seguintes parceiros: Ferrovia Centro Atl\u00e2ntica &#8211; FCA; Prefeituras de Mariana &hellip;\" \/>\n<meta property=\"og:url\" content=\"https:\/\/tremdavale.org\/pt\/o-programa\/institucional\/\" \/>\n<meta property=\"og:site_name\" content=\"Trem da Vale\" \/>\n<meta property=\"article:modified_time\" content=\"2025-10-10T11:57:00+00:00\" \/>\n<meta name=\"twitter:card\" content=\"summary_large_image\" \/>\n<meta name=\"twitter:label1\" content=\"Tempo estimado de leitura\" \/>\n\t<meta name=\"twitter:data1\" content=\"2 minutos\" \/>\n<script type=\"application\/ld+json\" class=\"yoast-schema-graph\">{\"@context\":\"https:\/\/schema.org\",\"@graph\":[{\"@type\":\"WebPage\",\"@id\":\"https:\/\/tremdavale.org\/pt\/o-programa\/institucional\/\",\"url\":\"https:\/\/tremdavale.org\/pt\/o-programa\/institucional\/\",\"name\":\"Institucional &#8212; Trem da Vale\",\"isPartOf\":{\"@id\":\"https:\/\/tremdavale.org\/pt\/#website\"},\"datePublished\":\"2009-02-07T01:11:00+00:00\",\"dateModified\":\"2025-10-10T11:57:00+00:00\",\"breadcrumb\":{\"@id\":\"https:\/\/tremdavale.org\/pt\/o-programa\/institucional\/#breadcrumb\"},\"inLanguage\":\"pt-PT\",\"potentialAction\":[{\"@type\":\"ReadAction\",\"target\":[\"https:\/\/tremdavale.org\/pt\/o-programa\/institucional\/\"]}]},{\"@type\":\"BreadcrumbList\",\"@id\":\"https:\/\/tremdavale.org\/pt\/o-programa\/institucional\/#breadcrumb\",\"itemListElement\":[{\"@type\":\"ListItem\",\"position\":1,\"name\":\"In\u00edcio\",\"item\":\"https:\/\/tremdavale.org\/pt\/\"},{\"@type\":\"ListItem\",\"position\":2,\"name\":\"O Programa\",\"item\":\"https:\/\/tremdavale.org\/pt\/o-programa\/\"},{\"@type\":\"ListItem\",\"position\":3,\"name\":\"Institucional\"}]},{\"@type\":\"WebSite\",\"@id\":\"https:\/\/tremdavale.org\/pt\/#website\",\"url\":\"https:\/\/tremdavale.org\/pt\/\",\"name\":\"Trem da Vale\",\"description\":\"Programa de Educa\u00e7\u00e3o Patrimonial\",\"potentialAction\":[{\"@type\":\"SearchAction\",\"target\":{\"@type\":\"EntryPoint\",\"urlTemplate\":\"https:\/\/tremdavale.org\/pt\/?s={search_term_string}\"},\"query-input\":{\"@type\":\"PropertyValueSpecification\",\"valueRequired\":true,\"valueName\":\"search_term_string\"}}],\"inLanguage\":\"pt-PT\"}]}<\/script>\n<!-- \/ Yoast SEO plugin. -->","yoast_head_json":{"title":"Institucional &#8212; Trem da Vale","robots":{"index":"index","follow":"follow","max-snippet":"max-snippet:-1","max-image-preview":"max-image-preview:large","max-video-preview":"max-video-preview:-1"},"canonical":"https:\/\/tremdavale.org\/pt\/o-programa\/institucional\/","og_locale":"pt_PT","og_type":"article","og_title":"Institucional &#8212; Trem da Vale","og_description":"TREM DA VALE O Programa de Educa\u00e7\u00e3o Patrimonial Trem da Vale \u00e9 uma iniciativa da Vale por meio da Lei Federal de Incentivo \u00e0 Cultura do Minist\u00e9rio da Cultura, coordenado e executado pelo Santa Rosa Bureau Cultural e possui os seguintes parceiros: Ferrovia Centro Atl\u00e2ntica &#8211; FCA; Prefeituras de Mariana &hellip;","og_url":"https:\/\/tremdavale.org\/pt\/o-programa\/institucional\/","og_site_name":"Trem da Vale","article_modified_time":"2025-10-10T11:57:00+00:00","twitter_card":"summary_large_image","twitter_misc":{"Tempo estimado de leitura":"2 minutos"},"schema":{"@context":"https:\/\/schema.org","@graph":[{"@type":"WebPage","@id":"https:\/\/tremdavale.org\/pt\/o-programa\/institucional\/","url":"https:\/\/tremdavale.org\/pt\/o-programa\/institucional\/","name":"Institucional &#8212; Trem da Vale","isPartOf":{"@id":"https:\/\/tremdavale.org\/pt\/#website"},"datePublished":"2009-02-07T01:11:00+00:00","dateModified":"2025-10-10T11:57:00+00:00","breadcrumb":{"@id":"https:\/\/tremdavale.org\/pt\/o-programa\/institucional\/#breadcrumb"},"inLanguage":"pt-PT","potentialAction":[{"@type":"ReadAction","target":["https:\/\/tremdavale.org\/pt\/o-programa\/institucional\/"]}]},{"@type":"BreadcrumbList","@id":"https:\/\/tremdavale.org\/pt\/o-programa\/institucional\/#breadcrumb","itemListElement":[{"@type":"ListItem","position":1,"name":"In\u00edcio","item":"https:\/\/tremdavale.org\/pt\/"},{"@type":"ListItem","position":2,"name":"O Programa","item":"https:\/\/tremdavale.org\/pt\/o-programa\/"},{"@type":"ListItem","position":3,"name":"Institucional"}]},{"@type":"WebSite","@id":"https:\/\/tremdavale.org\/pt\/#website","url":"https:\/\/tremdavale.org\/pt\/","name":"Trem da Vale","description":"Programa de Educa\u00e7\u00e3o Patrimonial","potentialAction":[{"@type":"SearchAction","target":{"@type":"EntryPoint","urlTemplate":"https:\/\/tremdavale.org\/pt\/?s={search_term_string}"},"query-input":{"@type":"PropertyValueSpecification","valueRequired":true,"valueName":"search_term_string"}}],"inLanguage":"pt-PT"}]}},"_links":{"self":[{"href":"https:\/\/tremdavale.org\/pt\/wp-json\/wp\/v2\/pages\/23","targetHints":{"allow":["GET"]}}],"collection":[{"href":"https:\/\/tremdavale.org\/pt\/wp-json\/wp\/v2\/pages"}],"about":[{"href":"https:\/\/tremdavale.org\/pt\/wp-json\/wp\/v2\/types\/page"}],"author":[{"embeddable":true,"href":"https:\/\/tremdavale.org\/pt\/wp-json\/wp\/v2\/users\/1"}],"replies":[{"embeddable":true,"href":"https:\/\/tremdavale.org\/pt\/wp-json\/wp\/v2\/comments?post=23"}],"version-history":[{"count":0,"href":"https:\/\/tremdavale.org\/pt\/wp-json\/wp\/v2\/pages\/23\/revisions"}],"up":[{"embeddable":true,"href":"https:\/\/tremdavale.org\/pt\/wp-json\/wp\/v2\/pages\/8"}],"wp:attachment":[{"href":"https:\/\/tremdavale.org\/pt\/wp-json\/wp\/v2\/media?parent=23"}],"curies":[{"name":"wp","href":"https:\/\/api.w.org\/{rel}","templated":true}]}}