{"id":25,"date":"2009-05-21T10:26:00","date_gmt":"2009-05-21T10:26:00","guid":{"rendered":"https:\/\/tremdavale.org\/?page_id=25"},"modified":"2025-10-10T11:57:00","modified_gmt":"2025-10-10T11:57:00","slug":"premiacoes","status":"publish","type":"page","link":"https:\/\/tremdavale.org\/pt\/o-programa\/premiacoes\/","title":{"rendered":"Premia\u00e7\u00f5es"},"content":{"rendered":"<p><span>O Programa de Educa\u00e7\u00e3o Patrimonial Trem da Vale est\u00e1 hoje consolidado ap\u00f3s sete anos de funcionamento ininterrupto e conta com o reconhecimento conferido por pr\u00eamios nacionais, al\u00e9m de ter se tornado uma refer\u00eancia em Minas Gerais, Ouro Preto e Mariana, e em todo o Pa\u00eds.<\/span><\/p>\n<p>&nbsp;<\/p>\n<dl class='item-wrapper'>\n<dt class='item-title' title='Mostrar as informa\u00e7\u00f5es' id='item-324'>Pr\u00eamio Rodrigo Melo Franco de Andrade &#8211; 2007&nbsp;<span title=\"Mostrar as informa\u00e7\u00f5es\">[+]<\/span><\/dt>\n<dd>\n<p>&nbsp;<\/p>\n<h3>Pr\u00eamio Rodrigo Melo Franco de Andrade &#8211; 2007<\/h3>\n<p style=\"text-align: justify;\">O Trem da Vale foi agraciado pelo Instituto do Patrim\u00f4nio Hist\u00f3rico e Art\u00edstico Nacional (IPHAN), que concedeu ao programa a Men\u00e7\u00e3o Honrosa do Pr\u00eamio Rodrigo Melo Franco de Andrade, em reconhecimento a a\u00e7\u00f5es de prote\u00e7\u00e3o, preserva\u00e7\u00e3o e divulga\u00e7\u00e3o do patrim\u00f4nio cultural brasileiro. O Pr\u00eamio procura estimular e valorizar todos aqueles que atuam em favor da preserva\u00e7\u00e3o do patrim\u00f4nio cultural brasileiro.<\/p>\n<p>&nbsp;<\/p>\n<\/dd>\n<\/dl>\n<dl class='item-wrapper'>\n<dt class='item-title' title='Mostrar as informa\u00e7\u00f5es' id='item-1682'>Pr\u00eamio Aberje Categoria Regional e Nacional &#8211; 2007&nbsp;<span title=\"Mostrar as informa\u00e7\u00f5es\">[+]<\/span><\/dt>\n<dd>\n<p>&nbsp;<\/p>\n<h3>Pr\u00eamio Aberje Categoria Regional e Nacional &#8211; 2007<\/h3>\n<p style=\"text-align: justify;\">O Programa de Educa\u00e7\u00e3o Patrimonial Trem da Vale recebeu o Pr\u00eamio da Associa\u00e7\u00e3o Brasileira de Comunica\u00e7\u00e3o Empresarial (ABERJE) \u2013 33\u00aa edi\u00e7\u00e3o, em 2007. O Trem da Vale foi premiado na categoria Responsabilidade Hist\u00f3rica e Mem\u00f3ria Empresarial, concorrendo com outros projetos culturais de todo o Brasil. A premia\u00e7\u00e3o reconhece a excel\u00eancia da comunica\u00e7\u00e3o organizacional do Programa em trabalhos de preserva\u00e7\u00e3o, valoriza\u00e7\u00e3o e difus\u00e3o da mem\u00f3ria das comunidades em que a Vale atua.<\/p>\n<p>&nbsp;<\/p>\n<\/dd>\n<\/dl>\n<dl class='item-wrapper'>\n<dt class='item-title' title='Mostrar as informa\u00e7\u00f5es' id='item-1663'>Pr\u00eamio Cultura Viva &#8211; Vale Registrar &#8211; 2007&nbsp;<span title=\"Mostrar as informa\u00e7\u00f5es\">[+]<\/span><\/dt>\n<dd>\n<p>&nbsp;<\/p>\n<h3>Pr\u00eamio Cultura Viva &#8211; Vale Registrar &#8211; 2007<\/h3>\n<p style=\"text-align: justify;\">O Vale Registrar foi selecionado como um dos cinco finalistas do Pr\u00eamio Cultura Viva, do Minist\u00e9rio da Cultura, escolhido em fun\u00e7\u00e3o das caracter\u00edsticas e singularidades de seu trabalho no campo da Hist\u00f3ria Oral. O Pr\u00eamio \u00e9 dirigido a pr\u00e1ticas culturais e educativas, envolvendo o campo das artes, do patrim\u00f4nio cultural e da comunica\u00e7\u00e3o cultural, desenvolvidas nas comunidades e com a participa\u00e7\u00e3o ativa das mesmas.<\/p>\n<p>&nbsp;<\/p>\n<\/dd>\n<\/dl>\n<dl class='item-wrapper'>\n<dt class='item-title' title='Mostrar as informa\u00e7\u00f5es' id='item-3546'><span>Melhor projeto de infra-estrutura tur\u00edstica, eleito pelo<\/span> <span><em>Guia 4 Rodas &#8211; 2007<\/em><\/span>&nbsp;<span title=\"Mostrar as informa\u00e7\u00f5es\">[+]<\/span><\/dt>\n<dd>\n<p>&nbsp;<\/p>\n<p><strong><span>Melhor projeto de infra-estrutura tur\u00edstica, eleito pelo<\/span> <span><em>Guia 4 Rodas<\/em><\/span> &#8211; 2007<\/strong><\/p>\n<p style=\"text-align: justify;\">Em 2007, o Trem da Vale foi eleito o melhor projeto de infra-estrutura tur\u00edstica pelo Guia 4 Rodas.&nbsp;<\/p>\n<p>&nbsp;<\/p>\n<\/dd>\n<\/dl>\n<dl class='item-wrapper'>\n<dt class='item-title' title='Mostrar as informa\u00e7\u00f5es' id='item-6703'>Pr\u00eamio Pontos de Leitura \u2013 Edi\u00e7\u00e3o Machado de Assis &#8211; 2008&nbsp;<span title=\"Mostrar as informa\u00e7\u00f5es\">[+]<\/span><\/dt>\n<dd>\n<p>&nbsp;<\/p>\n<h3>Pr\u00eamio Pontos de Leitura \u2013 Edi\u00e7\u00e3o Machado de Assis&nbsp;&#8211; 2008<\/h3>\n<p style=\"text-align: justify;\">A Biblioteca Infanto-Juvenil da Esta\u00e7\u00e3o de Mariana foi uma das iniciativas selecionadas na primeira edi\u00e7\u00e3o do Concurso Pontos de Leitura &#8211; Edi\u00e7\u00e3o Machado de Assis, promovido pelo Minist\u00e9rio da Cultura em 2008. O Concurso reconhece a\u00e7\u00f5es que democratizam o acesso ao livro e incentivam a pr\u00e1tica da leitura. Por ter sido selecionada, a Biblioteca Infanto-Juvenil da Esta\u00e7\u00e3o de Mariana recebeu um kit composto por 500 livros: 50% de obras de fic\u00e7\u00e3o, 25% de n\u00e3o-fic\u00e7\u00e3o e 25% de refer\u00eancia; um computador; uma impressora; e mobili\u00e1rio b\u00e1sico.<\/p>\n<p>&nbsp;<\/p>\n<\/dd>\n<\/dl>\n<dl class='item-wrapper'>\n<dt class='item-title' title='Mostrar as informa\u00e7\u00f5es' id='item-6345'>Pr\u00eamio Aberje &#8211; Categoria Responsabilidade Hist\u00f3rica e Mem\u00f3ria Empresarial &#8211; 2009&nbsp;<span title=\"Mostrar as informa\u00e7\u00f5es\">[+]<\/span><\/dt>\n<dd>\n<p>&nbsp;<\/p>\n<h3>Pr\u00eamio Aberje &#8211; Categoria Responsabilidade Hist\u00f3rica e Mem\u00f3ria Empresarial &#8211; 2009<\/h3>\n<p style=\"text-align: justify;\">O Vale Registrar foi ganhador da etapa regional da 35\u00aa edi\u00e7\u00e3o do Pr\u00eamio da Associa\u00e7\u00e3o Brasileira de Comunica\u00e7\u00e3o Empresarial (ABERJE), na categoria Responsabilidade Hist\u00f3rica e Mem\u00f3ria Empresarial. O Pr\u00eamio elege as melhores iniciativas de comunica\u00e7\u00e3o organizacional desenvolvidas em todo o pa\u00eds, e confere premia\u00e7\u00f5es a organiza\u00e7\u00f5es, institui\u00e7\u00f5es e \u00f3rg\u00e3os p\u00fablicos com a\u00e7\u00f5es de destaque.<\/p>\n<p>&nbsp;<\/p>\n<\/dd>\n<\/dl>\n<dl class='item-wrapper'>\n<dt class='item-title' title='Mostrar as informa\u00e7\u00f5es' id='item-7412'>Pr\u00eamio do Conselho Regional de Biblioteconomia &#8211; 2010&nbsp;<span title=\"Mostrar as informa\u00e7\u00f5es\">[+]<\/span><\/dt>\n<dd>\n<p>&nbsp;<\/p>\n<h3>Pr\u00eamio do Conselho Regional de Biblioteconomia &#8211; 2010<\/h3>\n<p style=\"text-align: justify;\"><span>Em 2010, a Biblioteca Infanto-Juvenil da Esta\u00e7\u00e3o de Mariana foi agraciada com a Medalha Etelvina Lima, concedida pelo Conselho Regional de Biblioteconomia, como reconhecimento a sua atua\u00e7\u00e3o, no \u00e2mbito do estado de Minas Gerais, em prol da leitura e da Biblioteconomia.<\/span><\/p>\n<p>&nbsp;<\/p>\n<\/dd>\n<\/dl>\n<dl class='item-wrapper'>\n<dt class='item-title' title='Mostrar as informa\u00e7\u00f5es' id='item-3577'><span>Pr\u00eamio Aleijadinho de Responsabilidade Social 2013 &#8211; Funda\u00e7\u00e3o Ant\u00f4nio Francisco Lisboa<\/span><span>&nbsp;<span title=\"Mostrar as informa\u00e7\u00f5es\">[+]<\/span><\/span><\/dt>\n<dd>\n<h3>Pr\u00eamio Aleijadinho de Responsabilidade Social 2013 &#8211; Funda\u00e7\u00e3o Ant\u00f4nio Francisco Lisboa<\/h3>\n<p><span>O Programa de Educa\u00e7\u00e3o Patrimonial Trem da Vale recebeu indica\u00e7\u00e3o da comunidade local para concorrer ao<\/span> <em>Pr\u00eamio Funda\u00e7\u00e3o Aleijadinho de Responsabilidade Social,<\/em> <span>categoria<\/span><em>Gratid\u00e3o e Honra*<\/em><span>.<\/span> <span>A indica\u00e7\u00e3o do Trem da Vale significou um importante reconhecimento do trabalho desenvolvido, sob a perspectiva inovadora da Educa\u00e7\u00e3o Patrimonial, com as comunidades locais, ao longo da trajet\u00f3ria de sete anos do Programa.<\/span><\/p>\n<p>&nbsp;<\/p>\n<\/dd>\n<\/dl>\n<p>&nbsp;<\/p>\n","protected":false},"excerpt":{"rendered":"<p>O Programa de Educa\u00e7\u00e3o Patrimonial Trem da Vale est\u00e1 hoje consolidado ap\u00f3s sete anos de funcionamento ininterrupto e conta com o reconhecimento conferido por pr\u00eamios nacionais, al\u00e9m de ter se tornado uma refer\u00eancia em Minas Gerais, Ouro Preto e Mariana, e em todo o Pa\u00eds. &nbsp; Pr\u00eamio Rodrigo Melo Franco &hellip;<\/p>\n","protected":false},"author":1,"featured_media":0,"parent":8,"menu_order":0,"comment_status":"closed","ping_status":"closed","template":"","meta":{"footnotes":""},"class_list":["post-25","page","type-page","status-publish","hentry"],"yoast_head":"<!-- This site is optimized with the Yoast SEO plugin v26.1.1 - https:\/\/yoast.com\/wordpress\/plugins\/seo\/ -->\n<title>Premia\u00e7\u00f5es &#8212; Trem da Vale<\/title>\n<meta name=\"robots\" content=\"index, follow, max-snippet:-1, max-image-preview:large, max-video-preview:-1\" \/>\n<link rel=\"canonical\" href=\"https:\/\/tremdavale.org\/pt\/o-programa\/premiacoes\/\" \/>\n<meta property=\"og:locale\" content=\"pt_PT\" \/>\n<meta property=\"og:type\" content=\"article\" \/>\n<meta property=\"og:title\" content=\"Premia\u00e7\u00f5es &#8212; Trem da Vale\" \/>\n<meta property=\"og:description\" content=\"O Programa de Educa\u00e7\u00e3o Patrimonial Trem da Vale est\u00e1 hoje consolidado ap\u00f3s sete anos de funcionamento ininterrupto e conta com o reconhecimento conferido por pr\u00eamios nacionais, al\u00e9m de ter se tornado uma refer\u00eancia em Minas Gerais, Ouro Preto e Mariana, e em todo o Pa\u00eds. &nbsp; Pr\u00eamio Rodrigo Melo Franco &hellip;\" \/>\n<meta property=\"og:url\" content=\"https:\/\/tremdavale.org\/pt\/o-programa\/premiacoes\/\" \/>\n<meta property=\"og:site_name\" content=\"Trem da Vale\" \/>\n<meta property=\"article:modified_time\" content=\"2025-10-10T11:57:00+00:00\" \/>\n<meta name=\"twitter:card\" content=\"summary_large_image\" \/>\n<meta name=\"twitter:label1\" content=\"Tempo estimado de leitura\" \/>\n\t<meta name=\"twitter:data1\" content=\"4 minutos\" \/>\n<script type=\"application\/ld+json\" class=\"yoast-schema-graph\">{\"@context\":\"https:\/\/schema.org\",\"@graph\":[{\"@type\":\"WebPage\",\"@id\":\"https:\/\/tremdavale.org\/pt\/o-programa\/premiacoes\/\",\"url\":\"https:\/\/tremdavale.org\/pt\/o-programa\/premiacoes\/\",\"name\":\"Premia\u00e7\u00f5es &#8212; Trem da Vale\",\"isPartOf\":{\"@id\":\"https:\/\/tremdavale.org\/pt\/#website\"},\"datePublished\":\"2009-05-21T10:26:00+00:00\",\"dateModified\":\"2025-10-10T11:57:00+00:00\",\"breadcrumb\":{\"@id\":\"https:\/\/tremdavale.org\/pt\/o-programa\/premiacoes\/#breadcrumb\"},\"inLanguage\":\"pt-PT\",\"potentialAction\":[{\"@type\":\"ReadAction\",\"target\":[\"https:\/\/tremdavale.org\/pt\/o-programa\/premiacoes\/\"]}]},{\"@type\":\"BreadcrumbList\",\"@id\":\"https:\/\/tremdavale.org\/pt\/o-programa\/premiacoes\/#breadcrumb\",\"itemListElement\":[{\"@type\":\"ListItem\",\"position\":1,\"name\":\"In\u00edcio\",\"item\":\"https:\/\/tremdavale.org\/pt\/\"},{\"@type\":\"ListItem\",\"position\":2,\"name\":\"O Programa\",\"item\":\"https:\/\/tremdavale.org\/pt\/o-programa\/\"},{\"@type\":\"ListItem\",\"position\":3,\"name\":\"Premia\u00e7\u00f5es\"}]},{\"@type\":\"WebSite\",\"@id\":\"https:\/\/tremdavale.org\/pt\/#website\",\"url\":\"https:\/\/tremdavale.org\/pt\/\",\"name\":\"Trem da Vale\",\"description\":\"Programa de Educa\u00e7\u00e3o Patrimonial\",\"potentialAction\":[{\"@type\":\"SearchAction\",\"target\":{\"@type\":\"EntryPoint\",\"urlTemplate\":\"https:\/\/tremdavale.org\/pt\/?s={search_term_string}\"},\"query-input\":{\"@type\":\"PropertyValueSpecification\",\"valueRequired\":true,\"valueName\":\"search_term_string\"}}],\"inLanguage\":\"pt-PT\"}]}<\/script>\n<!-- \/ Yoast SEO plugin. -->","yoast_head_json":{"title":"Premia\u00e7\u00f5es &#8212; Trem da Vale","robots":{"index":"index","follow":"follow","max-snippet":"max-snippet:-1","max-image-preview":"max-image-preview:large","max-video-preview":"max-video-preview:-1"},"canonical":"https:\/\/tremdavale.org\/pt\/o-programa\/premiacoes\/","og_locale":"pt_PT","og_type":"article","og_title":"Premia\u00e7\u00f5es &#8212; Trem da Vale","og_description":"O Programa de Educa\u00e7\u00e3o Patrimonial Trem da Vale est\u00e1 hoje consolidado ap\u00f3s sete anos de funcionamento ininterrupto e conta com o reconhecimento conferido por pr\u00eamios nacionais, al\u00e9m de ter se tornado uma refer\u00eancia em Minas Gerais, Ouro Preto e Mariana, e em todo o Pa\u00eds. &nbsp; Pr\u00eamio Rodrigo Melo Franco &hellip;","og_url":"https:\/\/tremdavale.org\/pt\/o-programa\/premiacoes\/","og_site_name":"Trem da Vale","article_modified_time":"2025-10-10T11:57:00+00:00","twitter_card":"summary_large_image","twitter_misc":{"Tempo estimado de leitura":"4 minutos"},"schema":{"@context":"https:\/\/schema.org","@graph":[{"@type":"WebPage","@id":"https:\/\/tremdavale.org\/pt\/o-programa\/premiacoes\/","url":"https:\/\/tremdavale.org\/pt\/o-programa\/premiacoes\/","name":"Premia\u00e7\u00f5es &#8212; Trem da Vale","isPartOf":{"@id":"https:\/\/tremdavale.org\/pt\/#website"},"datePublished":"2009-05-21T10:26:00+00:00","dateModified":"2025-10-10T11:57:00+00:00","breadcrumb":{"@id":"https:\/\/tremdavale.org\/pt\/o-programa\/premiacoes\/#breadcrumb"},"inLanguage":"pt-PT","potentialAction":[{"@type":"ReadAction","target":["https:\/\/tremdavale.org\/pt\/o-programa\/premiacoes\/"]}]},{"@type":"BreadcrumbList","@id":"https:\/\/tremdavale.org\/pt\/o-programa\/premiacoes\/#breadcrumb","itemListElement":[{"@type":"ListItem","position":1,"name":"In\u00edcio","item":"https:\/\/tremdavale.org\/pt\/"},{"@type":"ListItem","position":2,"name":"O Programa","item":"https:\/\/tremdavale.org\/pt\/o-programa\/"},{"@type":"ListItem","position":3,"name":"Premia\u00e7\u00f5es"}]},{"@type":"WebSite","@id":"https:\/\/tremdavale.org\/pt\/#website","url":"https:\/\/tremdavale.org\/pt\/","name":"Trem da Vale","description":"Programa de Educa\u00e7\u00e3o Patrimonial","potentialAction":[{"@type":"SearchAction","target":{"@type":"EntryPoint","urlTemplate":"https:\/\/tremdavale.org\/pt\/?s={search_term_string}"},"query-input":{"@type":"PropertyValueSpecification","valueRequired":true,"valueName":"search_term_string"}}],"inLanguage":"pt-PT"}]}},"_links":{"self":[{"href":"https:\/\/tremdavale.org\/pt\/wp-json\/wp\/v2\/pages\/25","targetHints":{"allow":["GET"]}}],"collection":[{"href":"https:\/\/tremdavale.org\/pt\/wp-json\/wp\/v2\/pages"}],"about":[{"href":"https:\/\/tremdavale.org\/pt\/wp-json\/wp\/v2\/types\/page"}],"author":[{"embeddable":true,"href":"https:\/\/tremdavale.org\/pt\/wp-json\/wp\/v2\/users\/1"}],"replies":[{"embeddable":true,"href":"https:\/\/tremdavale.org\/pt\/wp-json\/wp\/v2\/comments?post=25"}],"version-history":[{"count":0,"href":"https:\/\/tremdavale.org\/pt\/wp-json\/wp\/v2\/pages\/25\/revisions"}],"up":[{"embeddable":true,"href":"https:\/\/tremdavale.org\/pt\/wp-json\/wp\/v2\/pages\/8"}],"wp:attachment":[{"href":"https:\/\/tremdavale.org\/pt\/wp-json\/wp\/v2\/media?parent=25"}],"curies":[{"name":"wp","href":"https:\/\/api.w.org\/{rel}","templated":true}]}}