{"id":26,"date":"2009-10-15T10:27:00","date_gmt":"2009-10-15T10:27:00","guid":{"rendered":"https:\/\/tremdavale.org\/?page_id=26"},"modified":"2025-10-10T11:57:00","modified_gmt":"2025-10-10T11:57:00","slug":"reconhecimento","status":"publish","type":"page","link":"https:\/\/tremdavale.org\/pt\/o-programa\/reconhecimento\/","title":{"rendered":"Reconhecimento"},"content":{"rendered":"<p style=\"text-align: justify;\">Desde sua implanta\u00e7\u00e3o, o Programa de Educa\u00e7\u00e3o Patrimonial Trem da Vale realiza em Ouro Preto e Mariana viagens de trem e atividades nos espa\u00e7os culturais da esta\u00e7\u00e3o, oferecendo aos membros da comunidade, aos alunos e professores de escolas da regi\u00e3o, e aos turistas, um local de lazer e de forma\u00e7\u00e3o.<\/p>\n<p style=\"text-align: justify;\">Crian\u00e7as e adultos que participaram das atividades manifestaram sua satisfa\u00e7\u00e3o em rela\u00e7\u00e3o ao Programa por meio de ilustra\u00e7\u00f5es, cartas e e-mails, reconhecendo a import\u00e2ncia do Trem da Vale nas comunidades em que atua.<\/p>\n<p style=\"text-align: center;\"><img loading=\"lazy\" decoding=\"async\" class=\"size-large aligncenter\" title=\"Reconhecimento\" src=\"\/wp-content\/uploads\/photo1-1023x716.jpg\" alt=\"Reconhecimento\" width=\"460\" height=\"289\"><\/p>\n<h3>Veja alguns desses depoimentos:<\/h3>\n<p>&nbsp;<\/p>\n<dl class='item-wrapper'>\n<dt class='item-title' title='Mostrar as informa\u00e7\u00f5es' id='item-230'>Depoentes do Trem da Vale&nbsp;<span title=\"Mostrar as informa\u00e7\u00f5es\">[+]<\/span><\/dt>\n<dd>\n<p>&nbsp;<\/p>\n<p><span><em>Prezados Organizadores dos Jogos Liter\u00e1rios \u2013 F\u00f3rum das Letrinhas \u2013 Trem da Vale,<\/em><\/span><\/p>\n<p><span><em>o III Jogos Liter\u00e1rios das Bibliotecas das Esta\u00e7\u00f5es, realizado pelo F\u00f3rum das Letrinhas &#8211; Trem da Vale, no dia 28\/05, foi um dos mais significativos eventos realizado no ano de 2013. As atividades, l\u00fadicas e prazerosas, proporcionaram aos nossos alunos mais uma oportunidade de despertarem o gosto pela leitura.<\/em><\/span><\/p>\n<p><span><em>Queremos, nesta ocasi\u00e3o, parabenizar os organizadores das atividades culturais, os colaboradores e a todos \u00e0queles que participaram e contribu\u00edram para o sucesso desse brilhante evento.<\/em><\/span><\/p>\n<p style=\"text-align: left;\"><span><em>Em nome da dire\u00e7\u00e3o, da coordena\u00e7\u00e3o pedag\u00f3gica, da professora de L\u00edngua Portuguesa e dos alunos, agradecemos-lhes pela oportunidade de participarmos desse evento cultural, e renovarmos nossa manifesta\u00e7\u00e3o de apre\u00e7o e considera\u00e7\u00e3o pelas atividades que foram desenvolvidas nos Jogos Liter\u00e1rios-F\u00f3rum das Letrinhas<\/em>. &nbsp; &nbsp; &nbsp; &nbsp; &nbsp; &nbsp; &nbsp; &nbsp; &nbsp; &nbsp; &nbsp; <strong>Equipe CAOP.<\/strong><\/span><\/p>\n<p style=\"text-align: left;\"><span><em>A maravilhosa Equipe do Vale Registrar, o<\/em><\/span><em>s meus mais sinceros agradecimentos pelos momentos de alegria que me proporcionaram nos \u00faltimos anos, isso muito me engrandeceu.<\/em> <em>Desejo a todos voc\u00eas um Feliz Natal e um 2012 cheio de realiza\u00e7\u00f5es.<\/em><\/p>\n<p><em><\/em><em>Que esta conceituada empresa, Vale do Rio Doce, continue trazendo desenvolvimento e progresso para nosso munic\u00edpio. Um abra\u00e7o carinhoso.<\/em><\/p>\n<p style=\"text-align: right;\"><span><strong>Zita Carneiro, depoente do Vale Registrar.<\/strong><\/span><\/p>\n<p><em>Como filha de ferrovi\u00e1rio tive o prazer de voltar \u00e0 minha inf\u00e2ncia ao passear na Maria Fuma\u00e7a.Agrade\u00e7o e parabenizo a Vale pelo excelente trabalho na restaura\u00e7\u00e3o dos vag\u00f5es e das esta\u00e7\u00f5es do trajeto Ouro Preto-Mariana. Sou uma pessoa muito cr\u00edtica, at\u00e9 por conta de minha profiss\u00e3o, e para mim voc\u00eas chegaram \u00e0 perfei\u00e7\u00e3o. Todos os detalhes foram lembrados e bem cuidados, n\u00e3o faltou nem as m\u00fasicas do Milton Nascimento!! Confesso que desta vez, depois de um longo tempo, tive orgulho de ser brasileira, de verdade!!!<\/em><\/p>\n<p><em><\/em><\/p>\n<p><em>Fa\u00e7o votos que continuem com esse belo trabalho!<\/em><\/p>\n<p style=\"text-align: right;\"><strong>Rubia Patricio Sbrama, professora universit\u00e1ria e consultora de empresa.<\/strong><\/p>\n<p style=\"text-align: left;\"><em>Apenas gostaria de deixar registrado que fa\u00e7o essa viagem de trem com meus alunos do Centro Universit\u00e1rio S\u00e3o Jos\u00e9 de Itaperuna todos os anos e que a gentileza da funcion\u00e1ria Rosali da bilheteria no contato via e-mail e via telefone nos faz acreditar que o mundo e o trato com as pessoas tem jeito. Pode parecer que a atitude de sua funcion\u00e1ria n\u00e3o \u00e9 mais que a obriga\u00e7\u00e3o dela. \u00c9 verdade. Somos pagos para desempenhar nossas tarefas e devemos faz\u00ea-la sempre muito bem. Mas h\u00e1 uma grande diferen\u00e7a em execut\u00e1-la e execut\u00e1-la com amor. Um abra\u00e7o carinhoso dos 50 passageiros do CUSJose e da prof\u2019\u00aa Ana L\u00f9cia.<\/em><\/p>\n<p style=\"text-align: right;\"><strong>Ana L\u00facia Lima da Costa, professora universit\u00e1ria.<\/strong><\/p>\n<p style=\"text-align: left;\"><em>Em nome da Escola Municipal Ren\u00ea Giannetti felicitamos a iniciativa e os trabalhos desenvolvidos pela Empresa, bem como os projetos do \u201cTrem da Vale\u201d. Saibam o quanto somos favorecidos pela cultura vivenciada na conviv\u00eancia com voc\u00eas! Parab\u00e9ns! Milhares de 5 anos sempre!<\/em><\/p>\n<p style=\"text-align: right;\"><strong>C\u00e9lia da Fonseca Sim\u00e3o da Silva, professora.<\/strong><\/p>\n<p>&nbsp;<\/p>\n<p style=\"text-align: left;\"><em>Feliz de tenerlos cerca mio. Increible! Desde Argentina muchas felicidades por el proyecto! Gracias!<\/em><\/p>\n<p style=\"text-align: right;\"><strong>Ver\u00f3nica Almir\u00f3n, estudante. [Posadas, Argentina].<\/strong><\/p>\n<p>&nbsp;<\/p>\n<\/dd>\n<\/dl>\n<dl class='item-wrapper'>\n<dt class='item-title' title='Mostrar as informa\u00e7\u00f5es' id='item-851'>Depoentes do Vale Registrar&nbsp;<span title=\"Mostrar as informa\u00e7\u00f5es\">[+]<\/span><\/dt>\n<dd>\n<p>&nbsp;<\/p>\n<p style=\"text-align: left;\"><em>Recebi o livro \u201cFios e Tramas\u201d fruto do not\u00e1vel trabalho de pesquisa feitos por voc\u00eas. Corri os olhos em alguns pontos e fiquei extasiada. Pensei o quanto meu pai teria gostado de participar deste trabalho e ver o fruto final. Voc\u00eas est\u00e3o de parab\u00e9ns &#8211; toda a equipe. Vou ler com carinho todo o livro e depois ele far\u00e1 parte do acervo do Instituto Cultural Maria de Castro.<\/em><\/p>\n<p><strong>Patr\u00edcia Nogueira<\/strong><\/p>\n<p>\n<span style=\"font-style: italic;\">Fico muito contente, porque isso \u00e9 uma coisa, \u00e9 uma heran\u00e7a que meus netos, bisnetos\u2026 Isso vai ficar na hist\u00f3ria da fam\u00edlia. Muitas coisas pelas quais eu passei, nem para meus netos eu ainda tive tempo de ficar explicando. E eles, com pouco tempo, v\u00e3o saber da vida da gente toda, n\u00e3o \u00e9? (\u2026) Foi uma alegria para a gente esse Trem da Vale. No entendimento dos meus netos, isso j\u00e1 era morto porque n\u00e3o existia mais o trem aqui. E como foi boa essa hist\u00f3ria, agora, do Trem da Vale!<\/span><\/p>\n<p><strong>Elza Silveira Fonseca, dona de casa, entrevista do eixo Hist\u00f3ria Tem\u00e1tica, tema Ferrovia<\/strong><\/p>\n<p><em>As pessoas dizem que o passado n\u00e3o deve ser lembrado. Eu acho que sim, sabe? A gente tem as historiazinhas\u2026 A gente tem muita coisa para contar. E eu quero agradecer esta oportunidade. Espero tamb\u00e9m, mais tarde a\u00ed, ver outros depoimentos, porque s\u00e3o coisas que marcaram a nossa vida e \u00e9 muito importante a gente relembrar. Ent\u00e3o eu quero ter a oportunidade, inclusive, de ver alguns outros depoimentos. Quem sabe? Deve ter muito conhecido meu a\u00ed.<\/em><\/p>\n<p><strong>Andr\u00e9 Luiz Cota, supervisor geral de manuten\u00e7\u00e3o de equipamentos, entrevista do eixo Hist\u00f3ria Tem\u00e1tica, tema Minera\u00e7\u00e3o<\/strong><\/p>\n<p><em>Eu cumprimento a Vale pela preserva\u00e7\u00e3o das hist\u00f3rias verdadeiras ou fantasiosas de quem presta depoimento. No meu caso, eu afirmo que muita coisa eu vi &#8211; a maioria &#8211; e muita coisa foi confi\u00e1vel, porque me foi contada por pai e m\u00e3e.<\/em><\/p>\n<p><strong>Jos\u00e9 Ramos Dias, professor universit\u00e1rio, entrevista do eixo Hist\u00f3ria Tem\u00e1tica, tema Ferrovia<\/strong><\/p>\n<p><em>Eu quero agradecer a voc\u00eas a gentileza, a bondade, a educa\u00e7\u00e3o e o carinho com que me receberam. Ouviram tanta hist\u00f3ria que eu n\u00e3o sei como vou agradecer a bondade de ficarem assentados por todo esse tempo, ouvindo essa lorota que eu falei.<\/em><\/p>\n<p><strong>Gracinda Bay\u00e3o Toffolo, comerciante, entrevista do eixo Hist\u00f3ria de Vida<\/strong><\/p>\n<p><em>Acredito at\u00e9 que seja, em termos empresariais, uma iniciativa pioneira registrar a hist\u00f3ria da minera\u00e7\u00e3o de uma regi\u00e3o, de pessoas que podem dar seu depoimento. Acredito que o futuro vai agradecer bastante esse trabalho da Vale.<\/em><\/p>\n<p><strong>Wagner Colombarolli, empres\u00e1rio, entrevista do eixo Hist\u00f3ria Tem\u00e1tica, tema Minera\u00e7\u00e3o<\/strong><\/p>\n<p>&nbsp;<\/p>\n<\/dd>\n<\/dl>\n<dl class='item-wrapper'>\n<dt class='item-title' title='Mostrar as informa\u00e7\u00f5es' id='item-3478'>Alunos do Curso de V\u00eddeo sobre o Patrim\u00f4nio Cultural&nbsp;<span title=\"Mostrar as informa\u00e7\u00f5es\">[+]<\/span><\/dt>\n<dd>\n<p>&nbsp;<\/p>\n<p><em>A id\u00e9ia de falar de patrim\u00f4nio no v\u00eddeo \u00e9 um trabalho instigante e desafiador. Assim eu vejo o curso no Trem da Vale.<\/em><\/p>\n<p><strong>Celmar Ata\u00eddes J\u00fanior, participante do curso em novembro\/dezembro de 2006<\/strong><\/p>\n<p><em>O curso de v\u00eddeo sobre o patrim\u00f4nio cultural foi um \u00f3timo exerc\u00edcio de inicia\u00e7\u00e3o e aprimoramento no que diz respeito a t\u00e9cnicas de filmagens, cria\u00e7\u00e3o de roteiro, no\u00e7\u00e3o das in\u00fameras possibilidades no processo de edi\u00e7\u00e3o e produ\u00e7\u00e3o num modo geral de uma filmagem. O trabalho de conclus\u00e3o de curso, como sendo a cria\u00e7\u00e3o de um document\u00e1rio sobre o patrim\u00f4nio cultural, possibilita n\u00e3o s\u00f3 confrontar a teoria com a pr\u00e1tica de grava\u00e7\u00e3o, mas tamb\u00e9m registrar e criar produtos significativos sobre o patrim\u00f4nio cultural da cidade de Mariana e Ouro Preto, seja ele material ou imaterial, bem como aprofundar o olhar sobre o mesmo.Agrade\u00e7o a oportunidade!<\/em><\/p>\n<p><strong>Rafael Almeida Santos, participante do curso em novembro\/dezembro de 2006 e, hoje, apoio t\u00e9cnico do subprograma Vale Registrar<\/strong><\/p>\n<p><em>O curso \u00e9 muito rico ao abranger aspectos t\u00e9cnicos e est\u00e9ticos da produ\u00e7\u00e3o de v\u00eddeo. Todos os professores s\u00e3o atenciosos e d\u00e3o oportunidade para os oficineiros criarem com liberdade, sob orienta\u00e7\u00f5es e interessantes sugest\u00f5es. O curso d\u00e1 oportunidade de desenvolvermos um olhar diferente sobre o patrim\u00f4nio material e imaterial, na medida em que as possibilidades de representa\u00e7\u00e3o destes chega ao infinito com os recursos de cinema.<\/em><\/p>\n<p><strong>Participante do curso de v\u00eddeo em fevereiro de 2007<\/strong><\/p>\n<p><em>A oficina oferece muitos recursos novos, dos quais podemos utilizar para a constru\u00e7\u00e3o de sentidos em rela\u00e7\u00e3o ao patrim\u00f4nio cultural.<\/em><\/p>\n<p><strong>Participante do curso de v\u00eddeo em fevereiro de 2007<\/strong><\/p>\n<p><em>O curso foi excelente, o tempo muito bem aproveitado, valeu a pena reservar nosso tempo para participar do mesmo. Os profissionais passaram com seguran\u00e7a todas as informa\u00e7\u00f5es b\u00e1sicas, tiveram muita paci\u00eancia para responder e esclarecer todas as d\u00favidas. Participamos de todas as etapas da elabora\u00e7\u00e3o de nosso v\u00eddeo, deu para entrar em contato com novas linguagens. O curso despertou em mim o desejo de trabalhar o recurso audiovisual com meus alunos, envolvendo-os em todas as etapas do processo.<\/em><\/p>\n<p><strong>Walleska, participante do Curso de V\u00eddeo em Educa\u00e7\u00e3o Patrimonial para Professores, realizado em setembro\/outubro de 2007<\/strong><\/p>\n<p><em>O curso ampliou a perspectiva de utiliza\u00e7\u00e3o de recursos pedag\u00f3gicos. Ampliou a educa\u00e7\u00e3o do olhar sobre o \u2018objeto\u2019 produzido de forma cr\u00edtica. Oportunizou o contato com a \u2018linguagem\u2019 do v\u00eddeo e seu funcionamento.<\/em><\/p>\n<p><strong>Maria da Trindade Carneiro, participante do Curso de V\u00eddeo em Educa\u00e7\u00e3o Patrimonial para Professores, realizado em setembro\/outubro de 2007<\/strong><\/p>\n<p><em>A experi\u00eancia foi bastante gratificante. O curso possibilitou refletir sobre as v\u00e1rias possibilidades de trabalho a partir da linguagem visual atrav\u00e9s do uso do v\u00eddeo.A orienta\u00e7\u00e3o do olhar para os m\u00faltiplos sentidos, para a sensibilidade a partir do objeto escolhido, despertou-nos tamb\u00e9m para a necessidade de definir melhor e \u2018refinar\u2019 as informa\u00e7\u00f5es atrav\u00e9s da capacidade de s\u00edntese, tornando fundamental chegar a um resultado cada vez mais interessante e criativo.<\/em><\/p>\n<p><strong>Elizete Aparecida Lima, participante do Curso de V\u00eddeo em Educa\u00e7\u00e3o Patrimonial para Professores, realizado em setembro\/outubro de 2007<\/strong><\/p>\n<p><em>O curso de edi\u00e7\u00e3o foi maravilhoso em todos os aspectos. Adorei participar, e adorei mais ainda produzir o v\u00eddeo final da inaugura\u00e7\u00e3o. (\u2026) Mais uma vez o Vale Registrar abriu um precioso e importante espa\u00e7o para a comunidade, e com isso possibilitou a chance de transmitir-nos um grande conhecimento.<\/em><\/p>\n<p><strong>Luiz Felipe Viana Cardoso, participante do Curso de Edi\u00e7\u00e3o de V\u00eddeo realizado em junho\/julho de 2008<\/strong><\/p>\n<p>&nbsp;<\/p>\n<\/dd>\n<\/dl>\n<dl class='item-wrapper'>\n<dt class='item-title' title='Mostrar as informa\u00e7\u00f5es' id='item-3840'>Professores participantes do Curso de Forma\u00e7\u00e3o&nbsp;<span title=\"Mostrar as informa\u00e7\u00f5es\">[+]<\/span><\/dt>\n<dd>\n<p>&nbsp;<\/p>\n<p><em>No mundo atual, percebemos que as pessoas, na maioria das vezes, n\u00e3o demonstram interesse em preservar o Patrim\u00f4nio Cultural e muito menos o que ele significa. Numa cidade hist\u00f3rica como Mariana, devemos agu\u00e7ar o interesse das crian\u00e7as, dos jovens e adultos para olhar, sentir e admirar cada lugar da cidade em que mora. Este projeto se torna ainda mais relevante, pois, no distrito de Santa Rita Dur\u00e3o, tem a diversidade patrimonial para ser estudada, restaurada e preservada e a partir deste estudo, divulgar a hist\u00f3ria. Pretendo com este projeto desenvolver a\u00e7\u00f5es que criem e envolvam os alunos nas discuss\u00f5es para conhecer e preservar o ambiente que nos cerca.<\/em><\/p>\n<p><strong>Luciana Gon\u00e7alves Batista, professora de Hist\u00f3ria da Escola Municipal Sinh\u00f4 Machado<\/strong><\/p>\n<p><em>Trabalho em uma escola localizada na zona rural de Mariana, os meus alunos que n\u00e3o possuem um conceito concreto de Educa\u00e7\u00e3o Patrimonial. Para eles ainda persiste a id\u00e9ia de que valoriza\u00e7\u00e3o do patrim\u00f4nio cabe somente a pessoas que moram em locais considerados \u201ccentros hist\u00f3ricos\u201d. E esta realidade foi refor\u00e7ada ainda mais quando na localidade foi destru\u00edda uma Igreja do s\u00e9culo XVIII e constru\u00edda uma mais moderna. Percebo que a comunidade perdeu um pouco da no\u00e7\u00e3o de valoriza\u00e7\u00e3o de patrim\u00f4nio com esta \u201csubstitui\u00e7\u00e3o\u201d das Igrejas. O meu objetivo de desenvolver este projeto na Escola Municipal de \u00c1guas Claras vai ser resgatar o conceito e valoriza\u00e7\u00e3o de patrim\u00f4nio hist\u00f3rico, seja ele no campo material ou imaterial. \u00c9 objetivo resgatar o pouco que ainda resta das tradi\u00e7\u00f5es culturais desta comunidade, pois, apesar dela se localizar distante do centro hist\u00f3rico de Mariana ela tamb\u00e9m est\u00e1 inserida na hist\u00f3ria da nossa cidade.<\/em><\/p>\n<p><strong>Jana\u00edna da Costa, professora da Escola Municipal de \u00c1guas Claras<\/strong><\/p>\n<p><em>Na palestra inicial do \u00faltimo s\u00e1bado, quando foram expostos a estrutura\u00e7\u00e3o, organiza\u00e7\u00e3o, princ\u00edpios norteadores e, sobretudo os prop\u00f3sitos do curso de capacita\u00e7\u00e3o para os professores em educa\u00e7\u00e3o patrimonial, percebi ser esta \u00f3tima oportunidade, n\u00e3o apenas para me qualificar, mas para desenvolver um trabalho tamb\u00e9m mais qualificado perante meus alunos. \u00c9 lugar comum dizer que atividades como esta despertam a criatividade, o interesse e mesmo a paix\u00e3o \u00e0s vezes adormecida pela rotina. Muito se tem falado sobre trabalho diferenciado nas escolas e esta parece ser sem d\u00favida, uma possibilidade real de desenvolver tal projeto.<\/em><\/p>\n<p><strong>Rubens Marcelo de Oliveira, professor da Escola Estadual C\u00f4nego Mauro de Faria<\/strong><\/p>\n<p>&nbsp;<\/p>\n<\/dd>\n<\/dl>\n<dl class='item-wrapper'>\n<dt class='item-title' title='Mostrar as informa\u00e7\u00f5es' id='item-2756'>Alunos do Mini-Curso de Educa\u00e7\u00e3o Patrimonial&nbsp;<span title=\"Mostrar as informa\u00e7\u00f5es\">[+]<\/span><\/dt>\n<dd>\n<p>&nbsp;<\/p>\n<p><em>Verifiquei que o material<\/em> <em>Trem da Vale &#8211; Educa\u00e7\u00e3o Patrimonial \u00e9 muito rico em informa\u00e7\u00f5es, propiciando uma gama de conhecimentos. Percebi tamb\u00e9m que, atrav\u00e9s desse material, \u00e9 poss\u00edvel desenvolver uma grande variedade de atividades e brincadeiras l\u00fadicas.<\/em><\/p>\n<p><strong>Professora da Escola Municipal Professora Juventina Drummond<\/strong><\/p>\n<p>&nbsp;<\/p>\n<\/dd>\n<\/dl>\n<dl class='item-wrapper'>\n<dt class='item-title' title='Mostrar as informa\u00e7\u00f5es' id='item-9865'>Participantes dos Circuitos Diferenciados&nbsp;<span title=\"Mostrar as informa\u00e7\u00f5es\">[+]<\/span><\/dt>\n<dd>\n<p>&nbsp;<\/p>\n<p><em>Nosso passeio foi maravilhoso. As crian\u00e7as se divertiram pra valer, fomos muito bem recebidos por todos os funcion\u00e1rios das esta\u00e7\u00f5es. Tudo ocorreu muit\u00edssimo bem. \u00c9 dif\u00edcil para n\u00f3s descrever o que eles mais gostaram. Foi \u00f3timo. Muito obrigada.<\/em><\/p>\n<p><strong>Lourdes Carvalho Ribeiro, l\u00edder comunit\u00e1ria.<\/strong><\/p>\n<p><em>Vimos parabeniz\u00e1-los pelo trabalho que t\u00eam realizado em prol dos estudantes das cidades de Ouro Preto e Mariana atrav\u00e9s do Programa de Educa\u00e7\u00e3o Patrimonial Trem da Vale (\u2026). Esperamos continuar a participar desse projeto e de outros realizados por voc\u00eas, pois a educa\u00e7\u00e3o do cidad\u00e3o n\u00e3o se constr\u00f3i isoladamente, mas atrav\u00e9s da uni\u00e3o de institui\u00e7\u00f5es s\u00e9rias e comprometidas.<\/em><\/p>\n<p><strong>Maria Cec\u00edlia Pereira Soares, Coordenadora de Ensino Fundamental do Col\u00e9gio Arquidiocesano de Ouro Preto<\/strong><\/p>\n<p>&nbsp;<\/p>\n<\/dd>\n<\/dl>\n<dl class='item-wrapper'>\n<dt class='item-title' title='Mostrar as informa\u00e7\u00f5es' id='item-11699'>Participantes da Trilha Sensorial&nbsp;<span title=\"Mostrar as informa\u00e7\u00f5es\">[+]<\/span><\/dt>\n<dd>\n<p>&nbsp;<\/p>\n<p><em>Passeio muito interessante, bem fundamentado na hist\u00f3ria da cidade. O guia \u00e9 bastante conhecedor da hist\u00f3ria. Parab\u00e9ns pelo projeto!<\/em><\/p>\n<p><strong>Rafael Camargo Matheus.<\/strong><\/p>\n<p><em>O passeio foi \u00f3timo e o guia se mostrou muito atencioso e instru\u00eddo com a hist\u00f3ria da cidade.<\/em><\/p>\n<p><strong>Auuf Auba Euas.<\/strong><\/p>\n<p><em>Achei interessante e agrad\u00e1vel como turista poder encontrar apoio para conhecer a hist\u00f3ria local, ser acolhido assim traz satisfa\u00e7\u00e3o em conhecer e retornar ao local. O guia \u00e9 muito agrad\u00e1vel e atencioso e tem muitas informa\u00e7\u00f5es.<\/em><\/p>\n<p><strong>Laura C\u00e2ndida de Souza Lima.<\/strong><\/p>\n<p><em>Belo trabalho, objetivo, conciso e interessante. Continuem, pois \u00e9 uma forma \u201csuave\u201d de conhecer Ouro Preto. Vale a pena. Parab\u00e9ns!.<\/em><\/p>\n<p><strong>Francisco An\u00edsio Pires Braga.<\/strong><\/p>\n<p><em>A trilha \u00e9 interessante devido a parte criativa, informativa e apresenta a hist\u00f3ria real da cidade. \u00c9 uma volta ao passado. Excelente!<\/em><\/p>\n<p><strong>Marco Aur\u00e9lio de Oliveira.<\/strong><\/p>\n<p>&nbsp;<\/p>\n<\/dd>\n<\/dl>\n<dl class='item-wrapper'>\n<dt class='item-title' title='Mostrar as informa\u00e7\u00f5es' id='item-4102'>Cartas&nbsp;<span title=\"Mostrar as informa\u00e7\u00f5es\">[+]<\/span><\/dt>\n<dd>\n<p>&nbsp;<\/p>\n<p>Veja algumas das cartas recebidas pelo Trem da Vale:<\/p>\n<p><img loading=\"lazy\" decoding=\"async\" class=\"alignleft\" title=\"Mem\u00f3ria Viva\" src=\"\/wp-content\/uploads\/carta_memoria_viva-160x120.jpg\" alt=\"Mem\u00f3ria Viva\" width=\"160\" height=\"120\"><\/p>\n<p>E. M Ren\u00ea Giannetti<\/p>\n<p><span style=\"padding: 10px; background: #eeeeee none repeat scroll 0% 0%; margin-bottom: 10px; float: left; width: 160px; height: 175px;\"><img loading=\"lazy\" decoding=\"async\" class=\"alignleft\" title=\"E. M. Dr Washington de Ara\u00fajo Dias\" src=\"\/wp-content\/uploads\/carta_dr_washington-160x120.jpg\" alt=\"E. M. Dr Washington de Ara\u00fajo Dias\" width=\"160\" height=\"120\">E. M. Dr Washington de Ara\u00fajo Dias<\/span><\/p>\n<p><span style=\"padding: 10px; background: #eeeeee none repeat scroll 0% 0%; float: left; width: 160px; height: 175px; margin-right: 10px; margin-bottom: 10px;\"><img loading=\"lazy\" decoding=\"async\" class=\"alignleft\" title=\"E. E. Nossa Senhora Auxiliadora\" src=\"\/wp-content\/uploads\/carta_proj_tremdavale-160x120.jpg\" alt=\"E. E. Nossa Senhora Auxiliadora\" width=\"160\" height=\"120\">E. E. Nossa Senhora Auxiliadora<\/span> <span style=\"padding: 10px; background: #eeeeee none repeat scroll 0% 0%; float: left; width: 160px; height: 175px; margin-right: 10px; margin-bottom: 10px;\"><img loading=\"lazy\" decoding=\"async\" class=\"alignleft\" src=\"\/wp-content\/uploads\/carta_walleska1-160x120.jpg\" alt=\"E. M. Pe. Ant\u00f4nio Gabriel de Carvalho\" width=\"160\" height=\"120\">E. M. Pe. Ant\u00f4nio Gabriel de Carvalho<\/span><\/p>\n<p>&nbsp;<\/p>\n<\/dd>\n<\/dl>\n<p>&nbsp;<\/p>\n","protected":false},"excerpt":{"rendered":"<p>Desde sua implanta\u00e7\u00e3o, o Programa de Educa\u00e7\u00e3o Patrimonial Trem da Vale realiza em Ouro Preto e Mariana viagens de trem e atividades nos espa\u00e7os culturais da esta\u00e7\u00e3o, oferecendo aos membros da comunidade, aos alunos e professores de escolas da regi\u00e3o, e aos turistas, um local de lazer e de forma\u00e7\u00e3o. &hellip;<\/p>\n","protected":false},"author":1,"featured_media":0,"parent":8,"menu_order":0,"comment_status":"closed","ping_status":"closed","template":"","meta":{"footnotes":""},"class_list":["post-26","page","type-page","status-publish","hentry"],"yoast_head":"<!-- This site is optimized with the Yoast SEO plugin v26.1.1 - https:\/\/yoast.com\/wordpress\/plugins\/seo\/ -->\n<title>Reconhecimento &#8212; Trem da Vale<\/title>\n<meta name=\"robots\" content=\"index, follow, max-snippet:-1, max-image-preview:large, max-video-preview:-1\" \/>\n<link rel=\"canonical\" href=\"https:\/\/tremdavale.org\/pt\/o-programa\/reconhecimento\/\" \/>\n<meta property=\"og:locale\" content=\"pt_PT\" \/>\n<meta property=\"og:type\" content=\"article\" \/>\n<meta property=\"og:title\" content=\"Reconhecimento &#8212; Trem da Vale\" \/>\n<meta property=\"og:description\" content=\"Desde sua implanta\u00e7\u00e3o, o Programa de Educa\u00e7\u00e3o Patrimonial Trem da Vale realiza em Ouro Preto e Mariana viagens de trem e atividades nos espa\u00e7os culturais da esta\u00e7\u00e3o, oferecendo aos membros da comunidade, aos alunos e professores de escolas da regi\u00e3o, e aos turistas, um local de lazer e de forma\u00e7\u00e3o. &hellip;\" \/>\n<meta property=\"og:url\" content=\"https:\/\/tremdavale.org\/pt\/o-programa\/reconhecimento\/\" \/>\n<meta property=\"og:site_name\" content=\"Trem da Vale\" \/>\n<meta property=\"article:modified_time\" content=\"2025-10-10T11:57:00+00:00\" \/>\n<meta name=\"twitter:card\" content=\"summary_large_image\" \/>\n<meta name=\"twitter:label1\" content=\"Tempo estimado de leitura\" \/>\n\t<meta name=\"twitter:data1\" content=\"13 minutos\" \/>\n<script type=\"application\/ld+json\" class=\"yoast-schema-graph\">{\"@context\":\"https:\/\/schema.org\",\"@graph\":[{\"@type\":\"WebPage\",\"@id\":\"https:\/\/tremdavale.org\/pt\/o-programa\/reconhecimento\/\",\"url\":\"https:\/\/tremdavale.org\/pt\/o-programa\/reconhecimento\/\",\"name\":\"Reconhecimento &#8212; Trem da Vale\",\"isPartOf\":{\"@id\":\"https:\/\/tremdavale.org\/pt\/#website\"},\"datePublished\":\"2009-10-15T10:27:00+00:00\",\"dateModified\":\"2025-10-10T11:57:00+00:00\",\"breadcrumb\":{\"@id\":\"https:\/\/tremdavale.org\/pt\/o-programa\/reconhecimento\/#breadcrumb\"},\"inLanguage\":\"pt-PT\",\"potentialAction\":[{\"@type\":\"ReadAction\",\"target\":[\"https:\/\/tremdavale.org\/pt\/o-programa\/reconhecimento\/\"]}]},{\"@type\":\"BreadcrumbList\",\"@id\":\"https:\/\/tremdavale.org\/pt\/o-programa\/reconhecimento\/#breadcrumb\",\"itemListElement\":[{\"@type\":\"ListItem\",\"position\":1,\"name\":\"In\u00edcio\",\"item\":\"https:\/\/tremdavale.org\/pt\/\"},{\"@type\":\"ListItem\",\"position\":2,\"name\":\"O Programa\",\"item\":\"https:\/\/tremdavale.org\/pt\/o-programa\/\"},{\"@type\":\"ListItem\",\"position\":3,\"name\":\"Reconhecimento\"}]},{\"@type\":\"WebSite\",\"@id\":\"https:\/\/tremdavale.org\/pt\/#website\",\"url\":\"https:\/\/tremdavale.org\/pt\/\",\"name\":\"Trem da Vale\",\"description\":\"Programa de Educa\u00e7\u00e3o Patrimonial\",\"potentialAction\":[{\"@type\":\"SearchAction\",\"target\":{\"@type\":\"EntryPoint\",\"urlTemplate\":\"https:\/\/tremdavale.org\/pt\/?s={search_term_string}\"},\"query-input\":{\"@type\":\"PropertyValueSpecification\",\"valueRequired\":true,\"valueName\":\"search_term_string\"}}],\"inLanguage\":\"pt-PT\"}]}<\/script>\n<!-- \/ Yoast SEO plugin. -->","yoast_head_json":{"title":"Reconhecimento &#8212; Trem da Vale","robots":{"index":"index","follow":"follow","max-snippet":"max-snippet:-1","max-image-preview":"max-image-preview:large","max-video-preview":"max-video-preview:-1"},"canonical":"https:\/\/tremdavale.org\/pt\/o-programa\/reconhecimento\/","og_locale":"pt_PT","og_type":"article","og_title":"Reconhecimento &#8212; Trem da Vale","og_description":"Desde sua implanta\u00e7\u00e3o, o Programa de Educa\u00e7\u00e3o Patrimonial Trem da Vale realiza em Ouro Preto e Mariana viagens de trem e atividades nos espa\u00e7os culturais da esta\u00e7\u00e3o, oferecendo aos membros da comunidade, aos alunos e professores de escolas da regi\u00e3o, e aos turistas, um local de lazer e de forma\u00e7\u00e3o. &hellip;","og_url":"https:\/\/tremdavale.org\/pt\/o-programa\/reconhecimento\/","og_site_name":"Trem da Vale","article_modified_time":"2025-10-10T11:57:00+00:00","twitter_card":"summary_large_image","twitter_misc":{"Tempo estimado de leitura":"13 minutos"},"schema":{"@context":"https:\/\/schema.org","@graph":[{"@type":"WebPage","@id":"https:\/\/tremdavale.org\/pt\/o-programa\/reconhecimento\/","url":"https:\/\/tremdavale.org\/pt\/o-programa\/reconhecimento\/","name":"Reconhecimento &#8212; Trem da Vale","isPartOf":{"@id":"https:\/\/tremdavale.org\/pt\/#website"},"datePublished":"2009-10-15T10:27:00+00:00","dateModified":"2025-10-10T11:57:00+00:00","breadcrumb":{"@id":"https:\/\/tremdavale.org\/pt\/o-programa\/reconhecimento\/#breadcrumb"},"inLanguage":"pt-PT","potentialAction":[{"@type":"ReadAction","target":["https:\/\/tremdavale.org\/pt\/o-programa\/reconhecimento\/"]}]},{"@type":"BreadcrumbList","@id":"https:\/\/tremdavale.org\/pt\/o-programa\/reconhecimento\/#breadcrumb","itemListElement":[{"@type":"ListItem","position":1,"name":"In\u00edcio","item":"https:\/\/tremdavale.org\/pt\/"},{"@type":"ListItem","position":2,"name":"O Programa","item":"https:\/\/tremdavale.org\/pt\/o-programa\/"},{"@type":"ListItem","position":3,"name":"Reconhecimento"}]},{"@type":"WebSite","@id":"https:\/\/tremdavale.org\/pt\/#website","url":"https:\/\/tremdavale.org\/pt\/","name":"Trem da Vale","description":"Programa de Educa\u00e7\u00e3o Patrimonial","potentialAction":[{"@type":"SearchAction","target":{"@type":"EntryPoint","urlTemplate":"https:\/\/tremdavale.org\/pt\/?s={search_term_string}"},"query-input":{"@type":"PropertyValueSpecification","valueRequired":true,"valueName":"search_term_string"}}],"inLanguage":"pt-PT"}]}},"_links":{"self":[{"href":"https:\/\/tremdavale.org\/pt\/wp-json\/wp\/v2\/pages\/26","targetHints":{"allow":["GET"]}}],"collection":[{"href":"https:\/\/tremdavale.org\/pt\/wp-json\/wp\/v2\/pages"}],"about":[{"href":"https:\/\/tremdavale.org\/pt\/wp-json\/wp\/v2\/types\/page"}],"author":[{"embeddable":true,"href":"https:\/\/tremdavale.org\/pt\/wp-json\/wp\/v2\/users\/1"}],"replies":[{"embeddable":true,"href":"https:\/\/tremdavale.org\/pt\/wp-json\/wp\/v2\/comments?post=26"}],"version-history":[{"count":0,"href":"https:\/\/tremdavale.org\/pt\/wp-json\/wp\/v2\/pages\/26\/revisions"}],"up":[{"embeddable":true,"href":"https:\/\/tremdavale.org\/pt\/wp-json\/wp\/v2\/pages\/8"}],"wp:attachment":[{"href":"https:\/\/tremdavale.org\/pt\/wp-json\/wp\/v2\/media?parent=26"}],"curies":[{"name":"wp","href":"https:\/\/api.w.org\/{rel}","templated":true}]}}