{"id":4,"date":"2009-02-07T01:06:00","date_gmt":"2009-02-07T01:06:00","guid":{"rendered":"https:\/\/tremdavale.org\/?page_id=4"},"modified":"2025-10-10T11:57:00","modified_gmt":"2025-10-10T11:57:00","slug":"educacao-patrimonial","status":"publish","type":"page","link":"https:\/\/tremdavale.org\/pt\/educacao-patrimonial\/","title":{"rendered":"Educa\u00e7\u00e3o Patrimonial"},"content":{"rendered":"<p>A Educa\u00e7\u00e3o Patrimonial \u00e9 composta por tr\u00eas subprogramas. Conhe\u00e7a-os:<\/p>\n<ul>\n<li><a href=\"\/pt\/educacao-patrimonial\/vale-conhecer\">Vale Conhecer<\/a><\/li>\n<li><a href=\"\/pt\/educacao-patrimonial\/vale-promover\">Vale Promover<\/a><\/li>\n<li><a href=\"\/pt\/educacao-patrimonial\/vale-registrar\">Vale Registrar<\/a><\/li>\n<\/ul>\n<h2>Alguns N\u00fameros<\/h2>\n<p>O Programa de Educa\u00e7\u00e3o Patrimonial Trem da Vale, por meio da viagem de trem e da realiza\u00e7\u00e3o de cursos, oficinas, eventos e atividades nos espa\u00e7os culturais das esta\u00e7\u00f5es, obteve 820 mil atendimentos no per\u00edodo de 2006 a dezembro de 2012.<\/p>\n<p>Cabe destacar tamb\u00e9m o n\u00famero expressivo de consulentes ao site que, obteve de 2009 at\u00e9 dezembro de 2013, um n\u00famero de 261.000 acessos .&nbsp;<span>O site veicula reportagens e relatos sobre as atividades desenvolvidas e oferece a possibilidade de conhecer os espa\u00e7os e consultar parte do acervo produzido.<\/span> <span>Esta \u00faltima ferramenta e, mais recentemente, o blog da biblioteca, s\u00e3o recursos para divulga\u00e7\u00e3o dos produtos e da agenda mensal das Esta\u00e7\u00f5es, afora serem canais de comunica\u00e7\u00e3o e intera\u00e7\u00e3o com os diversos p\u00fablicos. At\u00e9 dezembro de 2013, o Blog das Bibliotecas obteve mais de 4.700 acessos.<\/span><\/p>\n<p>&nbsp;<\/p>\n<dl class='item-wrapper'>\n<dd>\n<dl class='item-wrapper'>\n<dt class='item-title' title='Mostrar as informa\u00e7\u00f5es' id='item-389'>Vale Conhecer &#8211; N\u00fameros&nbsp;<span title=\"Mostrar as informa\u00e7\u00f5es\">[+]<\/span><\/dt>\n<dd>\n<p>&nbsp;<\/p>\n<p>No \u00e2mbito das atividades de incentivo \u00e0 leitura realizadas nas bibliotecas das Esta\u00e7\u00f5es, como os circuitos de leitura, as oficinas culturais, os saraus e as sess\u00f5es de contos, foram atendidas, at\u00e9 dezembro de 2013, mais de 26.310 crian\u00e7as.<\/p>\n<p>Atualmente, o acervo das Bibliotecas possui 5.181 t\u00edtulos cadastrados, e 7.932 exemplares. Al\u00e9m dos livros e das obras de refer\u00eancia, as Bibliotecas contam com peri\u00f3dicos, gibis, jogos e 52 DVD\u2019s. Em 2009, foi implantado o sistema informatizado de empr\u00e9stimo de livros na Biblioteca, mediante o cadastro de usu\u00e1rios. At\u00e9 novembro de 2013, 4.940 usu\u00e1rios, aproximadamente, efetuaram o cadastro para empr\u00e9stimo de material.<\/p>\n<p>Desde 2006, at\u00e9 novembro de 2013, as bibliotecas de Ouro Preto e Mariana realizaram cerca de 262 mil atendimentos.<\/p>\n<p>&nbsp;<\/p>\n<\/dd>\n<\/dl>\n<dl class='item-wrapper'>\n<dt class='item-title' title='Mostrar as informa\u00e7\u00f5es' id='item-2503'>Vale Promover &#8211; N\u00fameros&nbsp;<span title=\"Mostrar as informa\u00e7\u00f5es\">[+]<\/span><\/dt>\n<dd>\n<p>&nbsp;<\/p>\n<p>Desde a inaugura\u00e7\u00e3o do Programa, \u00e0s quintas-feiras, exceto feriados, s\u00e3o realizados os Circuitos Diferenciados destinados aos alunos e professores que participam do Circuito Escolas P\u00fablicas, e aos moradores de Ouro Preto e Mariana, por meio do Circuito Comunidade, oferecendo vagas para a comunidade e para o p\u00fablico escolar. O Circuito \u00e9 composto por uma viagem gratuita de ida e volta no trem, visita\u00e7\u00e3o guiada aos equipamentos de educa\u00e7\u00e3o e cultura instalados nas esta\u00e7\u00f5es e participa\u00e7\u00e3o em oficinas.<\/p>\n<p>O Circuito Escolas P\u00fablicas recebeu, desde agosto de 2006, quando foi realizada a primeira viagem de trem Ouro Preto-Mariana, at\u00e9 dezembro de 2013, cerca de 32.700 crian\u00e7as e professores da comunidade escolar das duas cidades, possibilitando a um n\u00famero expressivo de crian\u00e7as, jovens e adultos a integra\u00e7\u00e3o com os bens culturais e naturais presentes no contexto em que est\u00e3o inseridos.<\/p>\n<p>J\u00e1 o Circuito Comunidade, inaugurado em outubro de 2008, tornou-se uma alternativa real de lazer cultural e educativo gratuito para os moradores de Ouro Preto e Mariana. Durante a viagem de Trem, os monitores do Programa repassam informa\u00e7\u00f5es sobre ocorr\u00eancias naturais do trecho, difundindo o conhecimento em rela\u00e7\u00e3o \u00e0 regi\u00e3o em que vivem. Desde sua inaugura\u00e7\u00e3o at\u00e9 dezembro de 2013, os Circuitos Comunidade atenderam aproximadamente a 57.000 pessoas.<\/p>\n<p>&nbsp;<\/p>\n<\/dd>\n<\/dl>\n<dl class='item-wrapper'>\n<dt class='item-title' title='Mostrar as informa\u00e7\u00f5es' id='item-3902'>Vale Registrar &#8211; N\u00fameros&nbsp;<span title=\"Mostrar as informa\u00e7\u00f5es\">[+]<\/span><\/dt>\n<dd>\n<p>&nbsp;<\/p>\n<p>De agosto de 2006 a dezembro de 2012, foram realizadas 100 videocabines, totalizando 1.519 depoimentos, abordando temas como \u201cM\u00fasica\u201d, \u201cF\u00e9\u201d, \u201cLiteratura\u201d, \u201cCinema\u201d, \u201cCirco\u201d, \u201cQuaresma\u201d, \u201cCarnaval\u201d, dentre outros. Al\u00e9m da exibi\u00e7\u00e3o nos totens das esta\u00e7\u00f5es, foram editados para veicula\u00e7\u00e3o em televis\u00e3o, os v\u00eddeos: \u201cCulin\u00e1ria\u201d; \u201cFestas Populares\u201d; \u201cLendas, Casos e Mitos\u201d; \u201cPaisagens e Lugares\u201d; \u201cBairros 1\u2033.&nbsp; Em junho de 2013, iniciou-se a Mostra de Videocabines, que s\u00e3o exibi\u00e7\u00f5es dos v\u00eddeos nos bairros e distritos onde foram gravados os depoimentos, para serem assistidos em locais p\u00fablicos pelos moradores. Cerca de 1.363 pessoas assistiram \u00e0s Mostras de Videocabines no ano de 2013.<\/p>\n<p>O Programa de Educa\u00e7\u00e3o Patrimonial Trem da Vale oferece aos moradores das comunidades locais oficinas de capacita\u00e7\u00e3o em linguagem fotogr\u00e1fica e audiovisual nas Esta\u00e7\u00f5es de Ouro Preto e Mariana. Em sete anos de atividade foram produzidos 27 v\u00eddeos a partir dos cursos e oficinas de forma\u00e7\u00e3o, abordando temas relacionados com o patrim\u00f4nio e a cultura local, como \u201cFolia de Reis\u201d, \u201cBenzedeiras\u201d, \u201cPastorinhas do Padre Faria\u201d, \u201cM\u00fasica Regional\u201d, \u201cPatrim\u00f4nio e suas lendas\u201d, dentre outros.<\/p>\n<p>Tamb\u00e9m foram produzidos v\u00eddeos para exibi\u00e7\u00e3o nos espa\u00e7os expositivos do Programa de Educa\u00e7\u00e3o Patrimonial Trem da Vale, que tratam de quest\u00f5es ligadas ao patrim\u00f4nio ferrovi\u00e1rio &#8211; \u201cPontes\u201d e \u201cLocomotiva\u201d, e sobre as artes circenses &#8211; v\u00eddeo \u201cCirco\u201d. A equipe do N\u00facleo de Audiovisual editou ainda o v\u00eddeo \u201cBanda S\u00e3o Sebasti\u00e3o &#8211; 100 anos de m\u00fasica\u201d, com a participa\u00e7\u00e3o de ex-alunos do curso de v\u00eddeo. Em 2011, foi produzido o videodocument\u00e1rio intitulado \u201cFerreomodelismo\u201d, que conta um pouco desse oficio atrav\u00e9s de depoimentos selecionados. O \u00faltimo v\u00eddeo produzido intitula-se Pedra Sab\u00e3o.<\/p>\n<p>&nbsp;<\/p>\n<\/dd>\n<\/dl>\n<dl class='item-wrapper'>\n<dt>p&gt;A Educa\u00e7\u00e3o Patrimonial \u00e9 composta por tr\u00eas subprogramas. Conhe\u00e7a-os:<\/p>\n<\/dt>\n<dd>\n<ul>\n<li><a href=\"\/pt\/educacao-patrimonial\/vale-conhecer\">Vale Conhecer<\/a><\/li>\n<li><a href=\"\/pt\/educacao-patrimonial\/vale-promover\">Vale Promover<\/a><\/li>\n<li><a href=\"\/pt\/educacao-patrimonial\/vale-registrar\">Vale Registrar<\/a><\/li>\n<\/ul>\n<h2>Alguns N\u00fameros<\/h2>\n<p>O Programa de Educa\u00e7\u00e3o Patrimonial Trem da Vale, por meio da viagem de trem e da realiza\u00e7\u00e3o de cursos, oficinas, eventos e atividades nos espa\u00e7os culturais das esta\u00e7\u00f5es, obteve 820 mil atendimentos no per\u00edodo de 2006 a dezembro de 2012.<\/p>\n<p>Cabe destacar tamb\u00e9m o n\u00famero expressivo de consulentes ao site que, obteve de 2009 at\u00e9 dezembro de 2013, um n\u00famero de 261.000 acessos .&nbsp;<span>O site veicula reportagens e relatos sobre as atividades desenvolvidas e oferece a possibilidade de conhecer os espa\u00e7os e consultar parte do acervo produzido.<\/span> <span>Esta \u00faltima ferramenta e, mais recentemente, o blog da biblioteca, s\u00e3o recursos para divulga\u00e7\u00e3o dos produtos e da agenda mensal das Esta\u00e7\u00f5es, afora serem canais de comunica\u00e7\u00e3o e intera\u00e7\u00e3o com os diversos p\u00fablicos. At\u00e9 dezembro de 2013, o Blog das Bibliotecas obteve mais de 4.700 acessos.<\/span><\/p>\n<p>[item:END]<\/p>\n<p>[item:Vale Conhecer &#8211; N\u00fameros]<\/p>\n<p>No \u00e2mbito das atividades de incentivo \u00e0 leitura realizadas nas bibliotecas das Esta\u00e7\u00f5es, como os circuitos de leitura, as oficinas culturais, os saraus e as sess\u00f5es de contos, foram atendidas, at\u00e9 dezembro de 2013, mais de 26.310 crian\u00e7as.<\/p>\n<p>Atualmente, o acervo das Bibliotecas possui 5.181 t\u00edtulos cadastrados, e 7.932 exemplares. Al\u00e9m dos livros e das obras de refer\u00eancia, as Bibliotecas contam com peri\u00f3dicos, gibis, jogos e 52 DVD\u2019s. Em 2009, foi implantado o sistema informatizado de empr\u00e9stimo de livros na Biblioteca, mediante o cadastro de usu\u00e1rios. At\u00e9 novembro de 2013, 4.940 usu\u00e1rios, aproximadamente, efetuaram o cadastro para empr\u00e9stimo de material.<\/p>\n<p>Desde 2006, at\u00e9 novembro de 2013, as bibliotecas de Ouro Preto e Mariana realizaram cerca de 262 mil atendimentos.<\/p>\n<p>[item:END]<\/p>\n<p>[item:Vale Promover &#8211; N\u00fameros]<\/p>\n<p>Desde a inaugura\u00e7\u00e3o do Programa, \u00e0s quintas-feiras, exceto feriados, s\u00e3o realizados os Circuitos Diferenciados destinados aos alunos e professores que participam do Circuito Escolas P\u00fablicas, e aos moradores de Ouro Preto e Mariana, por meio do Circuito Comunidade, oferecendo vagas para a comunidade e para o p\u00fablico escolar. O Circuito \u00e9 composto por uma viagem gratuita de ida e volta no trem, visita\u00e7\u00e3o guiada aos equipamentos de educa\u00e7\u00e3o e cultura instalados nas esta\u00e7\u00f5es e participa\u00e7\u00e3o em oficinas.<\/p>\n<p>O Circuito Escolas P\u00fablicas recebeu, desde agosto de 2006, quando foi realizada a primeira viagem de trem Ouro Preto-Mariana, at\u00e9 dezembro de 2013, cerca de 32.700 crian\u00e7as e professores da comunidade escolar das duas cidades, possibilitando a um n\u00famero expressivo de crian\u00e7as, jovens e adultos a integra\u00e7\u00e3o com os bens culturais e naturais presentes no contexto em que est\u00e3o inseridos.<\/p>\n<p>J\u00e1 o Circuito Comunidade, inaugurado em outubro de 2008, tornou-se uma alternativa real de lazer cultural e educativo gratuito para os moradores de Ouro Preto e Mariana. Durante a viagem de Trem, os monitores do Programa repassam informa\u00e7\u00f5es sobre ocorr\u00eancias naturais do trecho, difundindo o conhecimento em rela\u00e7\u00e3o \u00e0 regi\u00e3o em que vivem. Desde sua inaugura\u00e7\u00e3o at\u00e9 dezembro de 2013, os Circuitos Comunidade atenderam aproximadamente a 57.000 pessoas.<\/p>\n<p>[item:END]<\/p>\n<p>[item:Vale Registrar &#8211; N\u00fameros]<\/p>\n<p>De agosto de 2006 a dezembro de 2012, foram realizadas 100 videocabines, totalizando 1.519 depoimentos, abordando temas como \u201cM\u00fasica\u201d, \u201cF\u00e9\u201d, \u201cLiteratura\u201d, \u201cCinema\u201d, \u201cCirco\u201d, \u201cQuaresma\u201d, \u201cCarnaval\u201d, dentre outros. Al\u00e9m da exibi\u00e7\u00e3o nos totens das esta\u00e7\u00f5es, foram editados para veicula\u00e7\u00e3o em televis\u00e3o, os v\u00eddeos: \u201cCulin\u00e1ria\u201d; \u201cFestas Populares\u201d; \u201cLendas, Casos e Mitos\u201d; \u201cPaisagens e Lugares\u201d; \u201cBairros 1\u2033.&nbsp; Em junho de 2013, iniciou-se a Mostra de Videocabines, que s\u00e3o exibi\u00e7\u00f5es dos v\u00eddeos nos bairros e distritos onde foram gravados os depoimentos, para serem assistidos em locais p\u00fablicos pelos moradores. Cerca de 1.363 pessoas assistiram \u00e0s Mostras de Videocabines no ano de 2013.<\/p>\n<p>O Programa de Educa\u00e7\u00e3o Patrimonial Trem da Vale oferece aos moradores das comunidades locais oficinas de capacita\u00e7\u00e3o em linguagem fotogr\u00e1fica e audiovisual nas Esta\u00e7\u00f5es de Ouro Preto e Mariana. Em sete anos de atividade foram produzidos 27 v\u00eddeos a partir dos cursos e oficinas de forma\u00e7\u00e3o, abordando temas relacionados com o patrim\u00f4nio e a cultura local, como \u201cFolia de Reis\u201d, \u201cBenzedeiras\u201d, \u201cPastorinhas do Padre Faria\u201d, \u201cM\u00fasica Regional\u201d, \u201cPatrim\u00f4nio e suas lendas\u201d, dentre outros.<\/p>\n<p>Tamb\u00e9m foram produzidos v\u00eddeos para exibi\u00e7\u00e3o nos espa\u00e7os expositivos do Programa de Educa\u00e7\u00e3o Patrimonial Trem da Vale, que tratam de quest\u00f5es ligadas ao patrim\u00f4nio ferrovi\u00e1rio &#8211; \u201cPontes\u201d e \u201cLocomotiva\u201d, e sobre as artes circenses &#8211; v\u00eddeo \u201cCirco\u201d. A equipe do N\u00facleo de Audiovisual editou ainda o v\u00eddeo \u201cBanda S\u00e3o Sebasti\u00e3o &#8211; 100 anos de m\u00fasica\u201d, com a participa\u00e7\u00e3o de ex-alunos do curso de v\u00eddeo. Em 2011, foi produzido o videodocument\u00e1rio intitulado \u201cFerreomodelismo\u201d, que conta um pouco desse oficio atrav\u00e9s de depoimentos selecionados. O \u00faltimo v\u00eddeo produzido intitula-se Pedra Sab\u00e3o.<\/p>\n<p>[item:END]<\/p>\n<h2>Links Relacionados<\/h2>\n<p>Veja alguns links relacionados com a educa\u00e7\u00e3o patrimonial:<\/p>\n<ul>\n<li>Instituto do Patrim\u00f4nio Hist\u00f3rico e Art\u00edstico Nacional<\/li>\n<li>MinC \u2013 Educa\u00e7\u00e3o patrimonial<\/li>\n<li>TveBrasil \u2013 Educa\u00e7\u00e3o patrimonial<\/li>\n<\/ul>\n<p>&nbsp;<\/p>\n<\/dd>\n<\/dl>\n<\/dd>\n<\/dl>\n","protected":false},"excerpt":{"rendered":"<p>A Educa\u00e7\u00e3o Patrimonial \u00e9 composta por tr\u00eas subprogramas. Conhe\u00e7a-os: Vale Conhecer Vale Promover Vale Registrar Alguns N\u00fameros O Programa de Educa\u00e7\u00e3o Patrimonial Trem da Vale, por meio da viagem de trem e da realiza\u00e7\u00e3o de cursos, oficinas, eventos e atividades nos espa\u00e7os culturais das esta\u00e7\u00f5es, obteve 820 mil atendimentos no &hellip;<\/p>\n","protected":false},"author":1,"featured_media":0,"parent":0,"menu_order":0,"comment_status":"closed","ping_status":"closed","template":"","meta":{"footnotes":""},"class_list":["post-4","page","type-page","status-publish","hentry"],"yoast_head":"<!-- This site is optimized with the Yoast SEO plugin v26.1.1 - https:\/\/yoast.com\/wordpress\/plugins\/seo\/ -->\n<title>Educa\u00e7\u00e3o Patrimonial &#8212; Trem da Vale<\/title>\n<meta name=\"robots\" content=\"index, follow, max-snippet:-1, max-image-preview:large, max-video-preview:-1\" \/>\n<link rel=\"canonical\" href=\"https:\/\/tremdavale.org\/pt\/educacao-patrimonial\/\" \/>\n<meta property=\"og:locale\" content=\"pt_PT\" \/>\n<meta property=\"og:type\" content=\"article\" \/>\n<meta property=\"og:title\" content=\"Educa\u00e7\u00e3o Patrimonial &#8212; Trem da Vale\" \/>\n<meta property=\"og:description\" content=\"A Educa\u00e7\u00e3o Patrimonial \u00e9 composta por tr\u00eas subprogramas. Conhe\u00e7a-os: Vale Conhecer Vale Promover Vale Registrar Alguns N\u00fameros O Programa de Educa\u00e7\u00e3o Patrimonial Trem da Vale, por meio da viagem de trem e da realiza\u00e7\u00e3o de cursos, oficinas, eventos e atividades nos espa\u00e7os culturais das esta\u00e7\u00f5es, obteve 820 mil atendimentos no &hellip;\" \/>\n<meta property=\"og:url\" content=\"https:\/\/tremdavale.org\/pt\/educacao-patrimonial\/\" \/>\n<meta property=\"og:site_name\" content=\"Trem da Vale\" \/>\n<meta property=\"article:modified_time\" content=\"2025-10-10T11:57:00+00:00\" \/>\n<meta name=\"twitter:card\" content=\"summary_large_image\" \/>\n<meta name=\"twitter:label1\" content=\"Tempo estimado de leitura\" \/>\n\t<meta name=\"twitter:data1\" content=\"8 minutos\" \/>\n<script type=\"application\/ld+json\" class=\"yoast-schema-graph\">{\"@context\":\"https:\/\/schema.org\",\"@graph\":[{\"@type\":\"WebPage\",\"@id\":\"https:\/\/tremdavale.org\/pt\/educacao-patrimonial\/\",\"url\":\"https:\/\/tremdavale.org\/pt\/educacao-patrimonial\/\",\"name\":\"Educa\u00e7\u00e3o Patrimonial &#8212; Trem da Vale\",\"isPartOf\":{\"@id\":\"https:\/\/tremdavale.org\/pt\/#website\"},\"datePublished\":\"2009-02-07T01:06:00+00:00\",\"dateModified\":\"2025-10-10T11:57:00+00:00\",\"breadcrumb\":{\"@id\":\"https:\/\/tremdavale.org\/pt\/educacao-patrimonial\/#breadcrumb\"},\"inLanguage\":\"pt-PT\",\"potentialAction\":[{\"@type\":\"ReadAction\",\"target\":[\"https:\/\/tremdavale.org\/pt\/educacao-patrimonial\/\"]}]},{\"@type\":\"BreadcrumbList\",\"@id\":\"https:\/\/tremdavale.org\/pt\/educacao-patrimonial\/#breadcrumb\",\"itemListElement\":[{\"@type\":\"ListItem\",\"position\":1,\"name\":\"In\u00edcio\",\"item\":\"https:\/\/tremdavale.org\/pt\/\"},{\"@type\":\"ListItem\",\"position\":2,\"name\":\"Educa\u00e7\u00e3o Patrimonial\"}]},{\"@type\":\"WebSite\",\"@id\":\"https:\/\/tremdavale.org\/pt\/#website\",\"url\":\"https:\/\/tremdavale.org\/pt\/\",\"name\":\"Trem da Vale\",\"description\":\"Programa de Educa\u00e7\u00e3o Patrimonial\",\"potentialAction\":[{\"@type\":\"SearchAction\",\"target\":{\"@type\":\"EntryPoint\",\"urlTemplate\":\"https:\/\/tremdavale.org\/pt\/?s={search_term_string}\"},\"query-input\":{\"@type\":\"PropertyValueSpecification\",\"valueRequired\":true,\"valueName\":\"search_term_string\"}}],\"inLanguage\":\"pt-PT\"}]}<\/script>\n<!-- \/ Yoast SEO plugin. -->","yoast_head_json":{"title":"Educa\u00e7\u00e3o Patrimonial &#8212; Trem da Vale","robots":{"index":"index","follow":"follow","max-snippet":"max-snippet:-1","max-image-preview":"max-image-preview:large","max-video-preview":"max-video-preview:-1"},"canonical":"https:\/\/tremdavale.org\/pt\/educacao-patrimonial\/","og_locale":"pt_PT","og_type":"article","og_title":"Educa\u00e7\u00e3o Patrimonial &#8212; Trem da Vale","og_description":"A Educa\u00e7\u00e3o Patrimonial \u00e9 composta por tr\u00eas subprogramas. Conhe\u00e7a-os: Vale Conhecer Vale Promover Vale Registrar Alguns N\u00fameros O Programa de Educa\u00e7\u00e3o Patrimonial Trem da Vale, por meio da viagem de trem e da realiza\u00e7\u00e3o de cursos, oficinas, eventos e atividades nos espa\u00e7os culturais das esta\u00e7\u00f5es, obteve 820 mil atendimentos no &hellip;","og_url":"https:\/\/tremdavale.org\/pt\/educacao-patrimonial\/","og_site_name":"Trem da Vale","article_modified_time":"2025-10-10T11:57:00+00:00","twitter_card":"summary_large_image","twitter_misc":{"Tempo estimado de leitura":"8 minutos"},"schema":{"@context":"https:\/\/schema.org","@graph":[{"@type":"WebPage","@id":"https:\/\/tremdavale.org\/pt\/educacao-patrimonial\/","url":"https:\/\/tremdavale.org\/pt\/educacao-patrimonial\/","name":"Educa\u00e7\u00e3o Patrimonial &#8212; Trem da Vale","isPartOf":{"@id":"https:\/\/tremdavale.org\/pt\/#website"},"datePublished":"2009-02-07T01:06:00+00:00","dateModified":"2025-10-10T11:57:00+00:00","breadcrumb":{"@id":"https:\/\/tremdavale.org\/pt\/educacao-patrimonial\/#breadcrumb"},"inLanguage":"pt-PT","potentialAction":[{"@type":"ReadAction","target":["https:\/\/tremdavale.org\/pt\/educacao-patrimonial\/"]}]},{"@type":"BreadcrumbList","@id":"https:\/\/tremdavale.org\/pt\/educacao-patrimonial\/#breadcrumb","itemListElement":[{"@type":"ListItem","position":1,"name":"In\u00edcio","item":"https:\/\/tremdavale.org\/pt\/"},{"@type":"ListItem","position":2,"name":"Educa\u00e7\u00e3o Patrimonial"}]},{"@type":"WebSite","@id":"https:\/\/tremdavale.org\/pt\/#website","url":"https:\/\/tremdavale.org\/pt\/","name":"Trem da Vale","description":"Programa de Educa\u00e7\u00e3o Patrimonial","potentialAction":[{"@type":"SearchAction","target":{"@type":"EntryPoint","urlTemplate":"https:\/\/tremdavale.org\/pt\/?s={search_term_string}"},"query-input":{"@type":"PropertyValueSpecification","valueRequired":true,"valueName":"search_term_string"}}],"inLanguage":"pt-PT"}]}},"_links":{"self":[{"href":"https:\/\/tremdavale.org\/pt\/wp-json\/wp\/v2\/pages\/4","targetHints":{"allow":["GET"]}}],"collection":[{"href":"https:\/\/tremdavale.org\/pt\/wp-json\/wp\/v2\/pages"}],"about":[{"href":"https:\/\/tremdavale.org\/pt\/wp-json\/wp\/v2\/types\/page"}],"author":[{"embeddable":true,"href":"https:\/\/tremdavale.org\/pt\/wp-json\/wp\/v2\/users\/1"}],"replies":[{"embeddable":true,"href":"https:\/\/tremdavale.org\/pt\/wp-json\/wp\/v2\/comments?post=4"}],"version-history":[{"count":0,"href":"https:\/\/tremdavale.org\/pt\/wp-json\/wp\/v2\/pages\/4\/revisions"}],"wp:attachment":[{"href":"https:\/\/tremdavale.org\/pt\/wp-json\/wp\/v2\/media?parent=4"}],"curies":[{"name":"wp","href":"https:\/\/api.w.org\/{rel}","templated":true}]}}