{"id":6,"date":"2009-02-07T01:14:00","date_gmt":"2009-02-07T01:14:00","guid":{"rendered":"https:\/\/tremdavale.org\/?page_id=6"},"modified":"2025-10-10T11:57:00","modified_gmt":"2025-10-10T11:57:00","slug":"fotos","status":"publish","type":"page","link":"https:\/\/tremdavale.org\/pt\/fotos\/","title":{"rendered":"Fotos"},"content":{"rendered":"<h2>Esta\u00e7\u00e3o Ouro Preto<\/h2>\n<p>&nbsp;<\/p>\n<p><img decoding=\"async\" class=\"Thumb\" alt=\"Hall de Entrada\" src=\"\/wp-content\/uploads\/gallery\/hall-entrada-op\/thumbs\/thumbs_foto1.jpg\"><\/p>\n<p>&nbsp;<\/p>\n<h4>Hall de Entrada<\/h4>\n<p><strong>2<\/strong> Fotos<\/p>\n<p>&nbsp;<\/p>\n<p><img decoding=\"async\" class=\"Thumb\" alt=\"Sala UFOP\" src=\"\/wp-content\/uploads\/gallery\/sala-ufop\/thumbs\/thumbs_foto1.jpg\"><\/p>\n<p>&nbsp;<\/p>\n<h4>Sala UFOP<\/h4>\n<p><strong>6<\/strong> Fotos<\/p>\n<p>&nbsp;<\/p>\n<p><img decoding=\"async\" class=\"Thumb\" alt=\"Sala da Maquete\" src=\"\/wp-content\/uploads\/gallery\/sala-da-maquete\/thumbs\/thumbs_foto4.jpg\"><\/p>\n<p>&nbsp;<\/p>\n<h4>Sala da Maquete<\/h4>\n<p><strong>4<\/strong> Fotos<\/p>\n<p>&nbsp;<\/p>\n<p><img decoding=\"async\" class=\"Thumb\" alt=\"Sala de Hist\u00f3rias\" src=\"\/wp-content\/uploads\/gallery\/sala-de-historias\/thumbs\/thumbs_foto1.jpg\"><\/p>\n<p>&nbsp;<\/p>\n<h4>Sala de Hist\u00f3rias<\/h4>\n<p><strong>1<\/strong> Fotos<\/p>\n<p>&nbsp;<\/p>\n<p><img decoding=\"async\" class=\"Thumb\" alt=\"Vag\u00e3o Sonoro-Ambiental\" src=\"\/wp-content\/uploads\/gallery\/vagao-sonoro-ambiental\/thumbs\/thumbs_sonoro4.jpg\"><\/p>\n<p>&nbsp;<\/p>\n<h4>Vag\u00e3o Sonoro-Ambiental<\/h4>\n<p><strong>4<\/strong> Fotos<\/p>\n<p>&nbsp;<\/p>\n<p><img decoding=\"async\" class=\"Thumb\" alt=\"Tenda Cultural\" src=\"\/wp-content\/uploads\/gallery\/circo-da-estacao\/thumbs\/thumbs_foto2.jpg\"><\/p>\n<p>&nbsp;<\/p>\n<h4>Tenda Cultural<\/h4>\n<p><strong>12<\/strong> Fotos<\/p>\n<p>&nbsp;<\/p>\n<p><img decoding=\"async\" class=\"Thumb\" alt=\"Vag\u00e3o Caf\u00e9\" src=\"\/wp-content\/uploads\/gallery\/vagao-cafe\/thumbs\/thumbs_foto3.jpg\"><\/p>\n<p>&nbsp;<\/p>\n<h4>Vag\u00e3o Caf\u00e9<\/h4>\n<p><strong>4<\/strong> Fotos<\/p>\n<p>&nbsp;<\/p>\n<p><img decoding=\"async\" class=\"Thumb\" alt=\"Biblioteca da Esta\u00e7\u00e3o de Ouro Preto\" src=\"\/wp-content\/uploads\/gallery\/biblioteca-da-estacao-de-ouro-preto\/thumbs\/thumbs_biblioteca-estacao-de-op-09-09-2009-foto-mariana-zanchetta.jpg\"><\/p>\n<p>&nbsp;<\/p>\n<h4>Biblioteca da Esta\u00e7\u00e3o de Ouro Preto<\/h4>\n<p><strong>8<\/strong> Fotos<\/p>\n<p>&nbsp;<\/p>\n<h2>Esta\u00e7\u00e3o Mariana<\/h2>\n<p>&nbsp;<\/p>\n<p><img decoding=\"async\" class=\"Thumb\" alt=\"Hall Entrada\" src=\"\/wp-content\/uploads\/gallery\/hall-entrada-mariana\/thumbs\/thumbs_mariana2.jpg\"><\/p>\n<p>&nbsp;<\/p>\n<h4>Hall Entrada<\/h4>\n<p><strong>2<\/strong> Fotos<\/p>\n<p>&nbsp;<\/p>\n<p><img decoding=\"async\" class=\"Thumb\" alt=\"Pra\u00e7a L\u00fadico-Musical\" src=\"\/wp-content\/uploads\/gallery\/praca-ludico-musical\/thumbs\/thumbs_pra_imagem10.jpg\"><\/p>\n<p>&nbsp;<\/p>\n<h4>Pra\u00e7a L\u00fadico-Musical<\/h4>\n<p><strong>10<\/strong> Fotos<\/p>\n<p>&nbsp;<\/p>\n<p><img decoding=\"async\" class=\"Thumb\" alt=\"Biblioteca\" src=\"\/wp-content\/uploads\/gallery\/biblioteca\/thumbs\/thumbs_Bib_imagem_06.jpg\"><\/p>\n<p>&nbsp;<\/p>\n<h4>Biblioteca<\/h4>\n<p><strong>14<\/strong> Fotos<\/p>\n<p>&nbsp;<\/p>\n<p><img decoding=\"async\" class=\"Thumb\" alt=\"Sala Multiuso\" src=\"\/wp-content\/uploads\/gallery\/sala-multiuso\/thumbs\/thumbs_sal_imagem02.jpg\"><\/p>\n<p>&nbsp;<\/p>\n<h4>Sala Multiuso<\/h4>\n<p><strong>2<\/strong> Fotos<\/p>\n<p>&nbsp;<\/p>\n<p><img decoding=\"async\" class=\"Thumb\" alt=\"Vag\u00e3o Oficina de V\u00eddeo\" src=\"\/wp-content\/uploads\/gallery\/vagao-oficina-de-video\/thumbs\/thumbs_ofi_imagem06.jpg\"><\/p>\n<p>&nbsp;<\/p>\n<h4>Vag\u00e3o Oficina de V\u00eddeo<\/h4>\n<p><strong>13<\/strong> Fotos<\/p>\n<p>&nbsp;<\/p>\n<p><img decoding=\"async\" class=\"Thumb\" alt=\"Vag\u00e3o dos Sentidos\" src=\"\/wp-content\/uploads\/gallery\/vagao-dos-sentidos\/thumbs\/thumbs_vag_imagem03.jpg\"><\/p>\n<p>&nbsp;<\/p>\n<h4>Vag\u00e3o dos Sentidos<\/h4>\n<p><strong>6<\/strong> Fotos<\/p>\n<p>&nbsp;<\/p>\n<p><img decoding=\"async\" class=\"Thumb\" alt=\"Vag\u00e3o Caf\u00e9\" src=\"\/wp-content\/uploads\/gallery\/vagao-cafe-mariana\/thumbs\/thumbs_caf_imagem10.JPG\"><\/p>\n<p>&nbsp;<\/p>\n<h4>Vag\u00e3o Caf\u00e9<\/h4>\n<p><strong>10<\/strong> Fotos<\/p>\n<p>&nbsp;<\/p>\n<p><img decoding=\"async\" class=\"Thumb\" alt=\"Espa\u00e7o Museogr\u00e1fico\" src=\"\/wp-content\/uploads\/gallery\/espaco-museografico\/thumbs\/thumbs_Est_imagem06.jpg\"><\/p>\n<p>&nbsp;<\/p>\n<h4>Espa\u00e7o Museogr\u00e1fico<\/h4>\n<p><strong>6<\/strong> Fotos<\/p>\n<p>&nbsp;<\/p>\n<h2>Esta\u00e7\u00e3o Vitorino Dias<\/h2>\n<p>&nbsp;<\/p>\n<p><img decoding=\"async\" class=\"Thumb\" alt=\"Vitorino Dias\" src=\"\/wp-content\/uploads\/gallery\/vitorino-dias\/thumbs\/thumbs_foto1.jpg\"><\/p>\n<p>&nbsp;<\/p>\n<h4>Vitorino Dias<\/h4>\n<p><strong>1<\/strong> Fotos<\/p>\n<p>&nbsp;<\/p>\n<h2>Esta\u00e7\u00e3o Passagem de Mariana<\/h2>\n<p>&nbsp;<\/p>\n<p><img decoding=\"async\" class=\"Thumb\" alt=\"Passagem de Mariana\" src=\"\/wp-content\/uploads\/gallery\/passagem-de-mariana\/thumbs\/thumbs_pmariana2.jpg\"><\/p>\n<p>&nbsp;<\/p>\n<h4>Passagem de Mariana<\/h4>\n<p><strong>4<\/strong> Fotos<\/p>\n<p>&nbsp;<\/p>\n<h2>Trem Tur\u00edstico<\/h2>\n<p>&nbsp;<\/p>\n<p><img decoding=\"async\" class=\"Thumb\" alt=\"Eixo Ferrovi\u00e1rio\" src=\"\/wp-content\/uploads\/gallery\/eixo-ferroviario\/thumbs\/thumbs_foto4.jpg\"><\/p>\n<p>&nbsp;<\/p>\n<h4>Eixo Ferrovi\u00e1rio<\/h4>\n<p><strong>5<\/strong> Fotos<\/p>\n<p>&nbsp;<\/p>\n<p><img decoding=\"async\" class=\"Thumb\" alt=\"Vag\u00f5es\" src=\"\/wp-content\/uploads\/gallery\/vagoes\/thumbs\/thumbs_foto4.jpg\"><\/p>\n<p>&nbsp;<\/p>\n<h4>Vag\u00f5es<\/h4>\n<p><strong>4<\/strong> Fotos<\/p>\n<p>&nbsp;<\/p>\n<h2>Atividades nas Esta\u00e7\u00f5es<\/h2>\n<p>&nbsp;<\/p>\n<p><img decoding=\"async\" class=\"Thumb\" alt=\"Atividades 2010\" src=\"\/wp-content\/uploads\/gallery\/atividades-em-janeiro-de-2010\/thumbs\/thumbs_trem-gratuito-no-festival-de-inverno.jpg\"><\/p>\n<p>&nbsp;<\/p>\n<h4>Atividades 2010<\/h4>\n<p><strong>56<\/strong> Fotos<\/p>\n<p>&nbsp;<\/p>\n<p><img decoding=\"async\" class=\"Thumb\" alt=\"Atividades 2011\" src=\"\/wp-content\/uploads\/gallery\/atividades-2011\/thumbs\/thumbs_entrada-principal-para-mina-300x199.jpg\"><\/p>\n<p>&nbsp;<\/p>\n<h4>Atividades 2011<\/h4>\n<p><strong>11<\/strong> Fotos<\/p>\n<p>&nbsp;<\/p>\n<p><img decoding=\"async\" class=\"Thumb\" alt=\"Atividades 2012\" src=\"\/wp-content\/uploads\/gallery\/atividades2012\/thumbs\/thumbs_atividades-2012-20.jpg\"><\/p>\n<p>&nbsp;<\/p>\n<h4>Atividades 2012<\/h4>\n<p><strong>20<\/strong> Fotos<\/p>\n<p>&nbsp;<\/p>\n<h4>Atividades 2013<\/h4>\n<p><strong>26<\/strong> Fotos<\/p>\n<p>&nbsp;<\/p>\n","protected":false},"excerpt":{"rendered":"<p>Esta\u00e7\u00e3o Ouro Preto &nbsp; &nbsp; Hall de Entrada 2 Fotos &nbsp; &nbsp; Sala UFOP 6 Fotos &nbsp; &nbsp; Sala da Maquete 4 Fotos &nbsp; &nbsp; Sala de Hist\u00f3rias 1 Fotos &nbsp; &nbsp; Vag\u00e3o Sonoro-Ambiental 4 Fotos &nbsp; &nbsp; Tenda Cultural 12 Fotos &nbsp; &nbsp; Vag\u00e3o Caf\u00e9 4 Fotos &nbsp; &nbsp; &hellip;<\/p>\n","protected":false},"author":1,"featured_media":0,"parent":0,"menu_order":0,"comment_status":"closed","ping_status":"closed","template":"","meta":{"footnotes":""},"class_list":["post-6","page","type-page","status-publish","hentry"],"yoast_head":"<!-- This site is optimized with the Yoast SEO plugin v26.1.1 - https:\/\/yoast.com\/wordpress\/plugins\/seo\/ -->\n<title>Fotos &#8212; Trem da Vale<\/title>\n<meta name=\"robots\" content=\"index, follow, max-snippet:-1, max-image-preview:large, max-video-preview:-1\" \/>\n<link rel=\"canonical\" href=\"https:\/\/tremdavale.org\/pt\/fotos\/\" \/>\n<meta property=\"og:locale\" content=\"pt_PT\" \/>\n<meta property=\"og:type\" content=\"article\" \/>\n<meta property=\"og:title\" content=\"Fotos &#8212; Trem da Vale\" \/>\n<meta property=\"og:description\" content=\"Esta\u00e7\u00e3o Ouro Preto &nbsp; &nbsp; Hall de Entrada 2 Fotos &nbsp; &nbsp; Sala UFOP 6 Fotos &nbsp; &nbsp; Sala da Maquete 4 Fotos &nbsp; &nbsp; Sala de Hist\u00f3rias 1 Fotos &nbsp; &nbsp; Vag\u00e3o Sonoro-Ambiental 4 Fotos &nbsp; &nbsp; Tenda Cultural 12 Fotos &nbsp; &nbsp; Vag\u00e3o Caf\u00e9 4 Fotos &nbsp; &nbsp; &hellip;\" \/>\n<meta property=\"og:url\" content=\"https:\/\/tremdavale.org\/pt\/fotos\/\" \/>\n<meta property=\"og:site_name\" content=\"Trem da Vale\" \/>\n<meta property=\"article:modified_time\" content=\"2025-10-10T11:57:00+00:00\" \/>\n<meta name=\"twitter:card\" content=\"summary_large_image\" \/>\n<meta name=\"twitter:label1\" content=\"Tempo estimado de leitura\" \/>\n\t<meta name=\"twitter:data1\" content=\"1 minuto\" \/>\n<script type=\"application\/ld+json\" class=\"yoast-schema-graph\">{\"@context\":\"https:\/\/schema.org\",\"@graph\":[{\"@type\":\"WebPage\",\"@id\":\"https:\/\/tremdavale.org\/pt\/fotos\/\",\"url\":\"https:\/\/tremdavale.org\/pt\/fotos\/\",\"name\":\"Fotos &#8212; Trem da Vale\",\"isPartOf\":{\"@id\":\"https:\/\/tremdavale.org\/pt\/#website\"},\"datePublished\":\"2009-02-07T01:14:00+00:00\",\"dateModified\":\"2025-10-10T11:57:00+00:00\",\"breadcrumb\":{\"@id\":\"https:\/\/tremdavale.org\/pt\/fotos\/#breadcrumb\"},\"inLanguage\":\"pt-PT\",\"potentialAction\":[{\"@type\":\"ReadAction\",\"target\":[\"https:\/\/tremdavale.org\/pt\/fotos\/\"]}]},{\"@type\":\"BreadcrumbList\",\"@id\":\"https:\/\/tremdavale.org\/pt\/fotos\/#breadcrumb\",\"itemListElement\":[{\"@type\":\"ListItem\",\"position\":1,\"name\":\"In\u00edcio\",\"item\":\"https:\/\/tremdavale.org\/pt\/\"},{\"@type\":\"ListItem\",\"position\":2,\"name\":\"Fotos\"}]},{\"@type\":\"WebSite\",\"@id\":\"https:\/\/tremdavale.org\/pt\/#website\",\"url\":\"https:\/\/tremdavale.org\/pt\/\",\"name\":\"Trem da Vale\",\"description\":\"Programa de Educa\u00e7\u00e3o Patrimonial\",\"potentialAction\":[{\"@type\":\"SearchAction\",\"target\":{\"@type\":\"EntryPoint\",\"urlTemplate\":\"https:\/\/tremdavale.org\/pt\/?s={search_term_string}\"},\"query-input\":{\"@type\":\"PropertyValueSpecification\",\"valueRequired\":true,\"valueName\":\"search_term_string\"}}],\"inLanguage\":\"pt-PT\"}]}<\/script>\n<!-- \/ Yoast SEO plugin. -->","yoast_head_json":{"title":"Fotos &#8212; Trem da Vale","robots":{"index":"index","follow":"follow","max-snippet":"max-snippet:-1","max-image-preview":"max-image-preview:large","max-video-preview":"max-video-preview:-1"},"canonical":"https:\/\/tremdavale.org\/pt\/fotos\/","og_locale":"pt_PT","og_type":"article","og_title":"Fotos &#8212; Trem da Vale","og_description":"Esta\u00e7\u00e3o Ouro Preto &nbsp; &nbsp; Hall de Entrada 2 Fotos &nbsp; &nbsp; Sala UFOP 6 Fotos &nbsp; &nbsp; Sala da Maquete 4 Fotos &nbsp; &nbsp; Sala de Hist\u00f3rias 1 Fotos &nbsp; &nbsp; Vag\u00e3o Sonoro-Ambiental 4 Fotos &nbsp; &nbsp; Tenda Cultural 12 Fotos &nbsp; &nbsp; Vag\u00e3o Caf\u00e9 4 Fotos &nbsp; &nbsp; &hellip;","og_url":"https:\/\/tremdavale.org\/pt\/fotos\/","og_site_name":"Trem da Vale","article_modified_time":"2025-10-10T11:57:00+00:00","twitter_card":"summary_large_image","twitter_misc":{"Tempo estimado de leitura":"1 minuto"},"schema":{"@context":"https:\/\/schema.org","@graph":[{"@type":"WebPage","@id":"https:\/\/tremdavale.org\/pt\/fotos\/","url":"https:\/\/tremdavale.org\/pt\/fotos\/","name":"Fotos &#8212; Trem da Vale","isPartOf":{"@id":"https:\/\/tremdavale.org\/pt\/#website"},"datePublished":"2009-02-07T01:14:00+00:00","dateModified":"2025-10-10T11:57:00+00:00","breadcrumb":{"@id":"https:\/\/tremdavale.org\/pt\/fotos\/#breadcrumb"},"inLanguage":"pt-PT","potentialAction":[{"@type":"ReadAction","target":["https:\/\/tremdavale.org\/pt\/fotos\/"]}]},{"@type":"BreadcrumbList","@id":"https:\/\/tremdavale.org\/pt\/fotos\/#breadcrumb","itemListElement":[{"@type":"ListItem","position":1,"name":"In\u00edcio","item":"https:\/\/tremdavale.org\/pt\/"},{"@type":"ListItem","position":2,"name":"Fotos"}]},{"@type":"WebSite","@id":"https:\/\/tremdavale.org\/pt\/#website","url":"https:\/\/tremdavale.org\/pt\/","name":"Trem da Vale","description":"Programa de Educa\u00e7\u00e3o Patrimonial","potentialAction":[{"@type":"SearchAction","target":{"@type":"EntryPoint","urlTemplate":"https:\/\/tremdavale.org\/pt\/?s={search_term_string}"},"query-input":{"@type":"PropertyValueSpecification","valueRequired":true,"valueName":"search_term_string"}}],"inLanguage":"pt-PT"}]}},"_links":{"self":[{"href":"https:\/\/tremdavale.org\/pt\/wp-json\/wp\/v2\/pages\/6","targetHints":{"allow":["GET"]}}],"collection":[{"href":"https:\/\/tremdavale.org\/pt\/wp-json\/wp\/v2\/pages"}],"about":[{"href":"https:\/\/tremdavale.org\/pt\/wp-json\/wp\/v2\/types\/page"}],"author":[{"embeddable":true,"href":"https:\/\/tremdavale.org\/pt\/wp-json\/wp\/v2\/users\/1"}],"replies":[{"embeddable":true,"href":"https:\/\/tremdavale.org\/pt\/wp-json\/wp\/v2\/comments?post=6"}],"version-history":[{"count":0,"href":"https:\/\/tremdavale.org\/pt\/wp-json\/wp\/v2\/pages\/6\/revisions"}],"wp:attachment":[{"href":"https:\/\/tremdavale.org\/pt\/wp-json\/wp\/v2\/media?parent=6"}],"curies":[{"name":"wp","href":"https:\/\/api.w.org\/{rel}","templated":true}]}}