{"id":8,"date":"2025-02-27T06:37:38","date_gmt":"2025-02-27T06:37:38","guid":{"rendered":"https:\/\/tremdavale.org\/?page_id=8"},"modified":"2025-10-10T11:57:00","modified_gmt":"2025-10-10T11:57:00","slug":"o-programa","status":"publish","type":"page","link":"https:\/\/tremdavale.org\/pt\/o-programa\/","title":{"rendered":"O Programa"},"content":{"rendered":"<p style=\"text-align: justify;\">O Programa abrange um conjunto estruturado, diversificado e integrado de a\u00e7\u00f5es culturais de impacto, voltadas para o conhecimento, o reconhecimento e a valoriza\u00e7\u00e3o do patrim\u00f4nio cultural e natural dos munic\u00edpios de Ouro Preto e Mariana.<\/p>\n<h2>Revitaliza\u00e7\u00e3o<\/h2>\n<p style=\"text-align: justify;\">O Programa revitalizou o trecho ferrovi\u00e1rio de 18km entre as duas cidades e todas as esta\u00e7\u00f5es do percurso \u2013 Ouro Preto, Mariana, Vitorino Dias e Passagem de Mariana, trazendo de volta aos trilhos a tradicional Maria-Fuma\u00e7a.<\/p>\n<p style=\"text-align: justify;\">Em sete anos de exist\u00eancia, o Programa de Educa\u00e7\u00e3o Patrimonial Trem da Vale efetuou, por meio de seus cursos, oficinas, eventos e demais atividades, al\u00e9m da viagem de trem e da visita aos espa\u00e7os culturais das esta\u00e7\u00f5es, cerca de 820 mil atendimentos.<\/p>\n<p style=\"text-align: justify;\"><span style=\"font-size: 13px; line-height: 19px;\">Al\u00e9m disso, empregou diretamente cerca de 800 profissionais \u2013 todos interagindo direta ou indiretamente com as a\u00e7\u00f5es do Programa, que se baseia na promo\u00e7\u00e3o do legado hist\u00f3rico-cultural das cidades da regi\u00e3o.<\/span><\/p>\n<p>&nbsp;<\/p>\n","protected":false},"excerpt":{"rendered":"<p>O Programa abrange um conjunto estruturado, diversificado e integrado de a\u00e7\u00f5es culturais de impacto, voltadas para o conhecimento, o reconhecimento e a valoriza\u00e7\u00e3o do patrim\u00f4nio cultural e natural dos munic\u00edpios de Ouro Preto e Mariana. Revitaliza\u00e7\u00e3o O Programa revitalizou o trecho ferrovi\u00e1rio de 18km entre as duas cidades e todas &hellip;<\/p>\n","protected":false},"author":1,"featured_media":0,"parent":0,"menu_order":0,"comment_status":"closed","ping_status":"closed","template":"","meta":{"footnotes":""},"class_list":["post-8","page","type-page","status-publish","hentry"],"yoast_head":"<!-- This site is optimized with the Yoast SEO plugin v26.1.1 - https:\/\/yoast.com\/wordpress\/plugins\/seo\/ -->\n<title>O Programa &#8212; Trem da Vale<\/title>\n<meta name=\"robots\" content=\"index, follow, max-snippet:-1, max-image-preview:large, max-video-preview:-1\" \/>\n<link rel=\"canonical\" href=\"https:\/\/tremdavale.org\/pt\/o-programa\/\" \/>\n<meta property=\"og:locale\" content=\"pt_PT\" \/>\n<meta property=\"og:type\" content=\"article\" \/>\n<meta property=\"og:title\" content=\"O Programa &#8212; Trem da Vale\" \/>\n<meta property=\"og:description\" content=\"O Programa abrange um conjunto estruturado, diversificado e integrado de a\u00e7\u00f5es culturais de impacto, voltadas para o conhecimento, o reconhecimento e a valoriza\u00e7\u00e3o do patrim\u00f4nio cultural e natural dos munic\u00edpios de Ouro Preto e Mariana. Revitaliza\u00e7\u00e3o O Programa revitalizou o trecho ferrovi\u00e1rio de 18km entre as duas cidades e todas &hellip;\" \/>\n<meta property=\"og:url\" content=\"https:\/\/tremdavale.org\/pt\/o-programa\/\" \/>\n<meta property=\"og:site_name\" content=\"Trem da Vale\" \/>\n<meta property=\"article:modified_time\" content=\"2025-10-10T11:57:00+00:00\" \/>\n<meta name=\"twitter:card\" content=\"summary_large_image\" \/>\n<meta name=\"twitter:label1\" content=\"Tempo estimado de leitura\" \/>\n\t<meta name=\"twitter:data1\" content=\"1 minuto\" \/>\n<script type=\"application\/ld+json\" class=\"yoast-schema-graph\">{\"@context\":\"https:\/\/schema.org\",\"@graph\":[{\"@type\":\"WebPage\",\"@id\":\"https:\/\/tremdavale.org\/pt\/o-programa\/\",\"url\":\"https:\/\/tremdavale.org\/pt\/o-programa\/\",\"name\":\"O Programa &#8212; Trem da Vale\",\"isPartOf\":{\"@id\":\"https:\/\/tremdavale.org\/pt\/#website\"},\"datePublished\":\"2025-02-27T06:37:38+00:00\",\"dateModified\":\"2025-10-10T11:57:00+00:00\",\"breadcrumb\":{\"@id\":\"https:\/\/tremdavale.org\/pt\/o-programa\/#breadcrumb\"},\"inLanguage\":\"pt-PT\",\"potentialAction\":[{\"@type\":\"ReadAction\",\"target\":[\"https:\/\/tremdavale.org\/pt\/o-programa\/\"]}]},{\"@type\":\"BreadcrumbList\",\"@id\":\"https:\/\/tremdavale.org\/pt\/o-programa\/#breadcrumb\",\"itemListElement\":[{\"@type\":\"ListItem\",\"position\":1,\"name\":\"In\u00edcio\",\"item\":\"https:\/\/tremdavale.org\/pt\/\"},{\"@type\":\"ListItem\",\"position\":2,\"name\":\"O Programa\"}]},{\"@type\":\"WebSite\",\"@id\":\"https:\/\/tremdavale.org\/pt\/#website\",\"url\":\"https:\/\/tremdavale.org\/pt\/\",\"name\":\"Trem da Vale\",\"description\":\"Programa de Educa\u00e7\u00e3o Patrimonial\",\"potentialAction\":[{\"@type\":\"SearchAction\",\"target\":{\"@type\":\"EntryPoint\",\"urlTemplate\":\"https:\/\/tremdavale.org\/pt\/?s={search_term_string}\"},\"query-input\":{\"@type\":\"PropertyValueSpecification\",\"valueRequired\":true,\"valueName\":\"search_term_string\"}}],\"inLanguage\":\"pt-PT\"}]}<\/script>\n<!-- \/ Yoast SEO plugin. -->","yoast_head_json":{"title":"O Programa &#8212; Trem da Vale","robots":{"index":"index","follow":"follow","max-snippet":"max-snippet:-1","max-image-preview":"max-image-preview:large","max-video-preview":"max-video-preview:-1"},"canonical":"https:\/\/tremdavale.org\/pt\/o-programa\/","og_locale":"pt_PT","og_type":"article","og_title":"O Programa &#8212; Trem da Vale","og_description":"O Programa abrange um conjunto estruturado, diversificado e integrado de a\u00e7\u00f5es culturais de impacto, voltadas para o conhecimento, o reconhecimento e a valoriza\u00e7\u00e3o do patrim\u00f4nio cultural e natural dos munic\u00edpios de Ouro Preto e Mariana. Revitaliza\u00e7\u00e3o O Programa revitalizou o trecho ferrovi\u00e1rio de 18km entre as duas cidades e todas &hellip;","og_url":"https:\/\/tremdavale.org\/pt\/o-programa\/","og_site_name":"Trem da Vale","article_modified_time":"2025-10-10T11:57:00+00:00","twitter_card":"summary_large_image","twitter_misc":{"Tempo estimado de leitura":"1 minuto"},"schema":{"@context":"https:\/\/schema.org","@graph":[{"@type":"WebPage","@id":"https:\/\/tremdavale.org\/pt\/o-programa\/","url":"https:\/\/tremdavale.org\/pt\/o-programa\/","name":"O Programa &#8212; Trem da Vale","isPartOf":{"@id":"https:\/\/tremdavale.org\/pt\/#website"},"datePublished":"2025-02-27T06:37:38+00:00","dateModified":"2025-10-10T11:57:00+00:00","breadcrumb":{"@id":"https:\/\/tremdavale.org\/pt\/o-programa\/#breadcrumb"},"inLanguage":"pt-PT","potentialAction":[{"@type":"ReadAction","target":["https:\/\/tremdavale.org\/pt\/o-programa\/"]}]},{"@type":"BreadcrumbList","@id":"https:\/\/tremdavale.org\/pt\/o-programa\/#breadcrumb","itemListElement":[{"@type":"ListItem","position":1,"name":"In\u00edcio","item":"https:\/\/tremdavale.org\/pt\/"},{"@type":"ListItem","position":2,"name":"O Programa"}]},{"@type":"WebSite","@id":"https:\/\/tremdavale.org\/pt\/#website","url":"https:\/\/tremdavale.org\/pt\/","name":"Trem da Vale","description":"Programa de Educa\u00e7\u00e3o Patrimonial","potentialAction":[{"@type":"SearchAction","target":{"@type":"EntryPoint","urlTemplate":"https:\/\/tremdavale.org\/pt\/?s={search_term_string}"},"query-input":{"@type":"PropertyValueSpecification","valueRequired":true,"valueName":"search_term_string"}}],"inLanguage":"pt-PT"}]}},"_links":{"self":[{"href":"https:\/\/tremdavale.org\/pt\/wp-json\/wp\/v2\/pages\/8","targetHints":{"allow":["GET"]}}],"collection":[{"href":"https:\/\/tremdavale.org\/pt\/wp-json\/wp\/v2\/pages"}],"about":[{"href":"https:\/\/tremdavale.org\/pt\/wp-json\/wp\/v2\/types\/page"}],"author":[{"embeddable":true,"href":"https:\/\/tremdavale.org\/pt\/wp-json\/wp\/v2\/users\/1"}],"replies":[{"embeddable":true,"href":"https:\/\/tremdavale.org\/pt\/wp-json\/wp\/v2\/comments?post=8"}],"version-history":[{"count":0,"href":"https:\/\/tremdavale.org\/pt\/wp-json\/wp\/v2\/pages\/8\/revisions"}],"wp:attachment":[{"href":"https:\/\/tremdavale.org\/pt\/wp-json\/wp\/v2\/media?parent=8"}],"curies":[{"name":"wp","href":"https:\/\/api.w.org\/{rel}","templated":true}]}}